{"id":10731,"date":"2020-04-18T16:51:58","date_gmt":"2020-04-18T14:51:58","guid":{"rendered":"https:\/\/danse-classique.com\/?page_id=10731"},"modified":"2020-04-18T17:25:22","modified_gmt":"2020-04-18T15:25:22","slug":"gala_2019_24defilesaluts","status":"publish","type":"page","link":"https:\/\/danse-classique.com\/index.php\/galerie-photos\/photos_galas\/photos_gala_2019\/photos_gala_2019_partie1\/gala_2019_24defilesaluts\/","title":{"rendered":"Gala_2019_24defileSaluts"},"content":{"rendered":"<div class=\"et_d4_element et_pb_section et_pb_section_0  et_pb_css_mix_blend_mode et_section_regular et_block_section\" >\n\t\t\t\t\n\t\t\t\t\n\t\t\t\t\n\t\t\t\t\n\t\t\t\t\n\t\t\t\t\n\t\t\t\t<div class=\"et_d4_element et_pb_row et_pb_row_0  et_pb_css_mix_blend_mode et_block_row\">\n\t\t\t\t<div class=\"et_d4_element et_pb_column_4_4 et_pb_column et_pb_column_0  et_pb_css_mix_blend_mode et-last-child et_block_column\">\n\t\t\t\t\n\t\t\t\t\n\t\t\t\t\n\t\t\t\t\n\t\t\t\t<div class=\"et_pb_module et_d4_element et_pb_code et_pb_code_0\">\n\t\t\t\t\n\t\t\t\t\n\t\t\t\t\n\t\t\t\t\n\t\t\t\t<div class=\"et_pb_code_inner\"><span><span><a href=\"https:\/\/danse-classique.com\/\">Accueil<\/a><\/span><\/span>\n<\/div>\n\t\t\t<\/div><div class=\"et_pb_module et_d4_element et_pb_text et_pb_text_0  et_pb_text_align_left et_pb_bg_layout_light\">\n\t\t\t\t\n\t\t\t\t\n\t\t\t\t\n\t\t\t\t\n\t\t\t\t<div class=\"et_pb_text_inner\"><p style=\"text-align: center;\"><span style=\"font-family: 'arial black', sans-serif; font-size: 14pt;\">Gala 2019 : Titanic -\u00a0 \"<\/span><span style=\"font-family: 'arial black', sans-serif; font-size: 18.6667px;\">D\u00e9fil\u00e9 1\u00e8re partie<\/span><span style=\"font-family: 'arial black', sans-serif; font-size: 14pt;\">\"<\/span><\/p><\/div>\n\t\t\t<\/div><div class=\"et_pb_module et_d4_element et_pb_gallery et_pb_gallery_0 et_animated  et_pb_bg_layout_light et_pb_gallery_grid\">\n\t\t\t\t<div class=\"et_pb_gallery_items et_pb_grid_items et_post_gallery clearfix\" data-per_page=\"12\"><div class=\"et_pb_gallery_item et_pb_grid_item et_pb_bg_layout_light et_pb_css_mix_blend_mode et_pb_gallery_item_0_0\"><div class=\"et_pb_gallery_image landscape\">\n\t\t\t\t\t<a href=\"https:\/\/danse-classique.com\/wp-content\/uploads\/Photos_Galas\/Gala_2019\/Gala_2019_Part1\/24_defile\/P4527.jpg\" title=\"P4527\">\n\t\t\t\t\t<img loading=\"lazy\" decoding=\"async\" width=\"400\" height=\"284\" src=\"https:\/\/danse-classique.com\/wp-content\/uploads\/Photos_Galas\/Gala_2019\/Gala_2019_Part1\/24_defile\/P4527-400x284.jpg\" srcset=\"https:\/\/danse-classique.com\/wp-content\/uploads\/Photos_Galas\/Gala_2019\/Gala_2019_Part1\/24_defile\/P4527.jpg 479w, https:\/\/danse-classique.com\/wp-content\/uploads\/Photos_Galas\/Gala_2019\/Gala_2019_Part1\/24_defile\/P4527-400x284.jpg 480w\" sizes=\"(max-width:479px) 479px, 100vw\" class=\"wp-image-10605\" \/>\n\t\t\t\t\t<span class=\"et_overlay\"><\/span>\n\t\t\t\t<\/a>\n\t\t\t\t<\/div><\/div><div class=\"et_pb_gallery_item et_pb_grid_item et_pb_bg_layout_light et_pb_css_mix_blend_mode et_pb_gallery_item_0_1\"><div class=\"et_pb_gallery_image landscape\">\n\t\t\t\t\t<a href=\"https:\/\/danse-classique.com\/wp-content\/uploads\/Photos_Galas\/Gala_2019\/Gala_2019_Part1\/24_defile\/P4526.jpg\" title=\"P4526\">\n\t\t\t\t\t<img loading=\"lazy\" decoding=\"async\" width=\"400\" height=\"284\" src=\"https:\/\/danse-classique.com\/wp-content\/uploads\/Photos_Galas\/Gala_2019\/Gala_2019_Part1\/24_defile\/P4526-400x284.jpg\" srcset=\"https:\/\/danse-classique.com\/wp-content\/uploads\/Photos_Galas\/Gala_2019\/Gala_2019_Part1\/24_defile\/P4526.jpg 479w, https:\/\/danse-classique.com\/wp-content\/uploads\/Photos_Galas\/Gala_2019\/Gala_2019_Part1\/24_defile\/P4526-400x284.jpg 480w\" sizes=\"(max-width:479px) 479px, 100vw\" class=\"wp-image-10601\" \/>\n\t\t\t\t\t<span class=\"et_overlay\"><\/span>\n\t\t\t\t<\/a>\n\t\t\t\t<\/div><\/div><div class=\"et_pb_gallery_item et_pb_grid_item et_pb_bg_layout_light et_pb_css_mix_blend_mode et_pb_gallery_item_0_2\"><div class=\"et_pb_gallery_image landscape\">\n\t\t\t\t\t<a href=\"https:\/\/danse-classique.com\/wp-content\/uploads\/Photos_Galas\/Gala_2019\/Gala_2019_Part1\/24_defile\/P4520.jpg\" title=\"P4520\">\n\t\t\t\t\t<img loading=\"lazy\" decoding=\"async\" width=\"400\" height=\"284\" src=\"https:\/\/danse-classique.com\/wp-content\/uploads\/Photos_Galas\/Gala_2019\/Gala_2019_Part1\/24_defile\/P4520-400x284.jpg\" srcset=\"https:\/\/danse-classique.com\/wp-content\/uploads\/Photos_Galas\/Gala_2019\/Gala_2019_Part1\/24_defile\/P4520.jpg 479w, https:\/\/danse-classique.com\/wp-content\/uploads\/Photos_Galas\/Gala_2019\/Gala_2019_Part1\/24_defile\/P4520-400x284.jpg 480w\" sizes=\"(max-width:479px) 479px, 100vw\" class=\"wp-image-10599\" \/>\n\t\t\t\t\t<span class=\"et_overlay\"><\/span>\n\t\t\t\t<\/a>\n\t\t\t\t<\/div><\/div><div class=\"et_pb_gallery_item et_pb_grid_item et_pb_bg_layout_light et_pb_css_mix_blend_mode et_pb_gallery_item_0_3\"><div class=\"et_pb_gallery_image landscape\">\n\t\t\t\t\t<a href=\"https:\/\/danse-classique.com\/wp-content\/uploads\/Photos_Galas\/Gala_2019\/Gala_2019_Part1\/24_defile\/P4525.jpg\" title=\"P4525\">\n\t\t\t\t\t<img loading=\"lazy\" decoding=\"async\" width=\"400\" height=\"284\" src=\"https:\/\/danse-classique.com\/wp-content\/uploads\/Photos_Galas\/Gala_2019\/Gala_2019_Part1\/24_defile\/P4525-400x284.jpg\" srcset=\"https:\/\/danse-classique.com\/wp-content\/uploads\/Photos_Galas\/Gala_2019\/Gala_2019_Part1\/24_defile\/P4525.jpg 479w, https:\/\/danse-classique.com\/wp-content\/uploads\/Photos_Galas\/Gala_2019\/Gala_2019_Part1\/24_defile\/P4525-400x284.jpg 480w\" sizes=\"(max-width:479px) 479px, 100vw\" class=\"wp-image-10598\" \/>\n\t\t\t\t\t<span class=\"et_overlay\"><\/span>\n\t\t\t\t<\/a>\n\t\t\t\t<\/div><\/div><div class=\"et_pb_gallery_item et_pb_grid_item et_pb_bg_layout_light et_pb_css_mix_blend_mode et_pb_gallery_item_0_4\"><div class=\"et_pb_gallery_image landscape\">\n\t\t\t\t\t<a href=\"https:\/\/danse-classique.com\/wp-content\/uploads\/Photos_Galas\/Gala_2019\/Gala_2019_Part1\/24_defile\/P4521.jpg\" title=\"P4521\">\n\t\t\t\t\t<img loading=\"lazy\" decoding=\"async\" width=\"400\" height=\"284\" src=\"https:\/\/danse-classique.com\/wp-content\/uploads\/Photos_Galas\/Gala_2019\/Gala_2019_Part1\/24_defile\/P4521-400x284.jpg\" srcset=\"https:\/\/danse-classique.com\/wp-content\/uploads\/Photos_Galas\/Gala_2019\/Gala_2019_Part1\/24_defile\/P4521.jpg 479w, https:\/\/danse-classique.com\/wp-content\/uploads\/Photos_Galas\/Gala_2019\/Gala_2019_Part1\/24_defile\/P4521-400x284.jpg 480w\" sizes=\"(max-width:479px) 479px, 100vw\" class=\"wp-image-10597\" \/>\n\t\t\t\t\t<span class=\"et_overlay\"><\/span>\n\t\t\t\t<\/a>\n\t\t\t\t<\/div><\/div><div class=\"et_pb_gallery_item et_pb_grid_item et_pb_bg_layout_light et_pb_css_mix_blend_mode et_pb_gallery_item_0_5\"><div class=\"et_pb_gallery_image landscape\">\n\t\t\t\t\t<a href=\"https:\/\/danse-classique.com\/wp-content\/uploads\/Photos_Galas\/Gala_2019\/Gala_2019_Part1\/24_defile\/P4523.jpg\" title=\"P4523\">\n\t\t\t\t\t<img loading=\"lazy\" decoding=\"async\" width=\"400\" height=\"284\" src=\"https:\/\/danse-classique.com\/wp-content\/uploads\/Photos_Galas\/Gala_2019\/Gala_2019_Part1\/24_defile\/P4523-400x284.jpg\" srcset=\"https:\/\/danse-classique.com\/wp-content\/uploads\/Photos_Galas\/Gala_2019\/Gala_2019_Part1\/24_defile\/P4523.jpg 479w, https:\/\/danse-classique.com\/wp-content\/uploads\/Photos_Galas\/Gala_2019\/Gala_2019_Part1\/24_defile\/P4523-400x284.jpg 480w\" sizes=\"(max-width:479px) 479px, 100vw\" class=\"wp-image-10596\" \/>\n\t\t\t\t\t<span class=\"et_overlay\"><\/span>\n\t\t\t\t<\/a>\n\t\t\t\t<\/div><\/div><div class=\"et_pb_gallery_item et_pb_grid_item et_pb_bg_layout_light et_pb_css_mix_blend_mode et_pb_gallery_item_0_6\"><div class=\"et_pb_gallery_image landscape\">\n\t\t\t\t\t<a href=\"https:\/\/danse-classique.com\/wp-content\/uploads\/Photos_Galas\/Gala_2019\/Gala_2019_Part1\/24_defile\/P4524.jpg\" title=\"P4524\">\n\t\t\t\t\t<img loading=\"lazy\" decoding=\"async\" width=\"400\" height=\"284\" src=\"https:\/\/danse-classique.com\/wp-content\/uploads\/Photos_Galas\/Gala_2019\/Gala_2019_Part1\/24_defile\/P4524-400x284.jpg\" srcset=\"https:\/\/danse-classique.com\/wp-content\/uploads\/Photos_Galas\/Gala_2019\/Gala_2019_Part1\/24_defile\/P4524.jpg 479w, https:\/\/danse-classique.com\/wp-content\/uploads\/Photos_Galas\/Gala_2019\/Gala_2019_Part1\/24_defile\/P4524-400x284.jpg 480w\" sizes=\"(max-width:479px) 479px, 100vw\" class=\"wp-image-10595\" \/>\n\t\t\t\t\t<span class=\"et_overlay\"><\/span>\n\t\t\t\t<\/a>\n\t\t\t\t<\/div><\/div><div class=\"et_pb_gallery_item et_pb_grid_item et_pb_bg_layout_light et_pb_css_mix_blend_mode et_pb_gallery_item_0_7\"><div class=\"et_pb_gallery_image landscape\">\n\t\t\t\t\t<a href=\"https:\/\/danse-classique.com\/wp-content\/uploads\/Photos_Galas\/Gala_2019\/Gala_2019_Part1\/24_defile\/P4522.jpg\" title=\"P4522\">\n\t\t\t\t\t<img loading=\"lazy\" decoding=\"async\" width=\"400\" height=\"284\" src=\"https:\/\/danse-classique.com\/wp-content\/uploads\/Photos_Galas\/Gala_2019\/Gala_2019_Part1\/24_defile\/P4522-400x284.jpg\" srcset=\"https:\/\/danse-classique.com\/wp-content\/uploads\/Photos_Galas\/Gala_2019\/Gala_2019_Part1\/24_defile\/P4522.jpg 479w, https:\/\/danse-classique.com\/wp-content\/uploads\/Photos_Galas\/Gala_2019\/Gala_2019_Part1\/24_defile\/P4522-400x284.jpg 480w\" sizes=\"(max-width:479px) 479px, 100vw\" class=\"wp-image-10594\" \/>\n\t\t\t\t\t<span class=\"et_overlay\"><\/span>\n\t\t\t\t<\/a>\n\t\t\t\t<\/div><\/div><div class=\"et_pb_gallery_item et_pb_grid_item et_pb_bg_layout_light et_pb_css_mix_blend_mode et_pb_gallery_item_0_8\"><div class=\"et_pb_gallery_image landscape\">\n\t\t\t\t\t<a href=\"https:\/\/danse-classique.com\/wp-content\/uploads\/Photos_Galas\/Gala_2019\/Gala_2019_Part1\/24_defile\/P4519.jpg\" title=\"P4519\">\n\t\t\t\t\t<img loading=\"lazy\" decoding=\"async\" width=\"400\" height=\"284\" src=\"https:\/\/danse-classique.com\/wp-content\/uploads\/Photos_Galas\/Gala_2019\/Gala_2019_Part1\/24_defile\/P4519-400x284.jpg\" srcset=\"https:\/\/danse-classique.com\/wp-content\/uploads\/Photos_Galas\/Gala_2019\/Gala_2019_Part1\/24_defile\/P4519.jpg 479w, https:\/\/danse-classique.com\/wp-content\/uploads\/Photos_Galas\/Gala_2019\/Gala_2019_Part1\/24_defile\/P4519-400x284.jpg 480w\" sizes=\"(max-width:479px) 479px, 100vw\" class=\"wp-image-10593\" \/>\n\t\t\t\t\t<span class=\"et_overlay\"><\/span>\n\t\t\t\t<\/a>\n\t\t\t\t<\/div><\/div><div class=\"et_pb_gallery_item et_pb_grid_item et_pb_bg_layout_light et_pb_css_mix_blend_mode et_pb_gallery_item_0_9\"><div class=\"et_pb_gallery_image landscape\">\n\t\t\t\t\t<a href=\"https:\/\/danse-classique.com\/wp-content\/uploads\/Photos_Galas\/Gala_2019\/Gala_2019_Part1\/24_defile\/P4517.jpg\" title=\"P4517\">\n\t\t\t\t\t<img loading=\"lazy\" decoding=\"async\" width=\"400\" height=\"284\" src=\"https:\/\/danse-classique.com\/wp-content\/uploads\/Photos_Galas\/Gala_2019\/Gala_2019_Part1\/24_defile\/P4517-400x284.jpg\" srcset=\"https:\/\/danse-classique.com\/wp-content\/uploads\/Photos_Galas\/Gala_2019\/Gala_2019_Part1\/24_defile\/P4517.jpg 479w, https:\/\/danse-classique.com\/wp-content\/uploads\/Photos_Galas\/Gala_2019\/Gala_2019_Part1\/24_defile\/P4517-400x284.jpg 480w\" sizes=\"(max-width:479px) 479px, 100vw\" class=\"wp-image-10592\" \/>\n\t\t\t\t\t<span class=\"et_overlay\"><\/span>\n\t\t\t\t<\/a>\n\t\t\t\t<\/div><\/div><div class=\"et_pb_gallery_item et_pb_grid_item et_pb_bg_layout_light et_pb_css_mix_blend_mode et_pb_gallery_item_0_10\"><div class=\"et_pb_gallery_image landscape\">\n\t\t\t\t\t<a href=\"https:\/\/danse-classique.com\/wp-content\/uploads\/Photos_Galas\/Gala_2019\/Gala_2019_Part1\/24_defile\/P4516.jpg\" title=\"P4516\">\n\t\t\t\t\t<img loading=\"lazy\" decoding=\"async\" width=\"400\" height=\"284\" src=\"https:\/\/danse-classique.com\/wp-content\/uploads\/Photos_Galas\/Gala_2019\/Gala_2019_Part1\/24_defile\/P4516-400x284.jpg\" srcset=\"https:\/\/danse-classique.com\/wp-content\/uploads\/Photos_Galas\/Gala_2019\/Gala_2019_Part1\/24_defile\/P4516.jpg 479w, https:\/\/danse-classique.com\/wp-content\/uploads\/Photos_Galas\/Gala_2019\/Gala_2019_Part1\/24_defile\/P4516-400x284.jpg 480w\" sizes=\"(max-width:479px) 479px, 100vw\" class=\"wp-image-10591\" \/>\n\t\t\t\t\t<span class=\"et_overlay\"><\/span>\n\t\t\t\t<\/a>\n\t\t\t\t<\/div><\/div><div class=\"et_pb_gallery_item et_pb_grid_item et_pb_bg_layout_light et_pb_css_mix_blend_mode et_pb_gallery_item_0_11\"><div class=\"et_pb_gallery_image landscape\">\n\t\t\t\t\t<a href=\"https:\/\/danse-classique.com\/wp-content\/uploads\/Photos_Galas\/Gala_2019\/Gala_2019_Part1\/24_defile\/P4513.jpg\" title=\"P4513\">\n\t\t\t\t\t<img loading=\"lazy\" decoding=\"async\" width=\"400\" height=\"284\" src=\"https:\/\/danse-classique.com\/wp-content\/uploads\/Photos_Galas\/Gala_2019\/Gala_2019_Part1\/24_defile\/P4513-400x284.jpg\" srcset=\"https:\/\/danse-classique.com\/wp-content\/uploads\/Photos_Galas\/Gala_2019\/Gala_2019_Part1\/24_defile\/P4513.jpg 479w, https:\/\/danse-classique.com\/wp-content\/uploads\/Photos_Galas\/Gala_2019\/Gala_2019_Part1\/24_defile\/P4513-400x284.jpg 480w\" sizes=\"(max-width:479px) 479px, 100vw\" class=\"wp-image-10590\" \/>\n\t\t\t\t\t<span class=\"et_overlay\"><\/span>\n\t\t\t\t<\/a>\n\t\t\t\t<\/div><\/div><div class=\"et_pb_gallery_item et_pb_grid_item et_pb_bg_layout_light et_pb_css_mix_blend_mode et_pb_gallery_item_0_12\"><div class=\"et_pb_gallery_image landscape\">\n\t\t\t\t\t<a href=\"https:\/\/danse-classique.com\/wp-content\/uploads\/Photos_Galas\/Gala_2019\/Gala_2019_Part1\/24_defile\/P4518.jpg\" title=\"P4518\">\n\t\t\t\t\t<img loading=\"lazy\" decoding=\"async\" width=\"400\" height=\"284\" src=\"https:\/\/danse-classique.com\/wp-content\/uploads\/Photos_Galas\/Gala_2019\/Gala_2019_Part1\/24_defile\/P4518-400x284.jpg\" srcset=\"https:\/\/danse-classique.com\/wp-content\/uploads\/Photos_Galas\/Gala_2019\/Gala_2019_Part1\/24_defile\/P4518.jpg 479w, https:\/\/danse-classique.com\/wp-content\/uploads\/Photos_Galas\/Gala_2019\/Gala_2019_Part1\/24_defile\/P4518-400x284.jpg 480w\" sizes=\"(max-width:479px) 479px, 100vw\" class=\"wp-image-10589\" \/>\n\t\t\t\t\t<span class=\"et_overlay\"><\/span>\n\t\t\t\t<\/a>\n\t\t\t\t<\/div><\/div><div class=\"et_pb_gallery_item et_pb_grid_item et_pb_bg_layout_light et_pb_css_mix_blend_mode et_pb_gallery_item_0_13\"><div class=\"et_pb_gallery_image landscape\">\n\t\t\t\t\t<a href=\"https:\/\/danse-classique.com\/wp-content\/uploads\/Photos_Galas\/Gala_2019\/Gala_2019_Part1\/24_defile\/P4515.jpg\" title=\"P4515\">\n\t\t\t\t\t<img loading=\"lazy\" decoding=\"async\" width=\"400\" height=\"284\" src=\"https:\/\/danse-classique.com\/wp-content\/uploads\/Photos_Galas\/Gala_2019\/Gala_2019_Part1\/24_defile\/P4515-400x284.jpg\" srcset=\"https:\/\/danse-classique.com\/wp-content\/uploads\/Photos_Galas\/Gala_2019\/Gala_2019_Part1\/24_defile\/P4515.jpg 479w, https:\/\/danse-classique.com\/wp-content\/uploads\/Photos_Galas\/Gala_2019\/Gala_2019_Part1\/24_defile\/P4515-400x284.jpg 480w\" sizes=\"(max-width:479px) 479px, 100vw\" class=\"wp-image-10588\" \/>\n\t\t\t\t\t<span class=\"et_overlay\"><\/span>\n\t\t\t\t<\/a>\n\t\t\t\t<\/div><\/div><div class=\"et_pb_gallery_item et_pb_grid_item et_pb_bg_layout_light et_pb_css_mix_blend_mode et_pb_gallery_item_0_14\"><div class=\"et_pb_gallery_image landscape\">\n\t\t\t\t\t<a href=\"https:\/\/danse-classique.com\/wp-content\/uploads\/Photos_Galas\/Gala_2019\/Gala_2019_Part1\/24_defile\/P4514.jpg\" title=\"P4514\">\n\t\t\t\t\t<img loading=\"lazy\" decoding=\"async\" width=\"400\" height=\"284\" src=\"https:\/\/danse-classique.com\/wp-content\/uploads\/Photos_Galas\/Gala_2019\/Gala_2019_Part1\/24_defile\/P4514-400x284.jpg\" srcset=\"https:\/\/danse-classique.com\/wp-content\/uploads\/Photos_Galas\/Gala_2019\/Gala_2019_Part1\/24_defile\/P4514.jpg 479w, https:\/\/danse-classique.com\/wp-content\/uploads\/Photos_Galas\/Gala_2019\/Gala_2019_Part1\/24_defile\/P4514-400x284.jpg 480w\" sizes=\"(max-width:479px) 479px, 100vw\" class=\"wp-image-10587\" \/>\n\t\t\t\t\t<span class=\"et_overlay\"><\/span>\n\t\t\t\t<\/a>\n\t\t\t\t<\/div><\/div><div class=\"et_pb_gallery_item et_pb_grid_item et_pb_bg_layout_light et_pb_css_mix_blend_mode et_pb_gallery_item_0_15\"><div class=\"et_pb_gallery_image landscape\">\n\t\t\t\t\t<a href=\"https:\/\/danse-classique.com\/wp-content\/uploads\/Photos_Galas\/Gala_2019\/Gala_2019_Part1\/24_defile\/P4512.jpg\" title=\"P4512\">\n\t\t\t\t\t<img loading=\"lazy\" decoding=\"async\" width=\"400\" height=\"284\" src=\"https:\/\/danse-classique.com\/wp-content\/uploads\/Photos_Galas\/Gala_2019\/Gala_2019_Part1\/24_defile\/P4512-400x284.jpg\" srcset=\"https:\/\/danse-classique.com\/wp-content\/uploads\/Photos_Galas\/Gala_2019\/Gala_2019_Part1\/24_defile\/P4512.jpg 479w, https:\/\/danse-classique.com\/wp-content\/uploads\/Photos_Galas\/Gala_2019\/Gala_2019_Part1\/24_defile\/P4512-400x284.jpg 480w\" sizes=\"(max-width:479px) 479px, 100vw\" class=\"wp-image-10586\" \/>\n\t\t\t\t\t<span class=\"et_overlay\"><\/span>\n\t\t\t\t<\/a>\n\t\t\t\t<\/div><\/div><div class=\"et_pb_gallery_item et_pb_grid_item et_pb_bg_layout_light et_pb_css_mix_blend_mode et_pb_gallery_item_0_16\"><div class=\"et_pb_gallery_image landscape\">\n\t\t\t\t\t<a href=\"https:\/\/danse-classique.com\/wp-content\/uploads\/Photos_Galas\/Gala_2019\/Gala_2019_Part1\/24_defile\/P4505.jpg\" title=\"P4505\">\n\t\t\t\t\t<img loading=\"lazy\" decoding=\"async\" width=\"400\" height=\"284\" src=\"https:\/\/danse-classique.com\/wp-content\/uploads\/Photos_Galas\/Gala_2019\/Gala_2019_Part1\/24_defile\/P4505-400x284.jpg\" srcset=\"https:\/\/danse-classique.com\/wp-content\/uploads\/Photos_Galas\/Gala_2019\/Gala_2019_Part1\/24_defile\/P4505.jpg 479w, https:\/\/danse-classique.com\/wp-content\/uploads\/Photos_Galas\/Gala_2019\/Gala_2019_Part1\/24_defile\/P4505-400x284.jpg 480w\" sizes=\"(max-width:479px) 479px, 100vw\" class=\"wp-image-10585\" \/>\n\t\t\t\t\t<span class=\"et_overlay\"><\/span>\n\t\t\t\t<\/a>\n\t\t\t\t<\/div><\/div><div class=\"et_pb_gallery_item et_pb_grid_item et_pb_bg_layout_light et_pb_css_mix_blend_mode et_pb_gallery_item_0_17\"><div class=\"et_pb_gallery_image landscape\">\n\t\t\t\t\t<a href=\"https:\/\/danse-classique.com\/wp-content\/uploads\/Photos_Galas\/Gala_2019\/Gala_2019_Part1\/24_defile\/P4506.jpg\" title=\"P4506\">\n\t\t\t\t\t<img loading=\"lazy\" decoding=\"async\" width=\"400\" height=\"284\" src=\"https:\/\/danse-classique.com\/wp-content\/uploads\/Photos_Galas\/Gala_2019\/Gala_2019_Part1\/24_defile\/P4506-400x284.jpg\" srcset=\"https:\/\/danse-classique.com\/wp-content\/uploads\/Photos_Galas\/Gala_2019\/Gala_2019_Part1\/24_defile\/P4506.jpg 479w, https:\/\/danse-classique.com\/wp-content\/uploads\/Photos_Galas\/Gala_2019\/Gala_2019_Part1\/24_defile\/P4506-400x284.jpg 480w\" sizes=\"(max-width:479px) 479px, 100vw\" class=\"wp-image-10584\" \/>\n\t\t\t\t\t<span class=\"et_overlay\"><\/span>\n\t\t\t\t<\/a>\n\t\t\t\t<\/div><\/div><div class=\"et_pb_gallery_item et_pb_grid_item et_pb_bg_layout_light et_pb_css_mix_blend_mode et_pb_gallery_item_0_18\"><div class=\"et_pb_gallery_image landscape\">\n\t\t\t\t\t<a href=\"https:\/\/danse-classique.com\/wp-content\/uploads\/Photos_Galas\/Gala_2019\/Gala_2019_Part1\/24_defile\/P4510.jpg\" title=\"P4510\">\n\t\t\t\t\t<img loading=\"lazy\" decoding=\"async\" width=\"400\" height=\"284\" src=\"https:\/\/danse-classique.com\/wp-content\/uploads\/Photos_Galas\/Gala_2019\/Gala_2019_Part1\/24_defile\/P4510-400x284.jpg\" srcset=\"https:\/\/danse-classique.com\/wp-content\/uploads\/Photos_Galas\/Gala_2019\/Gala_2019_Part1\/24_defile\/P4510.jpg 479w, https:\/\/danse-classique.com\/wp-content\/uploads\/Photos_Galas\/Gala_2019\/Gala_2019_Part1\/24_defile\/P4510-400x284.jpg 480w\" sizes=\"(max-width:479px) 479px, 100vw\" class=\"wp-image-10583\" \/>\n\t\t\t\t\t<span class=\"et_overlay\"><\/span>\n\t\t\t\t<\/a>\n\t\t\t\t<\/div><\/div><div class=\"et_pb_gallery_item et_pb_grid_item et_pb_bg_layout_light et_pb_css_mix_blend_mode et_pb_gallery_item_0_19\"><div class=\"et_pb_gallery_image landscape\">\n\t\t\t\t\t<a href=\"https:\/\/danse-classique.com\/wp-content\/uploads\/Photos_Galas\/Gala_2019\/Gala_2019_Part1\/24_defile\/P4511.jpg\" title=\"P4511\">\n\t\t\t\t\t<img loading=\"lazy\" decoding=\"async\" width=\"400\" height=\"284\" src=\"https:\/\/danse-classique.com\/wp-content\/uploads\/Photos_Galas\/Gala_2019\/Gala_2019_Part1\/24_defile\/P4511-400x284.jpg\" srcset=\"https:\/\/danse-classique.com\/wp-content\/uploads\/Photos_Galas\/Gala_2019\/Gala_2019_Part1\/24_defile\/P4511.jpg 479w, https:\/\/danse-classique.com\/wp-content\/uploads\/Photos_Galas\/Gala_2019\/Gala_2019_Part1\/24_defile\/P4511-400x284.jpg 480w\" sizes=\"(max-width:479px) 479px, 100vw\" class=\"wp-image-10582\" \/>\n\t\t\t\t\t<span class=\"et_overlay\"><\/span>\n\t\t\t\t<\/a>\n\t\t\t\t<\/div><\/div><div class=\"et_pb_gallery_item et_pb_grid_item et_pb_bg_layout_light et_pb_css_mix_blend_mode et_pb_gallery_item_0_20\"><div class=\"et_pb_gallery_image landscape\">\n\t\t\t\t\t<a href=\"https:\/\/danse-classique.com\/wp-content\/uploads\/Photos_Galas\/Gala_2019\/Gala_2019_Part1\/24_defile\/P4504.jpg\" title=\"P4504\">\n\t\t\t\t\t<img loading=\"lazy\" decoding=\"async\" width=\"400\" height=\"284\" src=\"https:\/\/danse-classique.com\/wp-content\/uploads\/Photos_Galas\/Gala_2019\/Gala_2019_Part1\/24_defile\/P4504-400x284.jpg\" srcset=\"https:\/\/danse-classique.com\/wp-content\/uploads\/Photos_Galas\/Gala_2019\/Gala_2019_Part1\/24_defile\/P4504.jpg 479w, https:\/\/danse-classique.com\/wp-content\/uploads\/Photos_Galas\/Gala_2019\/Gala_2019_Part1\/24_defile\/P4504-400x284.jpg 480w\" sizes=\"(max-width:479px) 479px, 100vw\" class=\"wp-image-10581\" \/>\n\t\t\t\t\t<span class=\"et_overlay\"><\/span>\n\t\t\t\t<\/a>\n\t\t\t\t<\/div><\/div><div class=\"et_pb_gallery_item et_pb_grid_item et_pb_bg_layout_light et_pb_css_mix_blend_mode et_pb_gallery_item_0_21\"><div class=\"et_pb_gallery_image landscape\">\n\t\t\t\t\t<a href=\"https:\/\/danse-classique.com\/wp-content\/uploads\/Photos_Galas\/Gala_2019\/Gala_2019_Part1\/24_defile\/P4509.jpg\" title=\"P4509\">\n\t\t\t\t\t<img loading=\"lazy\" decoding=\"async\" width=\"400\" height=\"284\" src=\"https:\/\/danse-classique.com\/wp-content\/uploads\/Photos_Galas\/Gala_2019\/Gala_2019_Part1\/24_defile\/P4509-400x284.jpg\" srcset=\"https:\/\/danse-classique.com\/wp-content\/uploads\/Photos_Galas\/Gala_2019\/Gala_2019_Part1\/24_defile\/P4509.jpg 479w, https:\/\/danse-classique.com\/wp-content\/uploads\/Photos_Galas\/Gala_2019\/Gala_2019_Part1\/24_defile\/P4509-400x284.jpg 480w\" sizes=\"(max-width:479px) 479px, 100vw\" class=\"wp-image-10580\" \/>\n\t\t\t\t\t<span class=\"et_overlay\"><\/span>\n\t\t\t\t<\/a>\n\t\t\t\t<\/div><\/div><div class=\"et_pb_gallery_item et_pb_grid_item et_pb_bg_layout_light et_pb_css_mix_blend_mode et_pb_gallery_item_0_22\"><div class=\"et_pb_gallery_image landscape\">\n\t\t\t\t\t<a href=\"https:\/\/danse-classique.com\/wp-content\/uploads\/Photos_Galas\/Gala_2019\/Gala_2019_Part1\/24_defile\/P4508.jpg\" title=\"P4508\">\n\t\t\t\t\t<img loading=\"lazy\" decoding=\"async\" width=\"400\" height=\"284\" src=\"https:\/\/danse-classique.com\/wp-content\/uploads\/Photos_Galas\/Gala_2019\/Gala_2019_Part1\/24_defile\/P4508-400x284.jpg\" srcset=\"https:\/\/danse-classique.com\/wp-content\/uploads\/Photos_Galas\/Gala_2019\/Gala_2019_Part1\/24_defile\/P4508.jpg 479w, https:\/\/danse-classique.com\/wp-content\/uploads\/Photos_Galas\/Gala_2019\/Gala_2019_Part1\/24_defile\/P4508-400x284.jpg 480w\" sizes=\"(max-width:479px) 479px, 100vw\" class=\"wp-image-10579\" \/>\n\t\t\t\t\t<span class=\"et_overlay\"><\/span>\n\t\t\t\t<\/a>\n\t\t\t\t<\/div><\/div><div class=\"et_pb_gallery_item et_pb_grid_item et_pb_bg_layout_light et_pb_css_mix_blend_mode et_pb_gallery_item_0_23\"><div class=\"et_pb_gallery_image landscape\">\n\t\t\t\t\t<a href=\"https:\/\/danse-classique.com\/wp-content\/uploads\/Photos_Galas\/Gala_2019\/Gala_2019_Part1\/24_defile\/P4503.jpg\" title=\"P4503\">\n\t\t\t\t\t<img loading=\"lazy\" decoding=\"async\" width=\"400\" height=\"284\" src=\"https:\/\/danse-classique.com\/wp-content\/uploads\/Photos_Galas\/Gala_2019\/Gala_2019_Part1\/24_defile\/P4503-400x284.jpg\" srcset=\"https:\/\/danse-classique.com\/wp-content\/uploads\/Photos_Galas\/Gala_2019\/Gala_2019_Part1\/24_defile\/P4503.jpg 479w, https:\/\/danse-classique.com\/wp-content\/uploads\/Photos_Galas\/Gala_2019\/Gala_2019_Part1\/24_defile\/P4503-400x284.jpg 480w\" sizes=\"(max-width:479px) 479px, 100vw\" class=\"wp-image-10578\" \/>\n\t\t\t\t\t<span class=\"et_overlay\"><\/span>\n\t\t\t\t<\/a>\n\t\t\t\t<\/div><\/div><div class=\"et_pb_gallery_item et_pb_grid_item et_pb_bg_layout_light et_pb_css_mix_blend_mode et_pb_gallery_item_0_24\"><div class=\"et_pb_gallery_image landscape\">\n\t\t\t\t\t<a href=\"https:\/\/danse-classique.com\/wp-content\/uploads\/Photos_Galas\/Gala_2019\/Gala_2019_Part1\/24_defile\/P4502.jpg\" title=\"P4502\">\n\t\t\t\t\t<img loading=\"lazy\" decoding=\"async\" width=\"400\" height=\"284\" src=\"https:\/\/danse-classique.com\/wp-content\/uploads\/Photos_Galas\/Gala_2019\/Gala_2019_Part1\/24_defile\/P4502-400x284.jpg\" srcset=\"https:\/\/danse-classique.com\/wp-content\/uploads\/Photos_Galas\/Gala_2019\/Gala_2019_Part1\/24_defile\/P4502.jpg 479w, https:\/\/danse-classique.com\/wp-content\/uploads\/Photos_Galas\/Gala_2019\/Gala_2019_Part1\/24_defile\/P4502-400x284.jpg 480w\" sizes=\"(max-width:479px) 479px, 100vw\" class=\"wp-image-10577\" \/>\n\t\t\t\t\t<span class=\"et_overlay\"><\/span>\n\t\t\t\t<\/a>\n\t\t\t\t<\/div><\/div><div class=\"et_pb_gallery_item et_pb_grid_item et_pb_bg_layout_light et_pb_css_mix_blend_mode et_pb_gallery_item_0_25\"><div class=\"et_pb_gallery_image landscape\">\n\t\t\t\t\t<a href=\"https:\/\/danse-classique.com\/wp-content\/uploads\/Photos_Galas\/Gala_2019\/Gala_2019_Part1\/24_defile\/P4507.jpg\" title=\"P4507\">\n\t\t\t\t\t<img loading=\"lazy\" decoding=\"async\" width=\"400\" height=\"284\" src=\"https:\/\/danse-classique.com\/wp-content\/uploads\/Photos_Galas\/Gala_2019\/Gala_2019_Part1\/24_defile\/P4507-400x284.jpg\" srcset=\"https:\/\/danse-classique.com\/wp-content\/uploads\/Photos_Galas\/Gala_2019\/Gala_2019_Part1\/24_defile\/P4507.jpg 479w, https:\/\/danse-classique.com\/wp-content\/uploads\/Photos_Galas\/Gala_2019\/Gala_2019_Part1\/24_defile\/P4507-400x284.jpg 480w\" sizes=\"(max-width:479px) 479px, 100vw\" class=\"wp-image-10576\" \/>\n\t\t\t\t\t<span class=\"et_overlay\"><\/span>\n\t\t\t\t<\/a>\n\t\t\t\t<\/div><\/div><div class=\"et_pb_gallery_item et_pb_grid_item et_pb_bg_layout_light et_pb_css_mix_blend_mode et_pb_gallery_item_0_26\"><div class=\"et_pb_gallery_image landscape\">\n\t\t\t\t\t<a href=\"https:\/\/danse-classique.com\/wp-content\/uploads\/Photos_Galas\/Gala_2019\/Gala_2019_Part1\/24_defile\/P4497.jpg\" title=\"P4497\">\n\t\t\t\t\t<img loading=\"lazy\" decoding=\"async\" width=\"400\" height=\"284\" src=\"https:\/\/danse-classique.com\/wp-content\/uploads\/Photos_Galas\/Gala_2019\/Gala_2019_Part1\/24_defile\/P4497-400x284.jpg\" srcset=\"https:\/\/danse-classique.com\/wp-content\/uploads\/Photos_Galas\/Gala_2019\/Gala_2019_Part1\/24_defile\/P4497.jpg 479w, https:\/\/danse-classique.com\/wp-content\/uploads\/Photos_Galas\/Gala_2019\/Gala_2019_Part1\/24_defile\/P4497-400x284.jpg 480w\" sizes=\"(max-width:479px) 479px, 100vw\" class=\"wp-image-10575\" \/>\n\t\t\t\t\t<span class=\"et_overlay\"><\/span>\n\t\t\t\t<\/a>\n\t\t\t\t<\/div><\/div><div class=\"et_pb_gallery_item et_pb_grid_item et_pb_bg_layout_light et_pb_css_mix_blend_mode et_pb_gallery_item_0_27\"><div class=\"et_pb_gallery_image landscape\">\n\t\t\t\t\t<a href=\"https:\/\/danse-classique.com\/wp-content\/uploads\/Photos_Galas\/Gala_2019\/Gala_2019_Part1\/24_defile\/P4498.jpg\" title=\"P4498\">\n\t\t\t\t\t<img loading=\"lazy\" decoding=\"async\" width=\"400\" height=\"284\" src=\"https:\/\/danse-classique.com\/wp-content\/uploads\/Photos_Galas\/Gala_2019\/Gala_2019_Part1\/24_defile\/P4498-400x284.jpg\" srcset=\"https:\/\/danse-classique.com\/wp-content\/uploads\/Photos_Galas\/Gala_2019\/Gala_2019_Part1\/24_defile\/P4498.jpg 479w, https:\/\/danse-classique.com\/wp-content\/uploads\/Photos_Galas\/Gala_2019\/Gala_2019_Part1\/24_defile\/P4498-400x284.jpg 480w\" sizes=\"(max-width:479px) 479px, 100vw\" class=\"wp-image-10574\" \/>\n\t\t\t\t\t<span class=\"et_overlay\"><\/span>\n\t\t\t\t<\/a>\n\t\t\t\t<\/div><\/div><div class=\"et_pb_gallery_item et_pb_grid_item et_pb_bg_layout_light et_pb_css_mix_blend_mode et_pb_gallery_item_0_28\"><div class=\"et_pb_gallery_image landscape\">\n\t\t\t\t\t<a href=\"https:\/\/danse-classique.com\/wp-content\/uploads\/Photos_Galas\/Gala_2019\/Gala_2019_Part1\/24_defile\/P4495.jpg\" title=\"P4495\">\n\t\t\t\t\t<img loading=\"lazy\" decoding=\"async\" width=\"400\" height=\"284\" src=\"https:\/\/danse-classique.com\/wp-content\/uploads\/Photos_Galas\/Gala_2019\/Gala_2019_Part1\/24_defile\/P4495-400x284.jpg\" srcset=\"https:\/\/danse-classique.com\/wp-content\/uploads\/Photos_Galas\/Gala_2019\/Gala_2019_Part1\/24_defile\/P4495.jpg 479w, https:\/\/danse-classique.com\/wp-content\/uploads\/Photos_Galas\/Gala_2019\/Gala_2019_Part1\/24_defile\/P4495-400x284.jpg 480w\" sizes=\"(max-width:479px) 479px, 100vw\" class=\"wp-image-10573\" \/>\n\t\t\t\t\t<span class=\"et_overlay\"><\/span>\n\t\t\t\t<\/a>\n\t\t\t\t<\/div><\/div><div class=\"et_pb_gallery_item et_pb_grid_item et_pb_bg_layout_light et_pb_css_mix_blend_mode et_pb_gallery_item_0_29\"><div class=\"et_pb_gallery_image landscape\">\n\t\t\t\t\t<a href=\"https:\/\/danse-classique.com\/wp-content\/uploads\/Photos_Galas\/Gala_2019\/Gala_2019_Part1\/24_defile\/P4500.jpg\" title=\"P4500\">\n\t\t\t\t\t<img loading=\"lazy\" decoding=\"async\" width=\"400\" height=\"284\" src=\"https:\/\/danse-classique.com\/wp-content\/uploads\/Photos_Galas\/Gala_2019\/Gala_2019_Part1\/24_defile\/P4500-400x284.jpg\" srcset=\"https:\/\/danse-classique.com\/wp-content\/uploads\/Photos_Galas\/Gala_2019\/Gala_2019_Part1\/24_defile\/P4500.jpg 479w, https:\/\/danse-classique.com\/wp-content\/uploads\/Photos_Galas\/Gala_2019\/Gala_2019_Part1\/24_defile\/P4500-400x284.jpg 480w\" sizes=\"(max-width:479px) 479px, 100vw\" class=\"wp-image-10572\" \/>\n\t\t\t\t\t<span class=\"et_overlay\"><\/span>\n\t\t\t\t<\/a>\n\t\t\t\t<\/div><\/div><div class=\"et_pb_gallery_item et_pb_grid_item et_pb_bg_layout_light et_pb_css_mix_blend_mode et_pb_gallery_item_0_30\"><div class=\"et_pb_gallery_image landscape\">\n\t\t\t\t\t<a href=\"https:\/\/danse-classique.com\/wp-content\/uploads\/Photos_Galas\/Gala_2019\/Gala_2019_Part1\/24_defile\/P4499.jpg\" title=\"P4499\">\n\t\t\t\t\t<img loading=\"lazy\" decoding=\"async\" width=\"400\" height=\"284\" src=\"https:\/\/danse-classique.com\/wp-content\/uploads\/Photos_Galas\/Gala_2019\/Gala_2019_Part1\/24_defile\/P4499-400x284.jpg\" srcset=\"https:\/\/danse-classique.com\/wp-content\/uploads\/Photos_Galas\/Gala_2019\/Gala_2019_Part1\/24_defile\/P4499.jpg 479w, https:\/\/danse-classique.com\/wp-content\/uploads\/Photos_Galas\/Gala_2019\/Gala_2019_Part1\/24_defile\/P4499-400x284.jpg 480w\" sizes=\"(max-width:479px) 479px, 100vw\" class=\"wp-image-10571\" \/>\n\t\t\t\t\t<span class=\"et_overlay\"><\/span>\n\t\t\t\t<\/a>\n\t\t\t\t<\/div><\/div><div class=\"et_pb_gallery_item et_pb_grid_item et_pb_bg_layout_light et_pb_css_mix_blend_mode et_pb_gallery_item_0_31\"><div class=\"et_pb_gallery_image landscape\">\n\t\t\t\t\t<a href=\"https:\/\/danse-classique.com\/wp-content\/uploads\/Photos_Galas\/Gala_2019\/Gala_2019_Part1\/24_defile\/P4501.jpg\" title=\"P4501\">\n\t\t\t\t\t<img loading=\"lazy\" decoding=\"async\" width=\"400\" height=\"284\" src=\"https:\/\/danse-classique.com\/wp-content\/uploads\/Photos_Galas\/Gala_2019\/Gala_2019_Part1\/24_defile\/P4501-400x284.jpg\" srcset=\"https:\/\/danse-classique.com\/wp-content\/uploads\/Photos_Galas\/Gala_2019\/Gala_2019_Part1\/24_defile\/P4501.jpg 479w, https:\/\/danse-classique.com\/wp-content\/uploads\/Photos_Galas\/Gala_2019\/Gala_2019_Part1\/24_defile\/P4501-400x284.jpg 480w\" sizes=\"(max-width:479px) 479px, 100vw\" class=\"wp-image-10570\" \/>\n\t\t\t\t\t<span class=\"et_overlay\"><\/span>\n\t\t\t\t<\/a>\n\t\t\t\t<\/div><\/div><div class=\"et_pb_gallery_item et_pb_grid_item et_pb_bg_layout_light et_pb_css_mix_blend_mode et_pb_gallery_item_0_32\"><div class=\"et_pb_gallery_image landscape\">\n\t\t\t\t\t<a href=\"https:\/\/danse-classique.com\/wp-content\/uploads\/Photos_Galas\/Gala_2019\/Gala_2019_Part1\/24_defile\/P4496.jpg\" title=\"P4496\">\n\t\t\t\t\t<img loading=\"lazy\" decoding=\"async\" width=\"400\" height=\"284\" src=\"https:\/\/danse-classique.com\/wp-content\/uploads\/Photos_Galas\/Gala_2019\/Gala_2019_Part1\/24_defile\/P4496-400x284.jpg\" srcset=\"https:\/\/danse-classique.com\/wp-content\/uploads\/Photos_Galas\/Gala_2019\/Gala_2019_Part1\/24_defile\/P4496.jpg 479w, https:\/\/danse-classique.com\/wp-content\/uploads\/Photos_Galas\/Gala_2019\/Gala_2019_Part1\/24_defile\/P4496-400x284.jpg 480w\" sizes=\"(max-width:479px) 479px, 100vw\" class=\"wp-image-10569\" \/>\n\t\t\t\t\t<span class=\"et_overlay\"><\/span>\n\t\t\t\t<\/a>\n\t\t\t\t<\/div><\/div><div class=\"et_pb_gallery_item et_pb_grid_item et_pb_bg_layout_light et_pb_css_mix_blend_mode et_pb_gallery_item_0_33\"><div class=\"et_pb_gallery_image landscape\">\n\t\t\t\t\t<a href=\"https:\/\/danse-classique.com\/wp-content\/uploads\/Photos_Galas\/Gala_2019\/Gala_2019_Part1\/24_defile\/P4493.jpg\" title=\"P4493\">\n\t\t\t\t\t<img loading=\"lazy\" decoding=\"async\" width=\"400\" height=\"284\" src=\"https:\/\/danse-classique.com\/wp-content\/uploads\/Photos_Galas\/Gala_2019\/Gala_2019_Part1\/24_defile\/P4493-400x284.jpg\" srcset=\"https:\/\/danse-classique.com\/wp-content\/uploads\/Photos_Galas\/Gala_2019\/Gala_2019_Part1\/24_defile\/P4493.jpg 479w, https:\/\/danse-classique.com\/wp-content\/uploads\/Photos_Galas\/Gala_2019\/Gala_2019_Part1\/24_defile\/P4493-400x284.jpg 480w\" sizes=\"(max-width:479px) 479px, 100vw\" class=\"wp-image-10568\" \/>\n\t\t\t\t\t<span class=\"et_overlay\"><\/span>\n\t\t\t\t<\/a>\n\t\t\t\t<\/div><\/div><div class=\"et_pb_gallery_item et_pb_grid_item et_pb_bg_layout_light et_pb_css_mix_blend_mode et_pb_gallery_item_0_34\"><div class=\"et_pb_gallery_image landscape\">\n\t\t\t\t\t<a href=\"https:\/\/danse-classique.com\/wp-content\/uploads\/Photos_Galas\/Gala_2019\/Gala_2019_Part1\/24_defile\/P4492.jpg\" title=\"P4492\">\n\t\t\t\t\t<img loading=\"lazy\" decoding=\"async\" width=\"400\" height=\"284\" src=\"https:\/\/danse-classique.com\/wp-content\/uploads\/Photos_Galas\/Gala_2019\/Gala_2019_Part1\/24_defile\/P4492-400x284.jpg\" srcset=\"https:\/\/danse-classique.com\/wp-content\/uploads\/Photos_Galas\/Gala_2019\/Gala_2019_Part1\/24_defile\/P4492.jpg 479w, https:\/\/danse-classique.com\/wp-content\/uploads\/Photos_Galas\/Gala_2019\/Gala_2019_Part1\/24_defile\/P4492-400x284.jpg 480w\" sizes=\"(max-width:479px) 479px, 100vw\" class=\"wp-image-10567\" \/>\n\t\t\t\t\t<span class=\"et_overlay\"><\/span>\n\t\t\t\t<\/a>\n\t\t\t\t<\/div><\/div><div class=\"et_pb_gallery_item et_pb_grid_item et_pb_bg_layout_light et_pb_css_mix_blend_mode et_pb_gallery_item_0_35\"><div class=\"et_pb_gallery_image landscape\">\n\t\t\t\t\t<a href=\"https:\/\/danse-classique.com\/wp-content\/uploads\/Photos_Galas\/Gala_2019\/Gala_2019_Part1\/24_defile\/P4483.jpg\" title=\"P4483\">\n\t\t\t\t\t<img loading=\"lazy\" decoding=\"async\" width=\"400\" height=\"284\" src=\"https:\/\/danse-classique.com\/wp-content\/uploads\/Photos_Galas\/Gala_2019\/Gala_2019_Part1\/24_defile\/P4483-400x284.jpg\" srcset=\"https:\/\/danse-classique.com\/wp-content\/uploads\/Photos_Galas\/Gala_2019\/Gala_2019_Part1\/24_defile\/P4483.jpg 479w, https:\/\/danse-classique.com\/wp-content\/uploads\/Photos_Galas\/Gala_2019\/Gala_2019_Part1\/24_defile\/P4483-400x284.jpg 480w\" sizes=\"(max-width:479px) 479px, 100vw\" class=\"wp-image-10566\" \/>\n\t\t\t\t\t<span class=\"et_overlay\"><\/span>\n\t\t\t\t<\/a>\n\t\t\t\t<\/div><\/div><div class=\"et_pb_gallery_item et_pb_grid_item et_pb_bg_layout_light et_pb_css_mix_blend_mode et_pb_gallery_item_0_36\"><div class=\"et_pb_gallery_image landscape\">\n\t\t\t\t\t<a href=\"https:\/\/danse-classique.com\/wp-content\/uploads\/Photos_Galas\/Gala_2019\/Gala_2019_Part1\/24_defile\/P4494.jpg\" title=\"P4494\">\n\t\t\t\t\t<img loading=\"lazy\" decoding=\"async\" width=\"400\" height=\"284\" src=\"https:\/\/danse-classique.com\/wp-content\/uploads\/Photos_Galas\/Gala_2019\/Gala_2019_Part1\/24_defile\/P4494-400x284.jpg\" srcset=\"https:\/\/danse-classique.com\/wp-content\/uploads\/Photos_Galas\/Gala_2019\/Gala_2019_Part1\/24_defile\/P4494.jpg 479w, https:\/\/danse-classique.com\/wp-content\/uploads\/Photos_Galas\/Gala_2019\/Gala_2019_Part1\/24_defile\/P4494-400x284.jpg 480w\" sizes=\"(max-width:479px) 479px, 100vw\" class=\"wp-image-10565\" \/>\n\t\t\t\t\t<span class=\"et_overlay\"><\/span>\n\t\t\t\t<\/a>\n\t\t\t\t<\/div><\/div><div class=\"et_pb_gallery_item et_pb_grid_item et_pb_bg_layout_light et_pb_css_mix_blend_mode et_pb_gallery_item_0_37\"><div class=\"et_pb_gallery_image landscape\">\n\t\t\t\t\t<a href=\"https:\/\/danse-classique.com\/wp-content\/uploads\/Photos_Galas\/Gala_2019\/Gala_2019_Part1\/24_defile\/P4487.jpg\" title=\"P4487\">\n\t\t\t\t\t<img loading=\"lazy\" decoding=\"async\" width=\"400\" height=\"284\" src=\"https:\/\/danse-classique.com\/wp-content\/uploads\/Photos_Galas\/Gala_2019\/Gala_2019_Part1\/24_defile\/P4487-400x284.jpg\" srcset=\"https:\/\/danse-classique.com\/wp-content\/uploads\/Photos_Galas\/Gala_2019\/Gala_2019_Part1\/24_defile\/P4487.jpg 479w, https:\/\/danse-classique.com\/wp-content\/uploads\/Photos_Galas\/Gala_2019\/Gala_2019_Part1\/24_defile\/P4487-400x284.jpg 480w\" sizes=\"(max-width:479px) 479px, 100vw\" class=\"wp-image-10564\" \/>\n\t\t\t\t\t<span class=\"et_overlay\"><\/span>\n\t\t\t\t<\/a>\n\t\t\t\t<\/div><\/div><div class=\"et_pb_gallery_item et_pb_grid_item et_pb_bg_layout_light et_pb_css_mix_blend_mode et_pb_gallery_item_0_38\"><div class=\"et_pb_gallery_image landscape\">\n\t\t\t\t\t<a href=\"https:\/\/danse-classique.com\/wp-content\/uploads\/Photos_Galas\/Gala_2019\/Gala_2019_Part1\/24_defile\/P4488.jpg\" title=\"P4488\">\n\t\t\t\t\t<img loading=\"lazy\" decoding=\"async\" width=\"400\" height=\"284\" src=\"https:\/\/danse-classique.com\/wp-content\/uploads\/Photos_Galas\/Gala_2019\/Gala_2019_Part1\/24_defile\/P4488-400x284.jpg\" srcset=\"https:\/\/danse-classique.com\/wp-content\/uploads\/Photos_Galas\/Gala_2019\/Gala_2019_Part1\/24_defile\/P4488.jpg 479w, https:\/\/danse-classique.com\/wp-content\/uploads\/Photos_Galas\/Gala_2019\/Gala_2019_Part1\/24_defile\/P4488-400x284.jpg 480w\" sizes=\"(max-width:479px) 479px, 100vw\" class=\"wp-image-10563\" \/>\n\t\t\t\t\t<span class=\"et_overlay\"><\/span>\n\t\t\t\t<\/a>\n\t\t\t\t<\/div><\/div><div class=\"et_pb_gallery_item et_pb_grid_item et_pb_bg_layout_light et_pb_css_mix_blend_mode et_pb_gallery_item_0_39\"><div class=\"et_pb_gallery_image landscape\">\n\t\t\t\t\t<a href=\"https:\/\/danse-classique.com\/wp-content\/uploads\/Photos_Galas\/Gala_2019\/Gala_2019_Part1\/24_defile\/P4491.jpg\" title=\"P4491\">\n\t\t\t\t\t<img loading=\"lazy\" decoding=\"async\" width=\"400\" height=\"284\" src=\"https:\/\/danse-classique.com\/wp-content\/uploads\/Photos_Galas\/Gala_2019\/Gala_2019_Part1\/24_defile\/P4491-400x284.jpg\" srcset=\"https:\/\/danse-classique.com\/wp-content\/uploads\/Photos_Galas\/Gala_2019\/Gala_2019_Part1\/24_defile\/P4491.jpg 479w, https:\/\/danse-classique.com\/wp-content\/uploads\/Photos_Galas\/Gala_2019\/Gala_2019_Part1\/24_defile\/P4491-400x284.jpg 480w\" sizes=\"(max-width:479px) 479px, 100vw\" class=\"wp-image-10562\" \/>\n\t\t\t\t\t<span class=\"et_overlay\"><\/span>\n\t\t\t\t<\/a>\n\t\t\t\t<\/div><\/div><div class=\"et_pb_gallery_item et_pb_grid_item et_pb_bg_layout_light et_pb_css_mix_blend_mode et_pb_gallery_item_0_40\"><div class=\"et_pb_gallery_image landscape\">\n\t\t\t\t\t<a href=\"https:\/\/danse-classique.com\/wp-content\/uploads\/Photos_Galas\/Gala_2019\/Gala_2019_Part1\/24_defile\/P4490.jpg\" title=\"P4490\">\n\t\t\t\t\t<img loading=\"lazy\" decoding=\"async\" width=\"400\" height=\"284\" src=\"https:\/\/danse-classique.com\/wp-content\/uploads\/Photos_Galas\/Gala_2019\/Gala_2019_Part1\/24_defile\/P4490-400x284.jpg\" srcset=\"https:\/\/danse-classique.com\/wp-content\/uploads\/Photos_Galas\/Gala_2019\/Gala_2019_Part1\/24_defile\/P4490.jpg 479w, https:\/\/danse-classique.com\/wp-content\/uploads\/Photos_Galas\/Gala_2019\/Gala_2019_Part1\/24_defile\/P4490-400x284.jpg 480w\" sizes=\"(max-width:479px) 479px, 100vw\" class=\"wp-image-10561\" \/>\n\t\t\t\t\t<span class=\"et_overlay\"><\/span>\n\t\t\t\t<\/a>\n\t\t\t\t<\/div><\/div><div class=\"et_pb_gallery_item et_pb_grid_item et_pb_bg_layout_light et_pb_css_mix_blend_mode et_pb_gallery_item_0_41\"><div class=\"et_pb_gallery_image landscape\">\n\t\t\t\t\t<a href=\"https:\/\/danse-classique.com\/wp-content\/uploads\/Photos_Galas\/Gala_2019\/Gala_2019_Part1\/24_defile\/P4489.jpg\" title=\"P4489\">\n\t\t\t\t\t<img loading=\"lazy\" decoding=\"async\" width=\"400\" height=\"284\" src=\"https:\/\/danse-classique.com\/wp-content\/uploads\/Photos_Galas\/Gala_2019\/Gala_2019_Part1\/24_defile\/P4489-400x284.jpg\" srcset=\"https:\/\/danse-classique.com\/wp-content\/uploads\/Photos_Galas\/Gala_2019\/Gala_2019_Part1\/24_defile\/P4489.jpg 479w, https:\/\/danse-classique.com\/wp-content\/uploads\/Photos_Galas\/Gala_2019\/Gala_2019_Part1\/24_defile\/P4489-400x284.jpg 480w\" sizes=\"(max-width:479px) 479px, 100vw\" class=\"wp-image-10560\" \/>\n\t\t\t\t\t<span class=\"et_overlay\"><\/span>\n\t\t\t\t<\/a>\n\t\t\t\t<\/div><\/div><div class=\"et_pb_gallery_item et_pb_grid_item et_pb_bg_layout_light et_pb_css_mix_blend_mode et_pb_gallery_item_0_42\"><div class=\"et_pb_gallery_image landscape\">\n\t\t\t\t\t<a href=\"https:\/\/danse-classique.com\/wp-content\/uploads\/Photos_Galas\/Gala_2019\/Gala_2019_Part1\/24_defile\/P4486.jpg\" title=\"P4486\">\n\t\t\t\t\t<img loading=\"lazy\" decoding=\"async\" width=\"400\" height=\"284\" src=\"https:\/\/danse-classique.com\/wp-content\/uploads\/Photos_Galas\/Gala_2019\/Gala_2019_Part1\/24_defile\/P4486-400x284.jpg\" srcset=\"https:\/\/danse-classique.com\/wp-content\/uploads\/Photos_Galas\/Gala_2019\/Gala_2019_Part1\/24_defile\/P4486.jpg 479w, https:\/\/danse-classique.com\/wp-content\/uploads\/Photos_Galas\/Gala_2019\/Gala_2019_Part1\/24_defile\/P4486-400x284.jpg 480w\" sizes=\"(max-width:479px) 479px, 100vw\" class=\"wp-image-10559\" \/>\n\t\t\t\t\t<span class=\"et_overlay\"><\/span>\n\t\t\t\t<\/a>\n\t\t\t\t<\/div><\/div><div class=\"et_pb_gallery_item et_pb_grid_item et_pb_bg_layout_light et_pb_css_mix_blend_mode et_pb_gallery_item_0_43\"><div class=\"et_pb_gallery_image landscape\">\n\t\t\t\t\t<a href=\"https:\/\/danse-classique.com\/wp-content\/uploads\/Photos_Galas\/Gala_2019\/Gala_2019_Part1\/24_defile\/P4482.jpg\" title=\"P4482\">\n\t\t\t\t\t<img loading=\"lazy\" decoding=\"async\" width=\"400\" height=\"284\" src=\"https:\/\/danse-classique.com\/wp-content\/uploads\/Photos_Galas\/Gala_2019\/Gala_2019_Part1\/24_defile\/P4482-400x284.jpg\" srcset=\"https:\/\/danse-classique.com\/wp-content\/uploads\/Photos_Galas\/Gala_2019\/Gala_2019_Part1\/24_defile\/P4482.jpg 479w, https:\/\/danse-classique.com\/wp-content\/uploads\/Photos_Galas\/Gala_2019\/Gala_2019_Part1\/24_defile\/P4482-400x284.jpg 480w\" sizes=\"(max-width:479px) 479px, 100vw\" class=\"wp-image-10558\" \/>\n\t\t\t\t\t<span class=\"et_overlay\"><\/span>\n\t\t\t\t<\/a>\n\t\t\t\t<\/div><\/div><div class=\"et_pb_gallery_item et_pb_grid_item et_pb_bg_layout_light et_pb_css_mix_blend_mode et_pb_gallery_item_0_44\"><div class=\"et_pb_gallery_image landscape\">\n\t\t\t\t\t<a href=\"https:\/\/danse-classique.com\/wp-content\/uploads\/Photos_Galas\/Gala_2019\/Gala_2019_Part1\/24_defile\/P4479.jpg\" title=\"P4479\">\n\t\t\t\t\t<img loading=\"lazy\" decoding=\"async\" width=\"400\" height=\"284\" src=\"https:\/\/danse-classique.com\/wp-content\/uploads\/Photos_Galas\/Gala_2019\/Gala_2019_Part1\/24_defile\/P4479-400x284.jpg\" srcset=\"https:\/\/danse-classique.com\/wp-content\/uploads\/Photos_Galas\/Gala_2019\/Gala_2019_Part1\/24_defile\/P4479.jpg 479w, https:\/\/danse-classique.com\/wp-content\/uploads\/Photos_Galas\/Gala_2019\/Gala_2019_Part1\/24_defile\/P4479-400x284.jpg 480w\" sizes=\"(max-width:479px) 479px, 100vw\" class=\"wp-image-10557\" \/>\n\t\t\t\t\t<span class=\"et_overlay\"><\/span>\n\t\t\t\t<\/a>\n\t\t\t\t<\/div><\/div><div class=\"et_pb_gallery_item et_pb_grid_item et_pb_bg_layout_light et_pb_css_mix_blend_mode et_pb_gallery_item_0_45\"><div class=\"et_pb_gallery_image landscape\">\n\t\t\t\t\t<a href=\"https:\/\/danse-classique.com\/wp-content\/uploads\/Photos_Galas\/Gala_2019\/Gala_2019_Part1\/24_defile\/P4484.jpg\" title=\"P4484\">\n\t\t\t\t\t<img loading=\"lazy\" decoding=\"async\" width=\"400\" height=\"284\" src=\"https:\/\/danse-classique.com\/wp-content\/uploads\/Photos_Galas\/Gala_2019\/Gala_2019_Part1\/24_defile\/P4484-400x284.jpg\" srcset=\"https:\/\/danse-classique.com\/wp-content\/uploads\/Photos_Galas\/Gala_2019\/Gala_2019_Part1\/24_defile\/P4484.jpg 479w, https:\/\/danse-classique.com\/wp-content\/uploads\/Photos_Galas\/Gala_2019\/Gala_2019_Part1\/24_defile\/P4484-400x284.jpg 480w\" sizes=\"(max-width:479px) 479px, 100vw\" class=\"wp-image-10556\" \/>\n\t\t\t\t\t<span class=\"et_overlay\"><\/span>\n\t\t\t\t<\/a>\n\t\t\t\t<\/div><\/div><div class=\"et_pb_gallery_item et_pb_grid_item et_pb_bg_layout_light et_pb_css_mix_blend_mode et_pb_gallery_item_0_46\"><div class=\"et_pb_gallery_image landscape\">\n\t\t\t\t\t<a href=\"https:\/\/danse-classique.com\/wp-content\/uploads\/Photos_Galas\/Gala_2019\/Gala_2019_Part1\/24_defile\/P4485.jpg\" title=\"P4485\">\n\t\t\t\t\t<img loading=\"lazy\" decoding=\"async\" width=\"400\" height=\"284\" src=\"https:\/\/danse-classique.com\/wp-content\/uploads\/Photos_Galas\/Gala_2019\/Gala_2019_Part1\/24_defile\/P4485-400x284.jpg\" srcset=\"https:\/\/danse-classique.com\/wp-content\/uploads\/Photos_Galas\/Gala_2019\/Gala_2019_Part1\/24_defile\/P4485.jpg 479w, https:\/\/danse-classique.com\/wp-content\/uploads\/Photos_Galas\/Gala_2019\/Gala_2019_Part1\/24_defile\/P4485-400x284.jpg 480w\" sizes=\"(max-width:479px) 479px, 100vw\" class=\"wp-image-10555\" \/>\n\t\t\t\t\t<span class=\"et_overlay\"><\/span>\n\t\t\t\t<\/a>\n\t\t\t\t<\/div><\/div><div class=\"et_pb_gallery_item et_pb_grid_item et_pb_bg_layout_light et_pb_css_mix_blend_mode et_pb_gallery_item_0_47\"><div class=\"et_pb_gallery_image landscape\">\n\t\t\t\t\t<a href=\"https:\/\/danse-classique.com\/wp-content\/uploads\/Photos_Galas\/Gala_2019\/Gala_2019_Part1\/24_defile\/P4481.jpg\" title=\"P4481\">\n\t\t\t\t\t<img loading=\"lazy\" decoding=\"async\" width=\"400\" height=\"284\" src=\"https:\/\/danse-classique.com\/wp-content\/uploads\/Photos_Galas\/Gala_2019\/Gala_2019_Part1\/24_defile\/P4481-400x284.jpg\" srcset=\"https:\/\/danse-classique.com\/wp-content\/uploads\/Photos_Galas\/Gala_2019\/Gala_2019_Part1\/24_defile\/P4481.jpg 479w, https:\/\/danse-classique.com\/wp-content\/uploads\/Photos_Galas\/Gala_2019\/Gala_2019_Part1\/24_defile\/P4481-400x284.jpg 480w\" sizes=\"(max-width:479px) 479px, 100vw\" class=\"wp-image-10554\" \/>\n\t\t\t\t\t<span class=\"et_overlay\"><\/span>\n\t\t\t\t<\/a>\n\t\t\t\t<\/div><\/div><div class=\"et_pb_gallery_item et_pb_grid_item et_pb_bg_layout_light et_pb_css_mix_blend_mode et_pb_gallery_item_0_48\"><div class=\"et_pb_gallery_image landscape\">\n\t\t\t\t\t<a href=\"https:\/\/danse-classique.com\/wp-content\/uploads\/Photos_Galas\/Gala_2019\/Gala_2019_Part1\/24_defile\/P4480.jpg\" title=\"P4480\">\n\t\t\t\t\t<img loading=\"lazy\" decoding=\"async\" width=\"400\" height=\"284\" src=\"https:\/\/danse-classique.com\/wp-content\/uploads\/Photos_Galas\/Gala_2019\/Gala_2019_Part1\/24_defile\/P4480-400x284.jpg\" srcset=\"https:\/\/danse-classique.com\/wp-content\/uploads\/Photos_Galas\/Gala_2019\/Gala_2019_Part1\/24_defile\/P4480.jpg 479w, https:\/\/danse-classique.com\/wp-content\/uploads\/Photos_Galas\/Gala_2019\/Gala_2019_Part1\/24_defile\/P4480-400x284.jpg 480w\" sizes=\"(max-width:479px) 479px, 100vw\" class=\"wp-image-10553\" \/>\n\t\t\t\t\t<span class=\"et_overlay\"><\/span>\n\t\t\t\t<\/a>\n\t\t\t\t<\/div><\/div><div class=\"et_pb_gallery_item et_pb_grid_item et_pb_bg_layout_light et_pb_css_mix_blend_mode et_pb_gallery_item_0_49\"><div class=\"et_pb_gallery_image landscape\">\n\t\t\t\t\t<a href=\"https:\/\/danse-classique.com\/wp-content\/uploads\/Photos_Galas\/Gala_2019\/Gala_2019_Part1\/24_defile\/P4478.jpg\" title=\"P4478\">\n\t\t\t\t\t<img loading=\"lazy\" decoding=\"async\" width=\"400\" height=\"284\" src=\"https:\/\/danse-classique.com\/wp-content\/uploads\/Photos_Galas\/Gala_2019\/Gala_2019_Part1\/24_defile\/P4478-400x284.jpg\" srcset=\"https:\/\/danse-classique.com\/wp-content\/uploads\/Photos_Galas\/Gala_2019\/Gala_2019_Part1\/24_defile\/P4478.jpg 479w, https:\/\/danse-classique.com\/wp-content\/uploads\/Photos_Galas\/Gala_2019\/Gala_2019_Part1\/24_defile\/P4478-400x284.jpg 480w\" sizes=\"(max-width:479px) 479px, 100vw\" class=\"wp-image-10552\" \/>\n\t\t\t\t\t<span class=\"et_overlay\"><\/span>\n\t\t\t\t<\/a>\n\t\t\t\t<\/div><\/div><div class=\"et_pb_gallery_item et_pb_grid_item et_pb_bg_layout_light et_pb_css_mix_blend_mode et_pb_gallery_item_0_50\"><div class=\"et_pb_gallery_image landscape\">\n\t\t\t\t\t<a href=\"https:\/\/danse-classique.com\/wp-content\/uploads\/Photos_Galas\/Gala_2019\/Gala_2019_Part1\/24_defile\/P4476.jpg\" title=\"P4476\">\n\t\t\t\t\t<img loading=\"lazy\" decoding=\"async\" width=\"400\" height=\"284\" src=\"https:\/\/danse-classique.com\/wp-content\/uploads\/Photos_Galas\/Gala_2019\/Gala_2019_Part1\/24_defile\/P4476-400x284.jpg\" srcset=\"https:\/\/danse-classique.com\/wp-content\/uploads\/Photos_Galas\/Gala_2019\/Gala_2019_Part1\/24_defile\/P4476.jpg 479w, https:\/\/danse-classique.com\/wp-content\/uploads\/Photos_Galas\/Gala_2019\/Gala_2019_Part1\/24_defile\/P4476-400x284.jpg 480w\" sizes=\"(max-width:479px) 479px, 100vw\" class=\"wp-image-10551\" \/>\n\t\t\t\t\t<span class=\"et_overlay\"><\/span>\n\t\t\t\t<\/a>\n\t\t\t\t<\/div><\/div><div class=\"et_pb_gallery_item et_pb_grid_item et_pb_bg_layout_light et_pb_css_mix_blend_mode et_pb_gallery_item_0_51\"><div class=\"et_pb_gallery_image landscape\">\n\t\t\t\t\t<a href=\"https:\/\/danse-classique.com\/wp-content\/uploads\/Photos_Galas\/Gala_2019\/Gala_2019_Part1\/24_defile\/P4472.jpg\" title=\"P4472\">\n\t\t\t\t\t<img loading=\"lazy\" decoding=\"async\" width=\"400\" height=\"284\" src=\"https:\/\/danse-classique.com\/wp-content\/uploads\/Photos_Galas\/Gala_2019\/Gala_2019_Part1\/24_defile\/P4472-400x284.jpg\" srcset=\"https:\/\/danse-classique.com\/wp-content\/uploads\/Photos_Galas\/Gala_2019\/Gala_2019_Part1\/24_defile\/P4472.jpg 479w, https:\/\/danse-classique.com\/wp-content\/uploads\/Photos_Galas\/Gala_2019\/Gala_2019_Part1\/24_defile\/P4472-400x284.jpg 480w\" sizes=\"(max-width:479px) 479px, 100vw\" class=\"wp-image-10550\" \/>\n\t\t\t\t\t<span class=\"et_overlay\"><\/span>\n\t\t\t\t<\/a>\n\t\t\t\t<\/div><\/div><div class=\"et_pb_gallery_item et_pb_grid_item et_pb_bg_layout_light et_pb_css_mix_blend_mode et_pb_gallery_item_0_52\"><div class=\"et_pb_gallery_image landscape\">\n\t\t\t\t\t<a href=\"https:\/\/danse-classique.com\/wp-content\/uploads\/Photos_Galas\/Gala_2019\/Gala_2019_Part1\/24_defile\/P4474.jpg\" title=\"P4474\">\n\t\t\t\t\t<img loading=\"lazy\" decoding=\"async\" width=\"400\" height=\"284\" src=\"https:\/\/danse-classique.com\/wp-content\/uploads\/Photos_Galas\/Gala_2019\/Gala_2019_Part1\/24_defile\/P4474-400x284.jpg\" srcset=\"https:\/\/danse-classique.com\/wp-content\/uploads\/Photos_Galas\/Gala_2019\/Gala_2019_Part1\/24_defile\/P4474.jpg 479w, https:\/\/danse-classique.com\/wp-content\/uploads\/Photos_Galas\/Gala_2019\/Gala_2019_Part1\/24_defile\/P4474-400x284.jpg 480w\" sizes=\"(max-width:479px) 479px, 100vw\" class=\"wp-image-10549\" \/>\n\t\t\t\t\t<span class=\"et_overlay\"><\/span>\n\t\t\t\t<\/a>\n\t\t\t\t<\/div><\/div><div class=\"et_pb_gallery_item et_pb_grid_item et_pb_bg_layout_light et_pb_css_mix_blend_mode et_pb_gallery_item_0_53\"><div class=\"et_pb_gallery_image landscape\">\n\t\t\t\t\t<a href=\"https:\/\/danse-classique.com\/wp-content\/uploads\/Photos_Galas\/Gala_2019\/Gala_2019_Part1\/24_defile\/P4477.jpg\" title=\"P4477\">\n\t\t\t\t\t<img loading=\"lazy\" decoding=\"async\" width=\"400\" height=\"284\" src=\"https:\/\/danse-classique.com\/wp-content\/uploads\/Photos_Galas\/Gala_2019\/Gala_2019_Part1\/24_defile\/P4477-400x284.jpg\" srcset=\"https:\/\/danse-classique.com\/wp-content\/uploads\/Photos_Galas\/Gala_2019\/Gala_2019_Part1\/24_defile\/P4477.jpg 479w, https:\/\/danse-classique.com\/wp-content\/uploads\/Photos_Galas\/Gala_2019\/Gala_2019_Part1\/24_defile\/P4477-400x284.jpg 480w\" sizes=\"(max-width:479px) 479px, 100vw\" class=\"wp-image-10548\" \/>\n\t\t\t\t\t<span class=\"et_overlay\"><\/span>\n\t\t\t\t<\/a>\n\t\t\t\t<\/div><\/div><div class=\"et_pb_gallery_item et_pb_grid_item et_pb_bg_layout_light et_pb_css_mix_blend_mode et_pb_gallery_item_0_54\"><div class=\"et_pb_gallery_image landscape\">\n\t\t\t\t\t<a href=\"https:\/\/danse-classique.com\/wp-content\/uploads\/Photos_Galas\/Gala_2019\/Gala_2019_Part1\/24_defile\/P4471.jpg\" title=\"P4471\">\n\t\t\t\t\t<img loading=\"lazy\" decoding=\"async\" width=\"400\" height=\"284\" src=\"https:\/\/danse-classique.com\/wp-content\/uploads\/Photos_Galas\/Gala_2019\/Gala_2019_Part1\/24_defile\/P4471-400x284.jpg\" srcset=\"https:\/\/danse-classique.com\/wp-content\/uploads\/Photos_Galas\/Gala_2019\/Gala_2019_Part1\/24_defile\/P4471.jpg 479w, https:\/\/danse-classique.com\/wp-content\/uploads\/Photos_Galas\/Gala_2019\/Gala_2019_Part1\/24_defile\/P4471-400x284.jpg 480w\" sizes=\"(max-width:479px) 479px, 100vw\" class=\"wp-image-10547\" \/>\n\t\t\t\t\t<span class=\"et_overlay\"><\/span>\n\t\t\t\t<\/a>\n\t\t\t\t<\/div><\/div><div class=\"et_pb_gallery_item et_pb_grid_item et_pb_bg_layout_light et_pb_css_mix_blend_mode et_pb_gallery_item_0_55\"><div class=\"et_pb_gallery_image landscape\">\n\t\t\t\t\t<a href=\"https:\/\/danse-classique.com\/wp-content\/uploads\/Photos_Galas\/Gala_2019\/Gala_2019_Part1\/24_defile\/P4473.jpg\" title=\"P4473\">\n\t\t\t\t\t<img loading=\"lazy\" decoding=\"async\" width=\"400\" height=\"284\" src=\"https:\/\/danse-classique.com\/wp-content\/uploads\/Photos_Galas\/Gala_2019\/Gala_2019_Part1\/24_defile\/P4473-400x284.jpg\" srcset=\"https:\/\/danse-classique.com\/wp-content\/uploads\/Photos_Galas\/Gala_2019\/Gala_2019_Part1\/24_defile\/P4473.jpg 479w, https:\/\/danse-classique.com\/wp-content\/uploads\/Photos_Galas\/Gala_2019\/Gala_2019_Part1\/24_defile\/P4473-400x284.jpg 480w\" sizes=\"(max-width:479px) 479px, 100vw\" class=\"wp-image-10546\" \/>\n\t\t\t\t\t<span class=\"et_overlay\"><\/span>\n\t\t\t\t<\/a>\n\t\t\t\t<\/div><\/div><div class=\"et_pb_gallery_item et_pb_grid_item et_pb_bg_layout_light et_pb_css_mix_blend_mode et_pb_gallery_item_0_56\"><div class=\"et_pb_gallery_image landscape\">\n\t\t\t\t\t<a href=\"https:\/\/danse-classique.com\/wp-content\/uploads\/Photos_Galas\/Gala_2019\/Gala_2019_Part1\/24_defile\/P4475.jpg\" title=\"P4475\">\n\t\t\t\t\t<img loading=\"lazy\" decoding=\"async\" width=\"400\" height=\"284\" src=\"https:\/\/danse-classique.com\/wp-content\/uploads\/Photos_Galas\/Gala_2019\/Gala_2019_Part1\/24_defile\/P4475-400x284.jpg\" srcset=\"https:\/\/danse-classique.com\/wp-content\/uploads\/Photos_Galas\/Gala_2019\/Gala_2019_Part1\/24_defile\/P4475.jpg 479w, https:\/\/danse-classique.com\/wp-content\/uploads\/Photos_Galas\/Gala_2019\/Gala_2019_Part1\/24_defile\/P4475-400x284.jpg 480w\" sizes=\"(max-width:479px) 479px, 100vw\" class=\"wp-image-10545\" \/>\n\t\t\t\t\t<span class=\"et_overlay\"><\/span>\n\t\t\t\t<\/a>\n\t\t\t\t<\/div><\/div><div class=\"et_pb_gallery_item et_pb_grid_item et_pb_bg_layout_light et_pb_css_mix_blend_mode et_pb_gallery_item_0_57\"><div class=\"et_pb_gallery_image landscape\">\n\t\t\t\t\t<a href=\"https:\/\/danse-classique.com\/wp-content\/uploads\/Photos_Galas\/Gala_2019\/Gala_2019_Part1\/24_defile\/P4470.jpg\" title=\"P4470\">\n\t\t\t\t\t<img loading=\"lazy\" decoding=\"async\" width=\"400\" height=\"284\" src=\"https:\/\/danse-classique.com\/wp-content\/uploads\/Photos_Galas\/Gala_2019\/Gala_2019_Part1\/24_defile\/P4470-400x284.jpg\" srcset=\"https:\/\/danse-classique.com\/wp-content\/uploads\/Photos_Galas\/Gala_2019\/Gala_2019_Part1\/24_defile\/P4470.jpg 479w, https:\/\/danse-classique.com\/wp-content\/uploads\/Photos_Galas\/Gala_2019\/Gala_2019_Part1\/24_defile\/P4470-400x284.jpg 480w\" sizes=\"(max-width:479px) 479px, 100vw\" class=\"wp-image-10544\" \/>\n\t\t\t\t\t<span class=\"et_overlay\"><\/span>\n\t\t\t\t<\/a>\n\t\t\t\t<\/div><\/div><div class=\"et_pb_gallery_item et_pb_grid_item et_pb_bg_layout_light et_pb_css_mix_blend_mode et_pb_gallery_item_0_58\"><div class=\"et_pb_gallery_image landscape\">\n\t\t\t\t\t<a href=\"https:\/\/danse-classique.com\/wp-content\/uploads\/Photos_Galas\/Gala_2019\/Gala_2019_Part1\/24_defile\/P4467.jpg\" title=\"P4467\">\n\t\t\t\t\t<img loading=\"lazy\" decoding=\"async\" width=\"400\" height=\"284\" src=\"https:\/\/danse-classique.com\/wp-content\/uploads\/Photos_Galas\/Gala_2019\/Gala_2019_Part1\/24_defile\/P4467-400x284.jpg\" srcset=\"https:\/\/danse-classique.com\/wp-content\/uploads\/Photos_Galas\/Gala_2019\/Gala_2019_Part1\/24_defile\/P4467.jpg 479w, https:\/\/danse-classique.com\/wp-content\/uploads\/Photos_Galas\/Gala_2019\/Gala_2019_Part1\/24_defile\/P4467-400x284.jpg 480w\" sizes=\"(max-width:479px) 479px, 100vw\" class=\"wp-image-10543\" \/>\n\t\t\t\t\t<span class=\"et_overlay\"><\/span>\n\t\t\t\t<\/a>\n\t\t\t\t<\/div><\/div><div class=\"et_pb_gallery_item et_pb_grid_item et_pb_bg_layout_light et_pb_css_mix_blend_mode et_pb_gallery_item_0_59\"><div class=\"et_pb_gallery_image landscape\">\n\t\t\t\t\t<a href=\"https:\/\/danse-classique.com\/wp-content\/uploads\/Photos_Galas\/Gala_2019\/Gala_2019_Part1\/24_defile\/P4468.jpg\" title=\"P4468\">\n\t\t\t\t\t<img loading=\"lazy\" decoding=\"async\" width=\"400\" height=\"284\" src=\"https:\/\/danse-classique.com\/wp-content\/uploads\/Photos_Galas\/Gala_2019\/Gala_2019_Part1\/24_defile\/P4468-400x284.jpg\" srcset=\"https:\/\/danse-classique.com\/wp-content\/uploads\/Photos_Galas\/Gala_2019\/Gala_2019_Part1\/24_defile\/P4468.jpg 479w, https:\/\/danse-classique.com\/wp-content\/uploads\/Photos_Galas\/Gala_2019\/Gala_2019_Part1\/24_defile\/P4468-400x284.jpg 480w\" sizes=\"(max-width:479px) 479px, 100vw\" class=\"wp-image-10542\" \/>\n\t\t\t\t\t<span class=\"et_overlay\"><\/span>\n\t\t\t\t<\/a>\n\t\t\t\t<\/div><\/div><div class=\"et_pb_gallery_item et_pb_grid_item et_pb_bg_layout_light et_pb_css_mix_blend_mode et_pb_gallery_item_0_60\"><div class=\"et_pb_gallery_image landscape\">\n\t\t\t\t\t<a href=\"https:\/\/danse-classique.com\/wp-content\/uploads\/Photos_Galas\/Gala_2019\/Gala_2019_Part1\/24_defile\/P4469.jpg\" title=\"P4469\">\n\t\t\t\t\t<img loading=\"lazy\" decoding=\"async\" width=\"400\" height=\"284\" src=\"https:\/\/danse-classique.com\/wp-content\/uploads\/Photos_Galas\/Gala_2019\/Gala_2019_Part1\/24_defile\/P4469-400x284.jpg\" srcset=\"https:\/\/danse-classique.com\/wp-content\/uploads\/Photos_Galas\/Gala_2019\/Gala_2019_Part1\/24_defile\/P4469.jpg 479w, https:\/\/danse-classique.com\/wp-content\/uploads\/Photos_Galas\/Gala_2019\/Gala_2019_Part1\/24_defile\/P4469-400x284.jpg 480w\" sizes=\"(max-width:479px) 479px, 100vw\" class=\"wp-image-10541\" \/>\n\t\t\t\t\t<span class=\"et_overlay\"><\/span>\n\t\t\t\t<\/a>\n\t\t\t\t<\/div><\/div><div class=\"et_pb_gallery_item et_pb_grid_item et_pb_bg_layout_light et_pb_css_mix_blend_mode et_pb_gallery_item_0_61\"><div class=\"et_pb_gallery_image landscape\">\n\t\t\t\t\t<a href=\"https:\/\/danse-classique.com\/wp-content\/uploads\/Photos_Galas\/Gala_2019\/Gala_2019_Part1\/24_defile\/P4466.jpg\" title=\"P4466\">\n\t\t\t\t\t<img loading=\"lazy\" decoding=\"async\" width=\"400\" height=\"284\" src=\"https:\/\/danse-classique.com\/wp-content\/uploads\/Photos_Galas\/Gala_2019\/Gala_2019_Part1\/24_defile\/P4466-400x284.jpg\" srcset=\"https:\/\/danse-classique.com\/wp-content\/uploads\/Photos_Galas\/Gala_2019\/Gala_2019_Part1\/24_defile\/P4466.jpg 479w, https:\/\/danse-classique.com\/wp-content\/uploads\/Photos_Galas\/Gala_2019\/Gala_2019_Part1\/24_defile\/P4466-400x284.jpg 480w\" sizes=\"(max-width:479px) 479px, 100vw\" class=\"wp-image-10540\" \/>\n\t\t\t\t\t<span class=\"et_overlay\"><\/span>\n\t\t\t\t<\/a>\n\t\t\t\t<\/div><\/div><div class=\"et_pb_gallery_item et_pb_grid_item et_pb_bg_layout_light et_pb_css_mix_blend_mode et_pb_gallery_item_0_62\"><div class=\"et_pb_gallery_image landscape\">\n\t\t\t\t\t<a href=\"https:\/\/danse-classique.com\/wp-content\/uploads\/Photos_Galas\/Gala_2019\/Gala_2019_Part1\/24_defile\/P4465.jpg\" title=\"P4465\">\n\t\t\t\t\t<img loading=\"lazy\" decoding=\"async\" width=\"400\" height=\"284\" src=\"https:\/\/danse-classique.com\/wp-content\/uploads\/Photos_Galas\/Gala_2019\/Gala_2019_Part1\/24_defile\/P4465-400x284.jpg\" srcset=\"https:\/\/danse-classique.com\/wp-content\/uploads\/Photos_Galas\/Gala_2019\/Gala_2019_Part1\/24_defile\/P4465.jpg 479w, https:\/\/danse-classique.com\/wp-content\/uploads\/Photos_Galas\/Gala_2019\/Gala_2019_Part1\/24_defile\/P4465-400x284.jpg 480w\" sizes=\"(max-width:479px) 479px, 100vw\" class=\"wp-image-10539\" \/>\n\t\t\t\t\t<span class=\"et_overlay\"><\/span>\n\t\t\t\t<\/a>\n\t\t\t\t<\/div><\/div><div class=\"et_pb_gallery_item et_pb_grid_item et_pb_bg_layout_light et_pb_css_mix_blend_mode et_pb_gallery_item_0_63\"><div class=\"et_pb_gallery_image landscape\">\n\t\t\t\t\t<a href=\"https:\/\/danse-classique.com\/wp-content\/uploads\/Photos_Galas\/Gala_2019\/Gala_2019_Part1\/24_defile\/P4462.jpg\" title=\"P4462\">\n\t\t\t\t\t<img loading=\"lazy\" decoding=\"async\" width=\"400\" height=\"284\" src=\"https:\/\/danse-classique.com\/wp-content\/uploads\/Photos_Galas\/Gala_2019\/Gala_2019_Part1\/24_defile\/P4462-400x284.jpg\" srcset=\"https:\/\/danse-classique.com\/wp-content\/uploads\/Photos_Galas\/Gala_2019\/Gala_2019_Part1\/24_defile\/P4462.jpg 479w, https:\/\/danse-classique.com\/wp-content\/uploads\/Photos_Galas\/Gala_2019\/Gala_2019_Part1\/24_defile\/P4462-400x284.jpg 480w\" sizes=\"(max-width:479px) 479px, 100vw\" class=\"wp-image-10538\" \/>\n\t\t\t\t\t<span class=\"et_overlay\"><\/span>\n\t\t\t\t<\/a>\n\t\t\t\t<\/div><\/div><div class=\"et_pb_gallery_item et_pb_grid_item et_pb_bg_layout_light et_pb_css_mix_blend_mode et_pb_gallery_item_0_64\"><div class=\"et_pb_gallery_image landscape\">\n\t\t\t\t\t<a href=\"https:\/\/danse-classique.com\/wp-content\/uploads\/Photos_Galas\/Gala_2019\/Gala_2019_Part1\/24_defile\/P4464.jpg\" title=\"P4464\">\n\t\t\t\t\t<img loading=\"lazy\" decoding=\"async\" width=\"400\" height=\"284\" src=\"https:\/\/danse-classique.com\/wp-content\/uploads\/Photos_Galas\/Gala_2019\/Gala_2019_Part1\/24_defile\/P4464-400x284.jpg\" srcset=\"https:\/\/danse-classique.com\/wp-content\/uploads\/Photos_Galas\/Gala_2019\/Gala_2019_Part1\/24_defile\/P4464.jpg 479w, https:\/\/danse-classique.com\/wp-content\/uploads\/Photos_Galas\/Gala_2019\/Gala_2019_Part1\/24_defile\/P4464-400x284.jpg 480w\" sizes=\"(max-width:479px) 479px, 100vw\" class=\"wp-image-10537\" \/>\n\t\t\t\t\t<span class=\"et_overlay\"><\/span>\n\t\t\t\t<\/a>\n\t\t\t\t<\/div><\/div><div class=\"et_pb_gallery_item et_pb_grid_item et_pb_bg_layout_light et_pb_css_mix_blend_mode et_pb_gallery_item_0_65\"><div class=\"et_pb_gallery_image landscape\">\n\t\t\t\t\t<a href=\"https:\/\/danse-classique.com\/wp-content\/uploads\/Photos_Galas\/Gala_2019\/Gala_2019_Part1\/24_defile\/P4459.jpg\" title=\"P4459\">\n\t\t\t\t\t<img loading=\"lazy\" decoding=\"async\" width=\"400\" height=\"284\" src=\"https:\/\/danse-classique.com\/wp-content\/uploads\/Photos_Galas\/Gala_2019\/Gala_2019_Part1\/24_defile\/P4459-400x284.jpg\" srcset=\"https:\/\/danse-classique.com\/wp-content\/uploads\/Photos_Galas\/Gala_2019\/Gala_2019_Part1\/24_defile\/P4459.jpg 479w, https:\/\/danse-classique.com\/wp-content\/uploads\/Photos_Galas\/Gala_2019\/Gala_2019_Part1\/24_defile\/P4459-400x284.jpg 480w\" sizes=\"(max-width:479px) 479px, 100vw\" class=\"wp-image-10536\" \/>\n\t\t\t\t\t<span class=\"et_overlay\"><\/span>\n\t\t\t\t<\/a>\n\t\t\t\t<\/div><\/div><div class=\"et_pb_gallery_item et_pb_grid_item et_pb_bg_layout_light et_pb_css_mix_blend_mode et_pb_gallery_item_0_66\"><div class=\"et_pb_gallery_image landscape\">\n\t\t\t\t\t<a href=\"https:\/\/danse-classique.com\/wp-content\/uploads\/Photos_Galas\/Gala_2019\/Gala_2019_Part1\/24_defile\/P4463.jpg\" title=\"P4463\">\n\t\t\t\t\t<img loading=\"lazy\" decoding=\"async\" width=\"400\" height=\"284\" src=\"https:\/\/danse-classique.com\/wp-content\/uploads\/Photos_Galas\/Gala_2019\/Gala_2019_Part1\/24_defile\/P4463-400x284.jpg\" srcset=\"https:\/\/danse-classique.com\/wp-content\/uploads\/Photos_Galas\/Gala_2019\/Gala_2019_Part1\/24_defile\/P4463.jpg 479w, https:\/\/danse-classique.com\/wp-content\/uploads\/Photos_Galas\/Gala_2019\/Gala_2019_Part1\/24_defile\/P4463-400x284.jpg 480w\" sizes=\"(max-width:479px) 479px, 100vw\" class=\"wp-image-10535\" \/>\n\t\t\t\t\t<span class=\"et_overlay\"><\/span>\n\t\t\t\t<\/a>\n\t\t\t\t<\/div><\/div><div class=\"et_pb_gallery_item et_pb_grid_item et_pb_bg_layout_light et_pb_css_mix_blend_mode et_pb_gallery_item_0_67\"><div class=\"et_pb_gallery_image landscape\">\n\t\t\t\t\t<a href=\"https:\/\/danse-classique.com\/wp-content\/uploads\/Photos_Galas\/Gala_2019\/Gala_2019_Part1\/24_defile\/P4461.jpg\" title=\"P4461\">\n\t\t\t\t\t<img loading=\"lazy\" decoding=\"async\" width=\"400\" height=\"284\" src=\"https:\/\/danse-classique.com\/wp-content\/uploads\/Photos_Galas\/Gala_2019\/Gala_2019_Part1\/24_defile\/P4461-400x284.jpg\" srcset=\"https:\/\/danse-classique.com\/wp-content\/uploads\/Photos_Galas\/Gala_2019\/Gala_2019_Part1\/24_defile\/P4461.jpg 479w, https:\/\/danse-classique.com\/wp-content\/uploads\/Photos_Galas\/Gala_2019\/Gala_2019_Part1\/24_defile\/P4461-400x284.jpg 480w\" sizes=\"(max-width:479px) 479px, 100vw\" class=\"wp-image-10534\" \/>\n\t\t\t\t\t<span class=\"et_overlay\"><\/span>\n\t\t\t\t<\/a>\n\t\t\t\t<\/div><\/div><div class=\"et_pb_gallery_item et_pb_grid_item et_pb_bg_layout_light et_pb_css_mix_blend_mode et_pb_gallery_item_0_68\"><div class=\"et_pb_gallery_image landscape\">\n\t\t\t\t\t<a href=\"https:\/\/danse-classique.com\/wp-content\/uploads\/Photos_Galas\/Gala_2019\/Gala_2019_Part1\/24_defile\/P4460.jpg\" title=\"P4460\">\n\t\t\t\t\t<img loading=\"lazy\" decoding=\"async\" width=\"400\" height=\"284\" src=\"https:\/\/danse-classique.com\/wp-content\/uploads\/Photos_Galas\/Gala_2019\/Gala_2019_Part1\/24_defile\/P4460-400x284.jpg\" srcset=\"https:\/\/danse-classique.com\/wp-content\/uploads\/Photos_Galas\/Gala_2019\/Gala_2019_Part1\/24_defile\/P4460.jpg 479w, https:\/\/danse-classique.com\/wp-content\/uploads\/Photos_Galas\/Gala_2019\/Gala_2019_Part1\/24_defile\/P4460-400x284.jpg 480w\" sizes=\"(max-width:479px) 479px, 100vw\" class=\"wp-image-10533\" \/>\n\t\t\t\t\t<span class=\"et_overlay\"><\/span>\n\t\t\t\t<\/a>\n\t\t\t\t<\/div><\/div><div class=\"et_pb_gallery_item et_pb_grid_item et_pb_bg_layout_light et_pb_css_mix_blend_mode et_pb_gallery_item_0_69\"><div class=\"et_pb_gallery_image landscape\">\n\t\t\t\t\t<a href=\"https:\/\/danse-classique.com\/wp-content\/uploads\/Photos_Galas\/Gala_2019\/Gala_2019_Part1\/24_defile\/P4458.jpg\" title=\"P4458\">\n\t\t\t\t\t<img loading=\"lazy\" decoding=\"async\" width=\"400\" height=\"284\" src=\"https:\/\/danse-classique.com\/wp-content\/uploads\/Photos_Galas\/Gala_2019\/Gala_2019_Part1\/24_defile\/P4458-400x284.jpg\" srcset=\"https:\/\/danse-classique.com\/wp-content\/uploads\/Photos_Galas\/Gala_2019\/Gala_2019_Part1\/24_defile\/P4458.jpg 479w, https:\/\/danse-classique.com\/wp-content\/uploads\/Photos_Galas\/Gala_2019\/Gala_2019_Part1\/24_defile\/P4458-400x284.jpg 480w\" sizes=\"(max-width:479px) 479px, 100vw\" class=\"wp-image-10532\" \/>\n\t\t\t\t\t<span class=\"et_overlay\"><\/span>\n\t\t\t\t<\/a>\n\t\t\t\t<\/div><\/div><div class=\"et_pb_gallery_item et_pb_grid_item et_pb_bg_layout_light et_pb_css_mix_blend_mode et_pb_gallery_item_0_70\"><div class=\"et_pb_gallery_image landscape\">\n\t\t\t\t\t<a href=\"https:\/\/danse-classique.com\/wp-content\/uploads\/Photos_Galas\/Gala_2019\/Gala_2019_Part1\/24_defile\/P4457.jpg\" title=\"P4457\">\n\t\t\t\t\t<img loading=\"lazy\" decoding=\"async\" width=\"400\" height=\"284\" src=\"https:\/\/danse-classique.com\/wp-content\/uploads\/Photos_Galas\/Gala_2019\/Gala_2019_Part1\/24_defile\/P4457-400x284.jpg\" srcset=\"https:\/\/danse-classique.com\/wp-content\/uploads\/Photos_Galas\/Gala_2019\/Gala_2019_Part1\/24_defile\/P4457.jpg 479w, https:\/\/danse-classique.com\/wp-content\/uploads\/Photos_Galas\/Gala_2019\/Gala_2019_Part1\/24_defile\/P4457-400x284.jpg 480w\" sizes=\"(max-width:479px) 479px, 100vw\" class=\"wp-image-10531\" \/>\n\t\t\t\t\t<span class=\"et_overlay\"><\/span>\n\t\t\t\t<\/a>\n\t\t\t\t<\/div><\/div><div class=\"et_pb_gallery_item et_pb_grid_item et_pb_bg_layout_light et_pb_css_mix_blend_mode et_pb_gallery_item_0_71\"><div class=\"et_pb_gallery_image landscape\">\n\t\t\t\t\t<a href=\"https:\/\/danse-classique.com\/wp-content\/uploads\/Photos_Galas\/Gala_2019\/Gala_2019_Part1\/24_defile\/P4456.jpg\" title=\"P4456\">\n\t\t\t\t\t<img loading=\"lazy\" decoding=\"async\" width=\"400\" height=\"284\" src=\"https:\/\/danse-classique.com\/wp-content\/uploads\/Photos_Galas\/Gala_2019\/Gala_2019_Part1\/24_defile\/P4456-400x284.jpg\" srcset=\"https:\/\/danse-classique.com\/wp-content\/uploads\/Photos_Galas\/Gala_2019\/Gala_2019_Part1\/24_defile\/P4456.jpg 479w, https:\/\/danse-classique.com\/wp-content\/uploads\/Photos_Galas\/Gala_2019\/Gala_2019_Part1\/24_defile\/P4456-400x284.jpg 480w\" sizes=\"(max-width:479px) 479px, 100vw\" class=\"wp-image-10530\" \/>\n\t\t\t\t\t<span class=\"et_overlay\"><\/span>\n\t\t\t\t<\/a>\n\t\t\t\t<\/div><\/div><div class=\"et_pb_gallery_item et_pb_grid_item et_pb_bg_layout_light et_pb_css_mix_blend_mode et_pb_gallery_item_0_72\"><div class=\"et_pb_gallery_image landscape\">\n\t\t\t\t\t<a href=\"https:\/\/danse-classique.com\/wp-content\/uploads\/Photos_Galas\/Gala_2019\/Gala_2019_Part1\/24_defile\/P4451.jpg\" title=\"P4451\">\n\t\t\t\t\t<img loading=\"lazy\" decoding=\"async\" width=\"400\" height=\"284\" src=\"https:\/\/danse-classique.com\/wp-content\/uploads\/Photos_Galas\/Gala_2019\/Gala_2019_Part1\/24_defile\/P4451-400x284.jpg\" srcset=\"https:\/\/danse-classique.com\/wp-content\/uploads\/Photos_Galas\/Gala_2019\/Gala_2019_Part1\/24_defile\/P4451.jpg 479w, https:\/\/danse-classique.com\/wp-content\/uploads\/Photos_Galas\/Gala_2019\/Gala_2019_Part1\/24_defile\/P4451-400x284.jpg 480w\" sizes=\"(max-width:479px) 479px, 100vw\" class=\"wp-image-10529\" \/>\n\t\t\t\t\t<span class=\"et_overlay\"><\/span>\n\t\t\t\t<\/a>\n\t\t\t\t<\/div><\/div><div class=\"et_pb_gallery_item et_pb_grid_item et_pb_bg_layout_light et_pb_css_mix_blend_mode et_pb_gallery_item_0_73\"><div class=\"et_pb_gallery_image landscape\">\n\t\t\t\t\t<a href=\"https:\/\/danse-classique.com\/wp-content\/uploads\/Photos_Galas\/Gala_2019\/Gala_2019_Part1\/24_defile\/P4454.jpg\" title=\"P4454\">\n\t\t\t\t\t<img loading=\"lazy\" decoding=\"async\" width=\"400\" height=\"284\" src=\"https:\/\/danse-classique.com\/wp-content\/uploads\/Photos_Galas\/Gala_2019\/Gala_2019_Part1\/24_defile\/P4454-400x284.jpg\" srcset=\"https:\/\/danse-classique.com\/wp-content\/uploads\/Photos_Galas\/Gala_2019\/Gala_2019_Part1\/24_defile\/P4454.jpg 479w, https:\/\/danse-classique.com\/wp-content\/uploads\/Photos_Galas\/Gala_2019\/Gala_2019_Part1\/24_defile\/P4454-400x284.jpg 480w\" sizes=\"(max-width:479px) 479px, 100vw\" class=\"wp-image-10527\" \/>\n\t\t\t\t\t<span class=\"et_overlay\"><\/span>\n\t\t\t\t<\/a>\n\t\t\t\t<\/div><\/div><div class=\"et_pb_gallery_item et_pb_grid_item et_pb_bg_layout_light et_pb_css_mix_blend_mode et_pb_gallery_item_0_74\"><div class=\"et_pb_gallery_image landscape\">\n\t\t\t\t\t<a href=\"https:\/\/danse-classique.com\/wp-content\/uploads\/Photos_Galas\/Gala_2019\/Gala_2019_Part1\/24_defile\/P4453.jpg\" title=\"P4453\">\n\t\t\t\t\t<img loading=\"lazy\" decoding=\"async\" width=\"400\" height=\"284\" src=\"https:\/\/danse-classique.com\/wp-content\/uploads\/Photos_Galas\/Gala_2019\/Gala_2019_Part1\/24_defile\/P4453-400x284.jpg\" srcset=\"https:\/\/danse-classique.com\/wp-content\/uploads\/Photos_Galas\/Gala_2019\/Gala_2019_Part1\/24_defile\/P4453.jpg 479w, https:\/\/danse-classique.com\/wp-content\/uploads\/Photos_Galas\/Gala_2019\/Gala_2019_Part1\/24_defile\/P4453-400x284.jpg 480w\" sizes=\"(max-width:479px) 479px, 100vw\" class=\"wp-image-10526\" \/>\n\t\t\t\t\t<span class=\"et_overlay\"><\/span>\n\t\t\t\t<\/a>\n\t\t\t\t<\/div><\/div><div class=\"et_pb_gallery_item et_pb_grid_item et_pb_bg_layout_light et_pb_css_mix_blend_mode et_pb_gallery_item_0_75\"><div class=\"et_pb_gallery_image landscape\">\n\t\t\t\t\t<a href=\"https:\/\/danse-classique.com\/wp-content\/uploads\/Photos_Galas\/Gala_2019\/Gala_2019_Part1\/24_defile\/P4452.jpg\" title=\"P4452\">\n\t\t\t\t\t<img loading=\"lazy\" decoding=\"async\" width=\"400\" height=\"284\" src=\"https:\/\/danse-classique.com\/wp-content\/uploads\/Photos_Galas\/Gala_2019\/Gala_2019_Part1\/24_defile\/P4452-400x284.jpg\" srcset=\"https:\/\/danse-classique.com\/wp-content\/uploads\/Photos_Galas\/Gala_2019\/Gala_2019_Part1\/24_defile\/P4452.jpg 479w, https:\/\/danse-classique.com\/wp-content\/uploads\/Photos_Galas\/Gala_2019\/Gala_2019_Part1\/24_defile\/P4452-400x284.jpg 480w\" sizes=\"(max-width:479px) 479px, 100vw\" class=\"wp-image-10525\" \/>\n\t\t\t\t\t<span class=\"et_overlay\"><\/span>\n\t\t\t\t<\/a>\n\t\t\t\t<\/div><\/div><div class=\"et_pb_gallery_item et_pb_grid_item et_pb_bg_layout_light et_pb_css_mix_blend_mode et_pb_gallery_item_0_76\"><div class=\"et_pb_gallery_image landscape\">\n\t\t\t\t\t<a href=\"https:\/\/danse-classique.com\/wp-content\/uploads\/Photos_Galas\/Gala_2019\/Gala_2019_Part1\/24_defile\/P4450.jpg\" title=\"P4450\">\n\t\t\t\t\t<img loading=\"lazy\" decoding=\"async\" width=\"400\" height=\"284\" src=\"https:\/\/danse-classique.com\/wp-content\/uploads\/Photos_Galas\/Gala_2019\/Gala_2019_Part1\/24_defile\/P4450-400x284.jpg\" srcset=\"https:\/\/danse-classique.com\/wp-content\/uploads\/Photos_Galas\/Gala_2019\/Gala_2019_Part1\/24_defile\/P4450.jpg 479w, https:\/\/danse-classique.com\/wp-content\/uploads\/Photos_Galas\/Gala_2019\/Gala_2019_Part1\/24_defile\/P4450-400x284.jpg 480w\" sizes=\"(max-width:479px) 479px, 100vw\" class=\"wp-image-10524\" \/>\n\t\t\t\t\t<span class=\"et_overlay\"><\/span>\n\t\t\t\t<\/a>\n\t\t\t\t<\/div><\/div><div class=\"et_pb_gallery_item et_pb_grid_item et_pb_bg_layout_light et_pb_css_mix_blend_mode et_pb_gallery_item_0_77\"><div class=\"et_pb_gallery_image landscape\">\n\t\t\t\t\t<a href=\"https:\/\/danse-classique.com\/wp-content\/uploads\/Photos_Galas\/Gala_2019\/Gala_2019_Part1\/24_defile\/P4448.jpg\" title=\"P4448\">\n\t\t\t\t\t<img loading=\"lazy\" decoding=\"async\" width=\"400\" height=\"284\" src=\"https:\/\/danse-classique.com\/wp-content\/uploads\/Photos_Galas\/Gala_2019\/Gala_2019_Part1\/24_defile\/P4448-400x284.jpg\" srcset=\"https:\/\/danse-classique.com\/wp-content\/uploads\/Photos_Galas\/Gala_2019\/Gala_2019_Part1\/24_defile\/P4448.jpg 479w, https:\/\/danse-classique.com\/wp-content\/uploads\/Photos_Galas\/Gala_2019\/Gala_2019_Part1\/24_defile\/P4448-400x284.jpg 480w\" sizes=\"(max-width:479px) 479px, 100vw\" class=\"wp-image-10523\" \/>\n\t\t\t\t\t<span class=\"et_overlay\"><\/span>\n\t\t\t\t<\/a>\n\t\t\t\t<\/div><\/div><div class=\"et_pb_gallery_item et_pb_grid_item et_pb_bg_layout_light et_pb_css_mix_blend_mode et_pb_gallery_item_0_78\"><div class=\"et_pb_gallery_image landscape\">\n\t\t\t\t\t<a href=\"https:\/\/danse-classique.com\/wp-content\/uploads\/Photos_Galas\/Gala_2019\/Gala_2019_Part1\/24_defile\/P4447.jpg\" title=\"P4447\">\n\t\t\t\t\t<img loading=\"lazy\" decoding=\"async\" width=\"400\" height=\"284\" src=\"https:\/\/danse-classique.com\/wp-content\/uploads\/Photos_Galas\/Gala_2019\/Gala_2019_Part1\/24_defile\/P4447-400x284.jpg\" srcset=\"https:\/\/danse-classique.com\/wp-content\/uploads\/Photos_Galas\/Gala_2019\/Gala_2019_Part1\/24_defile\/P4447.jpg 479w, https:\/\/danse-classique.com\/wp-content\/uploads\/Photos_Galas\/Gala_2019\/Gala_2019_Part1\/24_defile\/P4447-400x284.jpg 480w\" sizes=\"(max-width:479px) 479px, 100vw\" class=\"wp-image-10522\" \/>\n\t\t\t\t\t<span class=\"et_overlay\"><\/span>\n\t\t\t\t<\/a>\n\t\t\t\t<\/div><\/div><div class=\"et_pb_gallery_item et_pb_grid_item et_pb_bg_layout_light et_pb_css_mix_blend_mode et_pb_gallery_item_0_79\"><div class=\"et_pb_gallery_image landscape\">\n\t\t\t\t\t<a href=\"https:\/\/danse-classique.com\/wp-content\/uploads\/Photos_Galas\/Gala_2019\/Gala_2019_Part1\/24_defile\/P4445.jpg\" title=\"P4445\">\n\t\t\t\t\t<img loading=\"lazy\" decoding=\"async\" width=\"400\" height=\"284\" src=\"https:\/\/danse-classique.com\/wp-content\/uploads\/Photos_Galas\/Gala_2019\/Gala_2019_Part1\/24_defile\/P4445-400x284.jpg\" srcset=\"https:\/\/danse-classique.com\/wp-content\/uploads\/Photos_Galas\/Gala_2019\/Gala_2019_Part1\/24_defile\/P4445.jpg 479w, https:\/\/danse-classique.com\/wp-content\/uploads\/Photos_Galas\/Gala_2019\/Gala_2019_Part1\/24_defile\/P4445-400x284.jpg 480w\" sizes=\"(max-width:479px) 479px, 100vw\" class=\"wp-image-10521\" \/>\n\t\t\t\t\t<span class=\"et_overlay\"><\/span>\n\t\t\t\t<\/a>\n\t\t\t\t<\/div><\/div><div class=\"et_pb_gallery_item et_pb_grid_item et_pb_bg_layout_light et_pb_css_mix_blend_mode et_pb_gallery_item_0_80\"><div class=\"et_pb_gallery_image landscape\">\n\t\t\t\t\t<a href=\"https:\/\/danse-classique.com\/wp-content\/uploads\/Photos_Galas\/Gala_2019\/Gala_2019_Part1\/24_defile\/P4446.jpg\" title=\"P4446\">\n\t\t\t\t\t<img loading=\"lazy\" decoding=\"async\" width=\"400\" height=\"284\" src=\"https:\/\/danse-classique.com\/wp-content\/uploads\/Photos_Galas\/Gala_2019\/Gala_2019_Part1\/24_defile\/P4446-400x284.jpg\" srcset=\"https:\/\/danse-classique.com\/wp-content\/uploads\/Photos_Galas\/Gala_2019\/Gala_2019_Part1\/24_defile\/P4446.jpg 479w, https:\/\/danse-classique.com\/wp-content\/uploads\/Photos_Galas\/Gala_2019\/Gala_2019_Part1\/24_defile\/P4446-400x284.jpg 480w\" sizes=\"(max-width:479px) 479px, 100vw\" class=\"wp-image-10520\" \/>\n\t\t\t\t\t<span class=\"et_overlay\"><\/span>\n\t\t\t\t<\/a>\n\t\t\t\t<\/div><\/div><div class=\"et_pb_gallery_item et_pb_grid_item et_pb_bg_layout_light et_pb_css_mix_blend_mode et_pb_gallery_item_0_81\"><div class=\"et_pb_gallery_image landscape\">\n\t\t\t\t\t<a href=\"https:\/\/danse-classique.com\/wp-content\/uploads\/Photos_Galas\/Gala_2019\/Gala_2019_Part1\/24_defile\/P4449.jpg\" title=\"P4449\">\n\t\t\t\t\t<img loading=\"lazy\" decoding=\"async\" width=\"400\" height=\"284\" src=\"https:\/\/danse-classique.com\/wp-content\/uploads\/Photos_Galas\/Gala_2019\/Gala_2019_Part1\/24_defile\/P4449-400x284.jpg\" srcset=\"https:\/\/danse-classique.com\/wp-content\/uploads\/Photos_Galas\/Gala_2019\/Gala_2019_Part1\/24_defile\/P4449.jpg 479w, https:\/\/danse-classique.com\/wp-content\/uploads\/Photos_Galas\/Gala_2019\/Gala_2019_Part1\/24_defile\/P4449-400x284.jpg 480w\" sizes=\"(max-width:479px) 479px, 100vw\" class=\"wp-image-10519\" \/>\n\t\t\t\t\t<span class=\"et_overlay\"><\/span>\n\t\t\t\t<\/a>\n\t\t\t\t<\/div><\/div><div class=\"et_pb_gallery_item et_pb_grid_item et_pb_bg_layout_light et_pb_css_mix_blend_mode et_pb_gallery_item_0_82\"><div class=\"et_pb_gallery_image landscape\">\n\t\t\t\t\t<a href=\"https:\/\/danse-classique.com\/wp-content\/uploads\/Photos_Galas\/Gala_2019\/Gala_2019_Part1\/24_defile\/P4439.jpg\" title=\"P4439\">\n\t\t\t\t\t<img loading=\"lazy\" decoding=\"async\" width=\"400\" height=\"284\" src=\"https:\/\/danse-classique.com\/wp-content\/uploads\/Photos_Galas\/Gala_2019\/Gala_2019_Part1\/24_defile\/P4439-400x284.jpg\" srcset=\"https:\/\/danse-classique.com\/wp-content\/uploads\/Photos_Galas\/Gala_2019\/Gala_2019_Part1\/24_defile\/P4439.jpg 479w, https:\/\/danse-classique.com\/wp-content\/uploads\/Photos_Galas\/Gala_2019\/Gala_2019_Part1\/24_defile\/P4439-400x284.jpg 480w\" sizes=\"(max-width:479px) 479px, 100vw\" class=\"wp-image-10518\" \/>\n\t\t\t\t\t<span class=\"et_overlay\"><\/span>\n\t\t\t\t<\/a>\n\t\t\t\t<\/div><\/div><div class=\"et_pb_gallery_item et_pb_grid_item et_pb_bg_layout_light et_pb_css_mix_blend_mode et_pb_gallery_item_0_83\"><div class=\"et_pb_gallery_image landscape\">\n\t\t\t\t\t<a href=\"https:\/\/danse-classique.com\/wp-content\/uploads\/Photos_Galas\/Gala_2019\/Gala_2019_Part1\/24_defile\/P4444.jpg\" title=\"P4444\">\n\t\t\t\t\t<img loading=\"lazy\" decoding=\"async\" width=\"400\" height=\"284\" src=\"https:\/\/danse-classique.com\/wp-content\/uploads\/Photos_Galas\/Gala_2019\/Gala_2019_Part1\/24_defile\/P4444-400x284.jpg\" srcset=\"https:\/\/danse-classique.com\/wp-content\/uploads\/Photos_Galas\/Gala_2019\/Gala_2019_Part1\/24_defile\/P4444.jpg 479w, https:\/\/danse-classique.com\/wp-content\/uploads\/Photos_Galas\/Gala_2019\/Gala_2019_Part1\/24_defile\/P4444-400x284.jpg 480w\" sizes=\"(max-width:479px) 479px, 100vw\" class=\"wp-image-10517\" \/>\n\t\t\t\t\t<span class=\"et_overlay\"><\/span>\n\t\t\t\t<\/a>\n\t\t\t\t<\/div><\/div><div class=\"et_pb_gallery_item et_pb_grid_item et_pb_bg_layout_light et_pb_css_mix_blend_mode et_pb_gallery_item_0_84\"><div class=\"et_pb_gallery_image landscape\">\n\t\t\t\t\t<a href=\"https:\/\/danse-classique.com\/wp-content\/uploads\/Photos_Galas\/Gala_2019\/Gala_2019_Part1\/24_defile\/P4438.jpg\" title=\"P4438\">\n\t\t\t\t\t<img loading=\"lazy\" decoding=\"async\" width=\"400\" height=\"284\" src=\"https:\/\/danse-classique.com\/wp-content\/uploads\/Photos_Galas\/Gala_2019\/Gala_2019_Part1\/24_defile\/P4438-400x284.jpg\" srcset=\"https:\/\/danse-classique.com\/wp-content\/uploads\/Photos_Galas\/Gala_2019\/Gala_2019_Part1\/24_defile\/P4438.jpg 479w, https:\/\/danse-classique.com\/wp-content\/uploads\/Photos_Galas\/Gala_2019\/Gala_2019_Part1\/24_defile\/P4438-400x284.jpg 480w\" sizes=\"(max-width:479px) 479px, 100vw\" class=\"wp-image-10516\" \/>\n\t\t\t\t\t<span class=\"et_overlay\"><\/span>\n\t\t\t\t<\/a>\n\t\t\t\t<\/div><\/div><div class=\"et_pb_gallery_item et_pb_grid_item et_pb_bg_layout_light et_pb_css_mix_blend_mode et_pb_gallery_item_0_85\"><div class=\"et_pb_gallery_image landscape\">\n\t\t\t\t\t<a href=\"https:\/\/danse-classique.com\/wp-content\/uploads\/Photos_Galas\/Gala_2019\/Gala_2019_Part1\/24_defile\/P4443.jpg\" title=\"P4443\">\n\t\t\t\t\t<img loading=\"lazy\" decoding=\"async\" width=\"400\" height=\"284\" src=\"https:\/\/danse-classique.com\/wp-content\/uploads\/Photos_Galas\/Gala_2019\/Gala_2019_Part1\/24_defile\/P4443-400x284.jpg\" srcset=\"https:\/\/danse-classique.com\/wp-content\/uploads\/Photos_Galas\/Gala_2019\/Gala_2019_Part1\/24_defile\/P4443.jpg 479w, https:\/\/danse-classique.com\/wp-content\/uploads\/Photos_Galas\/Gala_2019\/Gala_2019_Part1\/24_defile\/P4443-400x284.jpg 480w\" sizes=\"(max-width:479px) 479px, 100vw\" class=\"wp-image-10515\" \/>\n\t\t\t\t\t<span class=\"et_overlay\"><\/span>\n\t\t\t\t<\/a>\n\t\t\t\t<\/div><\/div><div class=\"et_pb_gallery_item et_pb_grid_item et_pb_bg_layout_light et_pb_css_mix_blend_mode et_pb_gallery_item_0_86\"><div class=\"et_pb_gallery_image landscape\">\n\t\t\t\t\t<a href=\"https:\/\/danse-classique.com\/wp-content\/uploads\/Photos_Galas\/Gala_2019\/Gala_2019_Part1\/24_defile\/P4435.jpg\" title=\"P4435\">\n\t\t\t\t\t<img loading=\"lazy\" decoding=\"async\" width=\"400\" height=\"284\" src=\"https:\/\/danse-classique.com\/wp-content\/uploads\/Photos_Galas\/Gala_2019\/Gala_2019_Part1\/24_defile\/P4435-400x284.jpg\" srcset=\"https:\/\/danse-classique.com\/wp-content\/uploads\/Photos_Galas\/Gala_2019\/Gala_2019_Part1\/24_defile\/P4435.jpg 479w, https:\/\/danse-classique.com\/wp-content\/uploads\/Photos_Galas\/Gala_2019\/Gala_2019_Part1\/24_defile\/P4435-400x284.jpg 480w\" sizes=\"(max-width:479px) 479px, 100vw\" class=\"wp-image-10514\" \/>\n\t\t\t\t\t<span class=\"et_overlay\"><\/span>\n\t\t\t\t<\/a>\n\t\t\t\t<\/div><\/div><div class=\"et_pb_gallery_item et_pb_grid_item et_pb_bg_layout_light et_pb_css_mix_blend_mode et_pb_gallery_item_0_87\"><div class=\"et_pb_gallery_image landscape\">\n\t\t\t\t\t<a href=\"https:\/\/danse-classique.com\/wp-content\/uploads\/Photos_Galas\/Gala_2019\/Gala_2019_Part1\/24_defile\/P4440.jpg\" title=\"P4440\">\n\t\t\t\t\t<img loading=\"lazy\" decoding=\"async\" width=\"400\" height=\"284\" src=\"https:\/\/danse-classique.com\/wp-content\/uploads\/Photos_Galas\/Gala_2019\/Gala_2019_Part1\/24_defile\/P4440-400x284.jpg\" srcset=\"https:\/\/danse-classique.com\/wp-content\/uploads\/Photos_Galas\/Gala_2019\/Gala_2019_Part1\/24_defile\/P4440.jpg 479w, https:\/\/danse-classique.com\/wp-content\/uploads\/Photos_Galas\/Gala_2019\/Gala_2019_Part1\/24_defile\/P4440-400x284.jpg 480w\" sizes=\"(max-width:479px) 479px, 100vw\" class=\"wp-image-10513\" \/>\n\t\t\t\t\t<span class=\"et_overlay\"><\/span>\n\t\t\t\t<\/a>\n\t\t\t\t<\/div><\/div><div class=\"et_pb_gallery_item et_pb_grid_item et_pb_bg_layout_light et_pb_css_mix_blend_mode et_pb_gallery_item_0_88\"><div class=\"et_pb_gallery_image landscape\">\n\t\t\t\t\t<a href=\"https:\/\/danse-classique.com\/wp-content\/uploads\/Photos_Galas\/Gala_2019\/Gala_2019_Part1\/24_defile\/P4442.jpg\" title=\"P4442\">\n\t\t\t\t\t<img loading=\"lazy\" decoding=\"async\" width=\"400\" height=\"284\" src=\"https:\/\/danse-classique.com\/wp-content\/uploads\/Photos_Galas\/Gala_2019\/Gala_2019_Part1\/24_defile\/P4442-400x284.jpg\" srcset=\"https:\/\/danse-classique.com\/wp-content\/uploads\/Photos_Galas\/Gala_2019\/Gala_2019_Part1\/24_defile\/P4442.jpg 479w, https:\/\/danse-classique.com\/wp-content\/uploads\/Photos_Galas\/Gala_2019\/Gala_2019_Part1\/24_defile\/P4442-400x284.jpg 480w\" sizes=\"(max-width:479px) 479px, 100vw\" class=\"wp-image-10512\" \/>\n\t\t\t\t\t<span class=\"et_overlay\"><\/span>\n\t\t\t\t<\/a>\n\t\t\t\t<\/div><\/div><div class=\"et_pb_gallery_item et_pb_grid_item et_pb_bg_layout_light et_pb_css_mix_blend_mode et_pb_gallery_item_0_89\"><div class=\"et_pb_gallery_image landscape\">\n\t\t\t\t\t<a href=\"https:\/\/danse-classique.com\/wp-content\/uploads\/Photos_Galas\/Gala_2019\/Gala_2019_Part1\/24_defile\/P4441.jpg\" title=\"P4441\">\n\t\t\t\t\t<img loading=\"lazy\" decoding=\"async\" width=\"400\" height=\"284\" src=\"https:\/\/danse-classique.com\/wp-content\/uploads\/Photos_Galas\/Gala_2019\/Gala_2019_Part1\/24_defile\/P4441-400x284.jpg\" srcset=\"https:\/\/danse-classique.com\/wp-content\/uploads\/Photos_Galas\/Gala_2019\/Gala_2019_Part1\/24_defile\/P4441.jpg 479w, https:\/\/danse-classique.com\/wp-content\/uploads\/Photos_Galas\/Gala_2019\/Gala_2019_Part1\/24_defile\/P4441-400x284.jpg 480w\" sizes=\"(max-width:479px) 479px, 100vw\" class=\"wp-image-10511\" \/>\n\t\t\t\t\t<span class=\"et_overlay\"><\/span>\n\t\t\t\t<\/a>\n\t\t\t\t<\/div><\/div><div class=\"et_pb_gallery_item et_pb_grid_item et_pb_bg_layout_light et_pb_css_mix_blend_mode et_pb_gallery_item_0_90\"><div class=\"et_pb_gallery_image landscape\">\n\t\t\t\t\t<a href=\"https:\/\/danse-classique.com\/wp-content\/uploads\/Photos_Galas\/Gala_2019\/Gala_2019_Part1\/24_defile\/P4431.jpg\" title=\"P4431\">\n\t\t\t\t\t<img loading=\"lazy\" decoding=\"async\" width=\"400\" height=\"284\" src=\"https:\/\/danse-classique.com\/wp-content\/uploads\/Photos_Galas\/Gala_2019\/Gala_2019_Part1\/24_defile\/P4431-400x284.jpg\" srcset=\"https:\/\/danse-classique.com\/wp-content\/uploads\/Photos_Galas\/Gala_2019\/Gala_2019_Part1\/24_defile\/P4431.jpg 479w, https:\/\/danse-classique.com\/wp-content\/uploads\/Photos_Galas\/Gala_2019\/Gala_2019_Part1\/24_defile\/P4431-400x284.jpg 480w\" sizes=\"(max-width:479px) 479px, 100vw\" class=\"wp-image-10510\" \/>\n\t\t\t\t\t<span class=\"et_overlay\"><\/span>\n\t\t\t\t<\/a>\n\t\t\t\t<\/div><\/div><div class=\"et_pb_gallery_item et_pb_grid_item et_pb_bg_layout_light et_pb_css_mix_blend_mode et_pb_gallery_item_0_91\"><div class=\"et_pb_gallery_image landscape\">\n\t\t\t\t\t<a href=\"https:\/\/danse-classique.com\/wp-content\/uploads\/Photos_Galas\/Gala_2019\/Gala_2019_Part1\/24_defile\/P4425.jpg\" title=\"P4425\">\n\t\t\t\t\t<img loading=\"lazy\" decoding=\"async\" width=\"400\" height=\"284\" src=\"https:\/\/danse-classique.com\/wp-content\/uploads\/Photos_Galas\/Gala_2019\/Gala_2019_Part1\/24_defile\/P4425-400x284.jpg\" srcset=\"https:\/\/danse-classique.com\/wp-content\/uploads\/Photos_Galas\/Gala_2019\/Gala_2019_Part1\/24_defile\/P4425.jpg 479w, https:\/\/danse-classique.com\/wp-content\/uploads\/Photos_Galas\/Gala_2019\/Gala_2019_Part1\/24_defile\/P4425-400x284.jpg 480w\" sizes=\"(max-width:479px) 479px, 100vw\" class=\"wp-image-10509\" \/>\n\t\t\t\t\t<span class=\"et_overlay\"><\/span>\n\t\t\t\t<\/a>\n\t\t\t\t<\/div><\/div><div class=\"et_pb_gallery_item et_pb_grid_item et_pb_bg_layout_light et_pb_css_mix_blend_mode et_pb_gallery_item_0_92\"><div class=\"et_pb_gallery_image landscape\">\n\t\t\t\t\t<a href=\"https:\/\/danse-classique.com\/wp-content\/uploads\/Photos_Galas\/Gala_2019\/Gala_2019_Part1\/24_defile\/P4436.jpg\" title=\"P4436\">\n\t\t\t\t\t<img loading=\"lazy\" decoding=\"async\" width=\"400\" height=\"284\" src=\"https:\/\/danse-classique.com\/wp-content\/uploads\/Photos_Galas\/Gala_2019\/Gala_2019_Part1\/24_defile\/P4436-400x284.jpg\" srcset=\"https:\/\/danse-classique.com\/wp-content\/uploads\/Photos_Galas\/Gala_2019\/Gala_2019_Part1\/24_defile\/P4436.jpg 479w, https:\/\/danse-classique.com\/wp-content\/uploads\/Photos_Galas\/Gala_2019\/Gala_2019_Part1\/24_defile\/P4436-400x284.jpg 480w\" sizes=\"(max-width:479px) 479px, 100vw\" class=\"wp-image-10508\" \/>\n\t\t\t\t\t<span class=\"et_overlay\"><\/span>\n\t\t\t\t<\/a>\n\t\t\t\t<\/div><\/div><div class=\"et_pb_gallery_item et_pb_grid_item et_pb_bg_layout_light et_pb_css_mix_blend_mode et_pb_gallery_item_0_93\"><div class=\"et_pb_gallery_image landscape\">\n\t\t\t\t\t<a href=\"https:\/\/danse-classique.com\/wp-content\/uploads\/Photos_Galas\/Gala_2019\/Gala_2019_Part1\/24_defile\/P4434.jpg\" title=\"P4434\">\n\t\t\t\t\t<img loading=\"lazy\" decoding=\"async\" width=\"400\" height=\"284\" src=\"https:\/\/danse-classique.com\/wp-content\/uploads\/Photos_Galas\/Gala_2019\/Gala_2019_Part1\/24_defile\/P4434-400x284.jpg\" srcset=\"https:\/\/danse-classique.com\/wp-content\/uploads\/Photos_Galas\/Gala_2019\/Gala_2019_Part1\/24_defile\/P4434.jpg 479w, https:\/\/danse-classique.com\/wp-content\/uploads\/Photos_Galas\/Gala_2019\/Gala_2019_Part1\/24_defile\/P4434-400x284.jpg 480w\" sizes=\"(max-width:479px) 479px, 100vw\" class=\"wp-image-10507\" \/>\n\t\t\t\t\t<span class=\"et_overlay\"><\/span>\n\t\t\t\t<\/a>\n\t\t\t\t<\/div><\/div><div class=\"et_pb_gallery_item et_pb_grid_item et_pb_bg_layout_light et_pb_css_mix_blend_mode et_pb_gallery_item_0_94\"><div class=\"et_pb_gallery_image landscape\">\n\t\t\t\t\t<a href=\"https:\/\/danse-classique.com\/wp-content\/uploads\/Photos_Galas\/Gala_2019\/Gala_2019_Part1\/24_defile\/P4430.jpg\" title=\"P4430\">\n\t\t\t\t\t<img loading=\"lazy\" decoding=\"async\" width=\"400\" height=\"284\" src=\"https:\/\/danse-classique.com\/wp-content\/uploads\/Photos_Galas\/Gala_2019\/Gala_2019_Part1\/24_defile\/P4430-400x284.jpg\" srcset=\"https:\/\/danse-classique.com\/wp-content\/uploads\/Photos_Galas\/Gala_2019\/Gala_2019_Part1\/24_defile\/P4430.jpg 479w, https:\/\/danse-classique.com\/wp-content\/uploads\/Photos_Galas\/Gala_2019\/Gala_2019_Part1\/24_defile\/P4430-400x284.jpg 480w\" sizes=\"(max-width:479px) 479px, 100vw\" class=\"wp-image-10506\" \/>\n\t\t\t\t\t<span class=\"et_overlay\"><\/span>\n\t\t\t\t<\/a>\n\t\t\t\t<\/div><\/div><div class=\"et_pb_gallery_item et_pb_grid_item et_pb_bg_layout_light et_pb_css_mix_blend_mode et_pb_gallery_item_0_95\"><div class=\"et_pb_gallery_image landscape\">\n\t\t\t\t\t<a href=\"https:\/\/danse-classique.com\/wp-content\/uploads\/Photos_Galas\/Gala_2019\/Gala_2019_Part1\/24_defile\/P4433.jpg\" title=\"P4433\">\n\t\t\t\t\t<img loading=\"lazy\" decoding=\"async\" width=\"400\" height=\"284\" src=\"https:\/\/danse-classique.com\/wp-content\/uploads\/Photos_Galas\/Gala_2019\/Gala_2019_Part1\/24_defile\/P4433-400x284.jpg\" srcset=\"https:\/\/danse-classique.com\/wp-content\/uploads\/Photos_Galas\/Gala_2019\/Gala_2019_Part1\/24_defile\/P4433.jpg 479w, https:\/\/danse-classique.com\/wp-content\/uploads\/Photos_Galas\/Gala_2019\/Gala_2019_Part1\/24_defile\/P4433-400x284.jpg 480w\" sizes=\"(max-width:479px) 479px, 100vw\" class=\"wp-image-10505\" \/>\n\t\t\t\t\t<span class=\"et_overlay\"><\/span>\n\t\t\t\t<\/a>\n\t\t\t\t<\/div><\/div><div class=\"et_pb_gallery_item et_pb_grid_item et_pb_bg_layout_light et_pb_css_mix_blend_mode et_pb_gallery_item_0_96\"><div class=\"et_pb_gallery_image landscape\">\n\t\t\t\t\t<a href=\"https:\/\/danse-classique.com\/wp-content\/uploads\/Photos_Galas\/Gala_2019\/Gala_2019_Part1\/24_defile\/P4424.jpg\" title=\"P4424\">\n\t\t\t\t\t<img loading=\"lazy\" decoding=\"async\" width=\"400\" height=\"284\" src=\"https:\/\/danse-classique.com\/wp-content\/uploads\/Photos_Galas\/Gala_2019\/Gala_2019_Part1\/24_defile\/P4424-400x284.jpg\" srcset=\"https:\/\/danse-classique.com\/wp-content\/uploads\/Photos_Galas\/Gala_2019\/Gala_2019_Part1\/24_defile\/P4424.jpg 479w, https:\/\/danse-classique.com\/wp-content\/uploads\/Photos_Galas\/Gala_2019\/Gala_2019_Part1\/24_defile\/P4424-400x284.jpg 480w\" sizes=\"(max-width:479px) 479px, 100vw\" class=\"wp-image-10504\" \/>\n\t\t\t\t\t<span class=\"et_overlay\"><\/span>\n\t\t\t\t<\/a>\n\t\t\t\t<\/div><\/div><div class=\"et_pb_gallery_item et_pb_grid_item et_pb_bg_layout_light et_pb_css_mix_blend_mode et_pb_gallery_item_0_97\"><div class=\"et_pb_gallery_image landscape\">\n\t\t\t\t\t<a href=\"https:\/\/danse-classique.com\/wp-content\/uploads\/Photos_Galas\/Gala_2019\/Gala_2019_Part1\/24_defile\/P4437.jpg\" title=\"P4437\">\n\t\t\t\t\t<img loading=\"lazy\" decoding=\"async\" width=\"400\" height=\"284\" src=\"https:\/\/danse-classique.com\/wp-content\/uploads\/Photos_Galas\/Gala_2019\/Gala_2019_Part1\/24_defile\/P4437-400x284.jpg\" srcset=\"https:\/\/danse-classique.com\/wp-content\/uploads\/Photos_Galas\/Gala_2019\/Gala_2019_Part1\/24_defile\/P4437.jpg 479w, https:\/\/danse-classique.com\/wp-content\/uploads\/Photos_Galas\/Gala_2019\/Gala_2019_Part1\/24_defile\/P4437-400x284.jpg 480w\" sizes=\"(max-width:479px) 479px, 100vw\" class=\"wp-image-10503\" \/>\n\t\t\t\t\t<span class=\"et_overlay\"><\/span>\n\t\t\t\t<\/a>\n\t\t\t\t<\/div><\/div><div class=\"et_pb_gallery_item et_pb_grid_item et_pb_bg_layout_light et_pb_css_mix_blend_mode et_pb_gallery_item_0_98\"><div class=\"et_pb_gallery_image landscape\">\n\t\t\t\t\t<a href=\"https:\/\/danse-classique.com\/wp-content\/uploads\/Photos_Galas\/Gala_2019\/Gala_2019_Part1\/24_defile\/P4428.jpg\" title=\"P4428\">\n\t\t\t\t\t<img loading=\"lazy\" decoding=\"async\" width=\"400\" height=\"284\" src=\"https:\/\/danse-classique.com\/wp-content\/uploads\/Photos_Galas\/Gala_2019\/Gala_2019_Part1\/24_defile\/P4428-400x284.jpg\" srcset=\"https:\/\/danse-classique.com\/wp-content\/uploads\/Photos_Galas\/Gala_2019\/Gala_2019_Part1\/24_defile\/P4428.jpg 479w, https:\/\/danse-classique.com\/wp-content\/uploads\/Photos_Galas\/Gala_2019\/Gala_2019_Part1\/24_defile\/P4428-400x284.jpg 480w\" sizes=\"(max-width:479px) 479px, 100vw\" class=\"wp-image-10502\" \/>\n\t\t\t\t\t<span class=\"et_overlay\"><\/span>\n\t\t\t\t<\/a>\n\t\t\t\t<\/div><\/div><div class=\"et_pb_gallery_item et_pb_grid_item et_pb_bg_layout_light et_pb_css_mix_blend_mode et_pb_gallery_item_0_99\"><div class=\"et_pb_gallery_image landscape\">\n\t\t\t\t\t<a href=\"https:\/\/danse-classique.com\/wp-content\/uploads\/Photos_Galas\/Gala_2019\/Gala_2019_Part1\/24_defile\/P4427.jpg\" title=\"P4427\">\n\t\t\t\t\t<img loading=\"lazy\" decoding=\"async\" width=\"400\" height=\"284\" src=\"https:\/\/danse-classique.com\/wp-content\/uploads\/Photos_Galas\/Gala_2019\/Gala_2019_Part1\/24_defile\/P4427-400x284.jpg\" srcset=\"https:\/\/danse-classique.com\/wp-content\/uploads\/Photos_Galas\/Gala_2019\/Gala_2019_Part1\/24_defile\/P4427.jpg 479w, https:\/\/danse-classique.com\/wp-content\/uploads\/Photos_Galas\/Gala_2019\/Gala_2019_Part1\/24_defile\/P4427-400x284.jpg 480w\" sizes=\"(max-width:479px) 479px, 100vw\" class=\"wp-image-10501\" \/>\n\t\t\t\t\t<span class=\"et_overlay\"><\/span>\n\t\t\t\t<\/a>\n\t\t\t\t<\/div><\/div><div class=\"et_pb_gallery_item et_pb_grid_item et_pb_bg_layout_light et_pb_css_mix_blend_mode et_pb_gallery_item_0_100\"><div class=\"et_pb_gallery_image landscape\">\n\t\t\t\t\t<a href=\"https:\/\/danse-classique.com\/wp-content\/uploads\/Photos_Galas\/Gala_2019\/Gala_2019_Part1\/24_defile\/P4432.jpg\" title=\"P4432\">\n\t\t\t\t\t<img loading=\"lazy\" decoding=\"async\" width=\"400\" height=\"284\" src=\"https:\/\/danse-classique.com\/wp-content\/uploads\/Photos_Galas\/Gala_2019\/Gala_2019_Part1\/24_defile\/P4432-400x284.jpg\" srcset=\"https:\/\/danse-classique.com\/wp-content\/uploads\/Photos_Galas\/Gala_2019\/Gala_2019_Part1\/24_defile\/P4432.jpg 479w, https:\/\/danse-classique.com\/wp-content\/uploads\/Photos_Galas\/Gala_2019\/Gala_2019_Part1\/24_defile\/P4432-400x284.jpg 480w\" sizes=\"(max-width:479px) 479px, 100vw\" class=\"wp-image-10500\" \/>\n\t\t\t\t\t<span class=\"et_overlay\"><\/span>\n\t\t\t\t<\/a>\n\t\t\t\t<\/div><\/div><div class=\"et_pb_gallery_item et_pb_grid_item et_pb_bg_layout_light et_pb_css_mix_blend_mode et_pb_gallery_item_0_101\"><div class=\"et_pb_gallery_image landscape\">\n\t\t\t\t\t<a href=\"https:\/\/danse-classique.com\/wp-content\/uploads\/Photos_Galas\/Gala_2019\/Gala_2019_Part1\/24_defile\/P4426.jpg\" title=\"P4426\">\n\t\t\t\t\t<img loading=\"lazy\" decoding=\"async\" width=\"400\" height=\"284\" src=\"https:\/\/danse-classique.com\/wp-content\/uploads\/Photos_Galas\/Gala_2019\/Gala_2019_Part1\/24_defile\/P4426-400x284.jpg\" srcset=\"https:\/\/danse-classique.com\/wp-content\/uploads\/Photos_Galas\/Gala_2019\/Gala_2019_Part1\/24_defile\/P4426.jpg 479w, https:\/\/danse-classique.com\/wp-content\/uploads\/Photos_Galas\/Gala_2019\/Gala_2019_Part1\/24_defile\/P4426-400x284.jpg 480w\" sizes=\"(max-width:479px) 479px, 100vw\" class=\"wp-image-10499\" \/>\n\t\t\t\t\t<span class=\"et_overlay\"><\/span>\n\t\t\t\t<\/a>\n\t\t\t\t<\/div><\/div><div class=\"et_pb_gallery_item et_pb_grid_item et_pb_bg_layout_light et_pb_css_mix_blend_mode et_pb_gallery_item_0_102\"><div class=\"et_pb_gallery_image landscape\">\n\t\t\t\t\t<a href=\"https:\/\/danse-classique.com\/wp-content\/uploads\/Photos_Galas\/Gala_2019\/Gala_2019_Part1\/24_defile\/P4423.jpg\" title=\"P4423\">\n\t\t\t\t\t<img loading=\"lazy\" decoding=\"async\" width=\"400\" height=\"284\" src=\"https:\/\/danse-classique.com\/wp-content\/uploads\/Photos_Galas\/Gala_2019\/Gala_2019_Part1\/24_defile\/P4423-400x284.jpg\" srcset=\"https:\/\/danse-classique.com\/wp-content\/uploads\/Photos_Galas\/Gala_2019\/Gala_2019_Part1\/24_defile\/P4423.jpg 479w, https:\/\/danse-classique.com\/wp-content\/uploads\/Photos_Galas\/Gala_2019\/Gala_2019_Part1\/24_defile\/P4423-400x284.jpg 480w\" sizes=\"(max-width:479px) 479px, 100vw\" class=\"wp-image-10498\" \/>\n\t\t\t\t\t<span class=\"et_overlay\"><\/span>\n\t\t\t\t<\/a>\n\t\t\t\t<\/div><\/div><div class=\"et_pb_gallery_item et_pb_grid_item et_pb_bg_layout_light et_pb_css_mix_blend_mode et_pb_gallery_item_0_103\"><div class=\"et_pb_gallery_image landscape\">\n\t\t\t\t\t<a href=\"https:\/\/danse-classique.com\/wp-content\/uploads\/Photos_Galas\/Gala_2019\/Gala_2019_Part1\/24_defile\/P4429.jpg\" title=\"P4429\">\n\t\t\t\t\t<img loading=\"lazy\" decoding=\"async\" width=\"400\" height=\"284\" src=\"https:\/\/danse-classique.com\/wp-content\/uploads\/Photos_Galas\/Gala_2019\/Gala_2019_Part1\/24_defile\/P4429-400x284.jpg\" srcset=\"https:\/\/danse-classique.com\/wp-content\/uploads\/Photos_Galas\/Gala_2019\/Gala_2019_Part1\/24_defile\/P4429.jpg 479w, https:\/\/danse-classique.com\/wp-content\/uploads\/Photos_Galas\/Gala_2019\/Gala_2019_Part1\/24_defile\/P4429-400x284.jpg 480w\" sizes=\"(max-width:479px) 479px, 100vw\" class=\"wp-image-10497\" \/>\n\t\t\t\t\t<span class=\"et_overlay\"><\/span>\n\t\t\t\t<\/a>\n\t\t\t\t<\/div><\/div><div class=\"et_pb_gallery_item et_pb_grid_item et_pb_bg_layout_light et_pb_css_mix_blend_mode et_pb_gallery_item_0_104\"><div class=\"et_pb_gallery_image landscape\">\n\t\t\t\t\t<a href=\"https:\/\/danse-classique.com\/wp-content\/uploads\/Photos_Galas\/Gala_2019\/Gala_2019_Part1\/24_defile\/P4422.jpg\" title=\"P4422\">\n\t\t\t\t\t<img loading=\"lazy\" decoding=\"async\" width=\"400\" height=\"284\" src=\"https:\/\/danse-classique.com\/wp-content\/uploads\/Photos_Galas\/Gala_2019\/Gala_2019_Part1\/24_defile\/P4422-400x284.jpg\" srcset=\"https:\/\/danse-classique.com\/wp-content\/uploads\/Photos_Galas\/Gala_2019\/Gala_2019_Part1\/24_defile\/P4422.jpg 479w, https:\/\/danse-classique.com\/wp-content\/uploads\/Photos_Galas\/Gala_2019\/Gala_2019_Part1\/24_defile\/P4422-400x284.jpg 480w\" sizes=\"(max-width:479px) 479px, 100vw\" class=\"wp-image-10496\" \/>\n\t\t\t\t\t<span class=\"et_overlay\"><\/span>\n\t\t\t\t<\/a>\n\t\t\t\t<\/div><\/div><div class=\"et_pb_gallery_item et_pb_grid_item et_pb_bg_layout_light et_pb_css_mix_blend_mode et_pb_gallery_item_0_105\"><div class=\"et_pb_gallery_image landscape\">\n\t\t\t\t\t<a href=\"https:\/\/danse-classique.com\/wp-content\/uploads\/Photos_Galas\/Gala_2019\/Gala_2019_Part1\/24_defile\/P4421.jpg\" title=\"P4421\">\n\t\t\t\t\t<img loading=\"lazy\" decoding=\"async\" width=\"400\" height=\"284\" src=\"https:\/\/danse-classique.com\/wp-content\/uploads\/Photos_Galas\/Gala_2019\/Gala_2019_Part1\/24_defile\/P4421-400x284.jpg\" srcset=\"https:\/\/danse-classique.com\/wp-content\/uploads\/Photos_Galas\/Gala_2019\/Gala_2019_Part1\/24_defile\/P4421.jpg 479w, https:\/\/danse-classique.com\/wp-content\/uploads\/Photos_Galas\/Gala_2019\/Gala_2019_Part1\/24_defile\/P4421-400x284.jpg 480w\" sizes=\"(max-width:479px) 479px, 100vw\" class=\"wp-image-10495\" \/>\n\t\t\t\t\t<span class=\"et_overlay\"><\/span>\n\t\t\t\t<\/a>\n\t\t\t\t<\/div><\/div><\/div><div class=\"et_pb_gallery_pagination\"><\/div><\/div>\n\t\t\t<\/div>\n\t\t\t\t\n\t\t\t\t\n\t\t\t\t\n\t\t\t\t\n\t\t\t<\/div>\n\t\t\t\t\n\t\t\t\t\n\t\t\t<\/div>\n","protected":false},"excerpt":{"rendered":"","protected":false},"author":1,"featured_media":0,"parent":8265,"menu_order":0,"comment_status":"closed","ping_status":"closed","template":"","meta":{"_et_pb_use_builder":"on","_et_pb_old_content":"","_et_gb_content_width":"","footnotes":""},"class_list":["post-10731","page","type-page","status-publish","hentry"],"yoast_head":"<!-- This site is optimized with the Yoast SEO plugin v28.3 - https:\/\/yoast.com\/product\/yoast-seo-wordpress\/ -->\n<title>Gala_2019_24defileSaluts - ECOLE de DANSE CLASSIQUE de JUVIGNAC<\/title>\n<meta name=\"robots\" content=\"index, follow, max-snippet:-1, max-image-preview:large, max-video-preview:-1\" \/>\n<link rel=\"canonical\" href=\"https:\/\/danse-classique.com\/index.php\/galerie-photos\/photos_galas\/photos_gala_2019\/photos_gala_2019_partie1\/gala_2019_24defilesaluts\/\" \/>\n<meta property=\"og:locale\" content=\"fr_FR\" \/>\n<meta property=\"og:type\" content=\"article\" \/>\n<meta property=\"og:title\" content=\"Gala_2019_24defileSaluts - ECOLE de DANSE CLASSIQUE de JUVIGNAC\" \/>\n<meta property=\"og:url\" content=\"https:\/\/danse-classique.com\/index.php\/galerie-photos\/photos_galas\/photos_gala_2019\/photos_gala_2019_partie1\/gala_2019_24defilesaluts\/\" \/>\n<meta property=\"og:site_name\" content=\"ECOLE de DANSE CLASSIQUE de JUVIGNAC\" \/>\n<meta property=\"article:publisher\" content=\"https:\/\/www.facebook.com\/profile.php?id=100014698264275\" \/>\n<meta property=\"article:modified_time\" content=\"2020-04-18T15:25:22+00:00\" \/>\n<meta name=\"twitter:card\" content=\"summary_large_image\" \/>\n<meta name=\"twitter:label1\" content=\"Dur\u00e9e de lecture estim\u00e9e\" \/>\n\t<meta name=\"twitter:data1\" content=\"1 minute\" \/>\n<script type=\"application\/ld+json\" class=\"yoast-schema-graph\">{\"@context\":\"https:\\\/\\\/schema.org\",\"@graph\":[{\"@type\":\"WebPage\",\"@id\":\"https:\\\/\\\/danse-classique.com\\\/index.php\\\/galerie-photos\\\/photos_galas\\\/photos_gala_2019\\\/photos_gala_2019_partie1\\\/gala_2019_24defilesaluts\\\/\",\"url\":\"https:\\\/\\\/danse-classique.com\\\/index.php\\\/galerie-photos\\\/photos_galas\\\/photos_gala_2019\\\/photos_gala_2019_partie1\\\/gala_2019_24defilesaluts\\\/\",\"name\":\"Gala_2019_24defileSaluts - ECOLE de DANSE CLASSIQUE de JUVIGNAC\",\"isPartOf\":{\"@id\":\"https:\\\/\\\/danse-classique.com\\\/#website\"},\"datePublished\":\"2020-04-18T14:51:58+00:00\",\"dateModified\":\"2020-04-18T15:25:22+00:00\",\"breadcrumb\":{\"@id\":\"https:\\\/\\\/danse-classique.com\\\/index.php\\\/galerie-photos\\\/photos_galas\\\/photos_gala_2019\\\/photos_gala_2019_partie1\\\/gala_2019_24defilesaluts\\\/#breadcrumb\"},\"inLanguage\":\"fr-FR\",\"potentialAction\":[{\"@type\":\"ReadAction\",\"target\":[\"https:\\\/\\\/danse-classique.com\\\/index.php\\\/galerie-photos\\\/photos_galas\\\/photos_gala_2019\\\/photos_gala_2019_partie1\\\/gala_2019_24defilesaluts\\\/\"]}]},{\"@type\":\"BreadcrumbList\",\"@id\":\"https:\\\/\\\/danse-classique.com\\\/index.php\\\/galerie-photos\\\/photos_galas\\\/photos_gala_2019\\\/photos_gala_2019_partie1\\\/gala_2019_24defilesaluts\\\/#breadcrumb\",\"itemListElement\":[{\"@type\":\"ListItem\",\"position\":1,\"name\":\"Accueil\",\"item\":\"https:\\\/\\\/danse-classique.com\\\/\"},{\"@type\":\"ListItem\",\"position\":2,\"name\":\"Galerie Photos\",\"item\":\"https:\\\/\\\/danse-classique.com\\\/index.php\\\/galerie-photos\\\/\"},{\"@type\":\"ListItem\",\"position\":3,\"name\":\"Photos_Galas\",\"item\":\"https:\\\/\\\/danse-classique.com\\\/index.php\\\/galerie-photos\\\/photos_galas\\\/\"},{\"@type\":\"ListItem\",\"position\":4,\"name\":\"Photos Gala 2019\",\"item\":\"https:\\\/\\\/danse-classique.com\\\/index.php\\\/galerie-photos\\\/photos_galas\\\/photos_gala_2019\\\/\"},{\"@type\":\"ListItem\",\"position\":5,\"name\":\"Photos_gala_2019_Partie1\",\"item\":\"https:\\\/\\\/danse-classique.com\\\/index.php\\\/galerie-photos\\\/photos_galas\\\/photos_gala_2019\\\/photos_gala_2019_partie1\\\/\"},{\"@type\":\"ListItem\",\"position\":6,\"name\":\"Gala_2019_24defileSaluts\"}]},{\"@type\":\"WebSite\",\"@id\":\"https:\\\/\\\/danse-classique.com\\\/#website\",\"url\":\"https:\\\/\\\/danse-classique.com\\\/\",\"name\":\"ECOLE de DANSE CLASSIQUE de JUVIGNAC\",\"description\":\"\",\"publisher\":{\"@id\":\"https:\\\/\\\/danse-classique.com\\\/#organization\"},\"potentialAction\":[{\"@type\":\"SearchAction\",\"target\":{\"@type\":\"EntryPoint\",\"urlTemplate\":\"https:\\\/\\\/danse-classique.com\\\/?s={search_term_string}\"},\"query-input\":{\"@type\":\"PropertyValueSpecification\",\"valueRequired\":true,\"valueName\":\"search_term_string\"}}],\"inLanguage\":\"fr-FR\"},{\"@type\":\"Organization\",\"@id\":\"https:\\\/\\\/danse-classique.com\\\/#organization\",\"name\":\"ECOLE DE DANSE CLASSQIUE DE JUVIGNAC\",\"url\":\"https:\\\/\\\/danse-classique.com\\\/\",\"logo\":{\"@type\":\"ImageObject\",\"inLanguage\":\"fr-FR\",\"@id\":\"https:\\\/\\\/danse-classique.com\\\/#\\\/schema\\\/logo\\\/image\\\/\",\"url\":\"https:\\\/\\\/danse-classique.com\\\/wp-content\\\/uploads\\\/Photos_Galas\\\/Gala_2015\\\/Aladdin\\\/PL1679.jpg\",\"contentUrl\":\"https:\\\/\\\/danse-classique.com\\\/wp-content\\\/uploads\\\/Photos_Galas\\\/Gala_2015\\\/Aladdin\\\/PL1679.jpg\",\"width\":1632,\"height\":2448,\"caption\":\"ECOLE DE DANSE CLASSQIUE DE JUVIGNAC\"},\"image\":{\"@id\":\"https:\\\/\\\/danse-classique.com\\\/#\\\/schema\\\/logo\\\/image\\\/\"},\"sameAs\":[\"https:\\\/\\\/www.facebook.com\\\/profile.php?id=100014698264275\"]}]}<\/script>\n<!-- \/ Yoast SEO plugin. -->","yoast_head_json":{"title":"Gala_2019_24defileSaluts - ECOLE de DANSE CLASSIQUE de JUVIGNAC","robots":{"index":"index","follow":"follow","max-snippet":"max-snippet:-1","max-image-preview":"max-image-preview:large","max-video-preview":"max-video-preview:-1"},"canonical":"https:\/\/danse-classique.com\/index.php\/galerie-photos\/photos_galas\/photos_gala_2019\/photos_gala_2019_partie1\/gala_2019_24defilesaluts\/","og_locale":"fr_FR","og_type":"article","og_title":"Gala_2019_24defileSaluts - ECOLE de DANSE CLASSIQUE de JUVIGNAC","og_url":"https:\/\/danse-classique.com\/index.php\/galerie-photos\/photos_galas\/photos_gala_2019\/photos_gala_2019_partie1\/gala_2019_24defilesaluts\/","og_site_name":"ECOLE de DANSE CLASSIQUE de JUVIGNAC","article_publisher":"https:\/\/www.facebook.com\/profile.php?id=100014698264275","article_modified_time":"2020-04-18T15:25:22+00:00","twitter_card":"summary_large_image","twitter_misc":{"Dur\u00e9e de lecture estim\u00e9e":"1 minute"},"schema":{"@context":"https:\/\/schema.org","@graph":[{"@type":"WebPage","@id":"https:\/\/danse-classique.com\/index.php\/galerie-photos\/photos_galas\/photos_gala_2019\/photos_gala_2019_partie1\/gala_2019_24defilesaluts\/","url":"https:\/\/danse-classique.com\/index.php\/galerie-photos\/photos_galas\/photos_gala_2019\/photos_gala_2019_partie1\/gala_2019_24defilesaluts\/","name":"Gala_2019_24defileSaluts - ECOLE de DANSE CLASSIQUE de JUVIGNAC","isPartOf":{"@id":"https:\/\/danse-classique.com\/#website"},"datePublished":"2020-04-18T14:51:58+00:00","dateModified":"2020-04-18T15:25:22+00:00","breadcrumb":{"@id":"https:\/\/danse-classique.com\/index.php\/galerie-photos\/photos_galas\/photos_gala_2019\/photos_gala_2019_partie1\/gala_2019_24defilesaluts\/#breadcrumb"},"inLanguage":"fr-FR","potentialAction":[{"@type":"ReadAction","target":["https:\/\/danse-classique.com\/index.php\/galerie-photos\/photos_galas\/photos_gala_2019\/photos_gala_2019_partie1\/gala_2019_24defilesaluts\/"]}]},{"@type":"BreadcrumbList","@id":"https:\/\/danse-classique.com\/index.php\/galerie-photos\/photos_galas\/photos_gala_2019\/photos_gala_2019_partie1\/gala_2019_24defilesaluts\/#breadcrumb","itemListElement":[{"@type":"ListItem","position":1,"name":"Accueil","item":"https:\/\/danse-classique.com\/"},{"@type":"ListItem","position":2,"name":"Galerie Photos","item":"https:\/\/danse-classique.com\/index.php\/galerie-photos\/"},{"@type":"ListItem","position":3,"name":"Photos_Galas","item":"https:\/\/danse-classique.com\/index.php\/galerie-photos\/photos_galas\/"},{"@type":"ListItem","position":4,"name":"Photos Gala 2019","item":"https:\/\/danse-classique.com\/index.php\/galerie-photos\/photos_galas\/photos_gala_2019\/"},{"@type":"ListItem","position":5,"name":"Photos_gala_2019_Partie1","item":"https:\/\/danse-classique.com\/index.php\/galerie-photos\/photos_galas\/photos_gala_2019\/photos_gala_2019_partie1\/"},{"@type":"ListItem","position":6,"name":"Gala_2019_24defileSaluts"}]},{"@type":"WebSite","@id":"https:\/\/danse-classique.com\/#website","url":"https:\/\/danse-classique.com\/","name":"ECOLE de DANSE CLASSIQUE de JUVIGNAC","description":"","publisher":{"@id":"https:\/\/danse-classique.com\/#organization"},"potentialAction":[{"@type":"SearchAction","target":{"@type":"EntryPoint","urlTemplate":"https:\/\/danse-classique.com\/?s={search_term_string}"},"query-input":{"@type":"PropertyValueSpecification","valueRequired":true,"valueName":"search_term_string"}}],"inLanguage":"fr-FR"},{"@type":"Organization","@id":"https:\/\/danse-classique.com\/#organization","name":"ECOLE DE DANSE CLASSQIUE DE JUVIGNAC","url":"https:\/\/danse-classique.com\/","logo":{"@type":"ImageObject","inLanguage":"fr-FR","@id":"https:\/\/danse-classique.com\/#\/schema\/logo\/image\/","url":"https:\/\/danse-classique.com\/wp-content\/uploads\/Photos_Galas\/Gala_2015\/Aladdin\/PL1679.jpg","contentUrl":"https:\/\/danse-classique.com\/wp-content\/uploads\/Photos_Galas\/Gala_2015\/Aladdin\/PL1679.jpg","width":1632,"height":2448,"caption":"ECOLE DE DANSE CLASSQIUE DE JUVIGNAC"},"image":{"@id":"https:\/\/danse-classique.com\/#\/schema\/logo\/image\/"},"sameAs":["https:\/\/www.facebook.com\/profile.php?id=100014698264275"]}]}},"_links":{"self":[{"href":"https:\/\/danse-classique.com\/index.php\/wp-json\/wp\/v2\/pages\/10731","targetHints":{"allow":["GET"]}}],"collection":[{"href":"https:\/\/danse-classique.com\/index.php\/wp-json\/wp\/v2\/pages"}],"about":[{"href":"https:\/\/danse-classique.com\/index.php\/wp-json\/wp\/v2\/types\/page"}],"author":[{"embeddable":true,"href":"https:\/\/danse-classique.com\/index.php\/wp-json\/wp\/v2\/users\/1"}],"replies":[{"embeddable":true,"href":"https:\/\/danse-classique.com\/index.php\/wp-json\/wp\/v2\/comments?post=10731"}],"version-history":[{"count":5,"href":"https:\/\/danse-classique.com\/index.php\/wp-json\/wp\/v2\/pages\/10731\/revisions"}],"predecessor-version":[{"id":10749,"href":"https:\/\/danse-classique.com\/index.php\/wp-json\/wp\/v2\/pages\/10731\/revisions\/10749"}],"up":[{"embeddable":true,"href":"https:\/\/danse-classique.com\/index.php\/wp-json\/wp\/v2\/pages\/8265"}],"wp:attachment":[{"href":"https:\/\/danse-classique.com\/index.php\/wp-json\/wp\/v2\/media?parent=10731"}],"curies":[{"name":"wp","href":"https:\/\/api.w.org\/{rel}","templated":true}]}}