{"id":2535,"date":"2018-01-25T11:47:36","date_gmt":"2018-01-25T10:47:36","guid":{"rendered":"http:\/\/danse-classique.com\/?page_id=2535"},"modified":"2025-07-27T19:26:39","modified_gmt":"2025-07-27T17:26:39","slug":"reglements_cotisations","status":"publish","type":"page","link":"https:\/\/danse-classique.com\/index.php\/inscription-danse-classique-juvignac\/reglements_cotisations\/","title":{"rendered":"R\u00e8glements Cotisations"},"content":{"rendered":"<div class=\"et_d4_element et_pb_section et_pb_section_0 et_pb_section_parallax et_pb_with_background  et_pb_css_mix_blend_mode et_section_regular et_block_section\" >\n\t\t\t\t\n\t\t\t\t<span class=\"et_parallax_bg_wrap et-pb-parallax-wrapper\"><span\n\t\t\t\t\t\tclass=\"et_parallax_bg et_parallax_bg--et_pb_section_0\"\n\t\t\t\t\t\tstyle=\"background-image: url(https:\/\/danse-classique.com\/wp-content\/uploads\/Photos_Galas\/Gala_2017\/Les_amants\/CJ2011.jpg);\"\n\t\t\t\t\t><\/span><\/span>\n\t\t\t\t\n\t\t\t\t\n\t\t\t\t\n\t\t\t\t\n\t\t\t\t<div class=\"et_d4_element et_pb_row et_pb_row_0  et_pb_css_mix_blend_mode et_block_row\">\n\t\t\t\t<div class=\"et_d4_element et_pb_column_1_5 et_pb_column et_pb_column_0  et_pb_css_mix_blend_mode et_block_column\">\n\t\t\t\t\n\t\t\t\t\n\t\t\t\t\n\t\t\t\t\n\t\t\t\t<div class=\"et_pb_button_module_wrapper et_pb_button_0_wrapper et_pb_button_alignment_center et_pb_module \">\n\t\t\t\t<a class=\"et_pb_button et_d4_element et_pb_button_0 et_pb_bg_layout_dark et_block_module\" href=\"\">Planning des Cours<\/a>\n\t\t\t<\/div>\n\t\t\t<\/div><div class=\"et_d4_element et_pb_column_1_5 et_pb_column et_pb_column_1  et_pb_css_mix_blend_mode et_block_column\">\n\t\t\t\t\n\t\t\t\t\n\t\t\t\t\n\t\t\t\t\n\t\t\t\t<div class=\"et_pb_button_module_wrapper et_pb_button_1_wrapper et_pb_button_alignment_center et_pb_module \">\n\t\t\t\t<a class=\"et_pb_button et_d4_element et_pb_button_1 et_pb_bg_layout_dark et_block_module\" href=\"https:\/\/danse-classique.com\/index.php\/inscription-danse-classique-juvignac\/renseignements-et-inscriptions\/\">Modalites d&#039;Inscription<\/a>\n\t\t\t<\/div>\n\t\t\t<\/div><div class=\"et_d4_element et_pb_column_1_5 et_pb_column et_pb_column_2  et_pb_css_mix_blend_mode et_block_column\">\n\t\t\t\t\n\t\t\t\t\n\t\t\t\t\n\t\t\t\t\n\t\t\t\t<div class=\"et_pb_button_module_wrapper et_pb_button_2_wrapper et_pb_button_alignment_center et_pb_module \">\n\t\t\t\t<a class=\"et_pb_button et_d4_element et_pb_button_2 et_pb_bg_layout_dark et_block_module\" href=\"https:\/\/danse-classique.com\/index.php\/inscription-danse-classique-juvignac\/tarifs-2020-2021\/\">Tarifs 2025-2026<\/a>\n\t\t\t<\/div>\n\t\t\t<\/div><div class=\"et_d4_element et_pb_column_1_5 et_pb_column et_pb_column_3  et_pb_css_mix_blend_mode et_block_column\">\n\t\t\t\t\n\t\t\t\t\n\t\t\t\t\n\t\t\t\t\n\t\t\t\t<div class=\"et_pb_button_module_wrapper et_pb_button_3_wrapper et_pb_button_alignment_center et_pb_module \">\n\t\t\t\t<a class=\"et_pb_button et_d4_element et_pb_button_3 et_pb_bg_layout_dark et_block_module\" href=\"https:\/\/danse-classique.com\/index.php\/inscription-danse-classique-juvignac\/reglements_cotisations\/\">R\u00e8glement cotisation<\/a>\n\t\t\t<\/div>\n\t\t\t<\/div><div class=\"et_d4_element et_pb_column_1_5 et_pb_column et_pb_column_4  et_pb_css_mix_blend_mode et-last-child et_block_column\">\n\t\t\t\t\n\t\t\t\t\n\t\t\t\t\n\t\t\t\t\n\t\t\t\t<div class=\"et_pb_button_module_wrapper et_pb_button_4_wrapper et_pb_button_alignment_center et_pb_module \">\n\t\t\t\t<a class=\"et_pb_button et_d4_element et_pb_button_4 et_pb_bg_layout_dark et_block_module\" href=\"https:\/\/danse-classique.com\/index.php\/inscription-danse-classique-juvignac\/reglement-interieur\/\">R\u00e8glement Int\u00e9rieur<\/a>\n\t\t\t<\/div>\n\t\t\t<\/div>\n\t\t\t\t\n\t\t\t\t\n\t\t\t\t\n\t\t\t\t\n\t\t\t<\/div><div class=\"et_d4_element et_pb_row et_pb_row_1  et_pb_css_mix_blend_mode et_block_row\">\n\t\t\t\t<div class=\"et_d4_element et_pb_column_4_4 et_pb_column et_pb_column_5  et_pb_css_mix_blend_mode et-last-child et_block_column\">\n\t\t\t\t\n\t\t\t\t\n\t\t\t\t\n\t\t\t\t\n\t\t\t\t<div class=\"et_pb_module et_d4_element et_pb_text et_pb_text_0  et_pb_text_align_left et_pb_bg_layout_light\">\n\t\t\t\t\n\t\t\t\t\n\t\t\t\t\n\t\t\t\t\n\t\t\t\t<div class=\"et_pb_text_inner\"><p style=\"text-align: center;\"><span style=\"font-size: 24pt; font-family: arial, helvetica, sans-serif; color: #ffffff;\"><strong>REGLEMENTS des COTISATIONS<\/strong><\/span><\/p>\n<p>&nbsp;<\/div>\n\t\t\t<\/div><div class=\"et_pb_module et_d4_element et_pb_text et_pb_text_1  et_pb_text_align_left et_pb_bg_layout_light\">\n\t\t\t\t\n\t\t\t\t\n\t\t\t\t\n\t\t\t\t\n\t\t\t\t<div class=\"et_pb_text_inner\"><h1><span style=\"font-size: 12pt; color: #000000;\"><span style=\"text-decoration: underline; font-size: large;\"><span style=\"font-family: arial, helvetica, sans-serif;\"><b>Mode de R\u00e8glement\u00a0des cotisations<\/b><\/span><\/span><\/span><\/h1>\n<p><span style=\"color: #000000; font-size: 12pt; font-family: arial, helvetica, sans-serif;\"><strong>Au choix entre un seul r\u00e8glement en d\u00e9but d'ann\u00e9e ou au moyen de trois ch\u00e8ques<\/strong><\/span><\/p>\n<p><span style=\"font-size: medium;\"><strong><span style=\"font-family: Arial; color: #000000;\">L<\/span><span style=\"font-family: Arial; color: #000000;\">e r\u00e8glement en esp\u00e8ces est possible, mais en une fois \u00e0 l'inscription<\/span><\/strong><\/span><span style=\"color: #000000; font-size: 12pt; font-family: arial, helvetica, sans-serif;\"><strong><\/strong><\/span><\/p>\n<p><span style=\"color: #000000; font-size: 12pt; font-family: arial, helvetica, sans-serif;\"><b style=\"font-family: arial, helvetica, sans-serif; font-size: 12pt;\">En cas de <\/b><span style=\"font-family: arial, helvetica, sans-serif;\"><span style=\"font-size: 16px;\"><b>r\u00e8glement<\/b><\/span><\/span><b style=\"font-family: arial, helvetica, sans-serif; font-size: 12pt;\"> fractionn\u00e9 en trois fois, les trois ch\u00e8ques correspondant \u00e0 la cotisation annuelle, plus les frais de Dossier (sur le premier ch\u00e8que) seront \u00e0 remettre lors de l'inscription.<\/b><\/span><\/p>\n<p><span style=\"color: #000000; font-size: 12pt; font-family: arial, helvetica, sans-serif;\"><strong>Les ch\u00e8ques devront \u00eatre libell\u00e9s\u00a0\u00e0 l\u2019ordre de \u201cEcole de Danse Classique de Juvignac\u201d.<\/strong><\/span><\/p>\n<p><span style=\"color: #000000; font-size: 12pt; font-family: arial, helvetica, sans-serif;\"><strong>Ils\u00a0seront remis \u00e0 l'encaissement :<\/strong><\/span><br \/><span style=\"color: #000000; font-size: 12pt; font-family: arial, helvetica, sans-serif;\"> <strong>\u00a0 \u00a0 \u00a0 \u00a0 \u00a0 \u00a0 \u00a0 \u00a0 \u00a0 \u00a0 \u00a0 \u00a0 \u00a0 \u00a0 \u00a0 \u00a0 \u00a0Pour le 1er : le 30 Septembre 2025 (ou dans la semaine qui suivra une inscription plus tardive)<\/strong><\/span><\/p>\n<p><span style=\"color: #000000; font-size: 12pt; font-family: arial, helvetica, sans-serif;\"><strong>\u00a0 \u00a0 \u00a0 \u00a0 \u00a0 \u00a0 \u00a0 \u00a0 \u00a0 \u00a0 \u00a0 \u00a0 \u00a0 \u00a0 \u00a0 \u00a0 \u00a0le 2i\u00e8me : le 5 Janvier 2026<\/strong><\/span><\/p>\n<p><span style=\"color: #000000; font-size: 12pt; font-family: arial, helvetica, sans-serif;\"><strong>\u00a0 \u00a0 \u00a0 \u00a0 \u00a0 \u00a0 \u00a0 \u00a0 \u00a0 \u00a0 \u00a0 \u00a0 \u00a0 \u00a0 \u00a0 \u00a0 \u00a0le 3i\u00e8me : le 6 Avril 2026<\/strong><\/span><\/p>\n<p><b style=\"color: #000000; font-family: arial, helvetica, sans-serif; font-size: 12pt;\">L'inscription \u00e0 l'\u00e9cole de danse se fait pour l'int\u00e9gralit\u00e9 de l'ann\u00e9e <\/b><span style=\"color: #000000; font-family: arial, helvetica, sans-serif;\"><span style=\"font-size: 16px;\"><b>scolaire. Toute<\/b><\/span><\/span><b style=\"color: #000000; font-family: arial, helvetica, sans-serif; font-size: 12pt;\">\u00a0ann\u00e9e scolaire entam\u00e9e est due, aucun remboursement ne pourra \u00eatre effectu\u00e9 suite \u00e0 l'abandon des cours. N\u00e9anmoins, le Conseil d'Administration de l'Association pourra \u00e9tudier un remboursement ou une <\/b><span style=\"color: #000000; font-family: arial, helvetica, sans-serif; font-size: 12pt;\"><span style=\"font-size: 16px;\"><b>exon\u00e9ration<\/b><\/span><\/span><b style=\"color: #000000; font-family: arial, helvetica, sans-serif; font-size: 12pt;\"> en cas d'abandon des cours pour une raison de force majeure qui toucherai l'adh\u00e9rent (voir la liste exhaustive <\/b><span style=\"color: #000000; font-family: arial, helvetica, sans-serif;\"><span style=\"font-size: 16px;\"><b>ci-dessous<\/b><\/span><\/span><b style=\"color: #000000; font-family: arial, helvetica, sans-serif; font-size: 12pt;\">): <\/b><\/p>\n<p><span style=\"color: #000000; font-size: 12pt; font-family: arial, helvetica, sans-serif;\"><strong>Blessure grave :\u00a0une certificat m\u00e9dical \u00e9tabli par un\u00a0<u>m\u00e9decin du sport<\/u>\u00a0pr\u00e9cisant l\u2019incapacit\u00e9 de poursuivre les cours de danse classique et la dur\u00e9e de cette incapacit\u00e9. Le certificat devra obligatoirement \u00eatre remis \u00e0 l\u2019\u00e9cole au plus tard 15 jours apr\u00e8s l\u2019accident pour pouvoir b\u00e9n\u00e9ficier de l'exon\u00e9ration de la cotisation ou du remboursement.\u00a0<\/strong><\/span><\/p>\n<p><span style=\"color: #000000; font-size: 12pt; font-family: arial, helvetica, sans-serif;\"><strong>Longue maladie :\u00a0le certificat m\u00e9dical devra obligatoirement \u00eatre remis \u00e0 l\u2019\u00e9cole au plus tard 15 jours apr\u00e8s le diagnostic pour pouvoir b\u00e9n\u00e9ficier du remboursement (pr\u00e9ciser la dur\u00e9e de cette incapacit\u00e9) <\/strong><\/span><\/p>\n<p><span style=\"color: #000000; font-size: 12pt; font-family: arial, helvetica, sans-serif;\"><strong>D\u00e9m\u00e9nagement \u00e0 plus de 50km : un justificatif sera obligatoire (exemple : attestation d'inscription \u00e0 la nouvelle \u00e9cole)<\/strong><\/span><\/p>\n<p><span style=\"color: #191919; font-size: 12pt; font-family: arial, helvetica, sans-serif;\"><strong>Voir le\u00a0 <a href=\"https:\/\/danse-classique.com\/wp-content\/uploads\/2025\/07\/Reglement-interieur-2025-26.pdf\" target=\"_blank\" rel=\"noopener\" title=\"T\u00e9l\u00e9charger le PDF du r\u00e8glement int\u00e9rieur\">r\u00e8glement int\u00e9rieur <\/a>et dans tous les cas le trimestre en cours restera d\u00fb.<\/strong><\/span><\/p>\n<p>&nbsp;<\/p>\n<p>&nbsp;<\/p>\n<p>&nbsp;<\/p><\/div>\n\t\t\t<\/div>\n\t\t\t<\/div>\n\t\t\t\t\n\t\t\t\t\n\t\t\t\t\n\t\t\t\t\n\t\t\t<\/div>\n\t\t\t\t\n\t\t\t\t\n\t\t\t<\/div>\n","protected":false},"excerpt":{"rendered":"","protected":false},"author":1,"featured_media":0,"parent":124,"menu_order":0,"comment_status":"closed","ping_status":"closed","template":"","meta":{"_et_pb_use_builder":"on","_et_pb_old_content":"","_et_gb_content_width":"","footnotes":""},"class_list":["post-2535","page","type-page","status-publish","hentry"],"yoast_head":"<!-- This site is optimized with the Yoast SEO plugin v28.3 - https:\/\/yoast.com\/product\/yoast-seo-wordpress\/ -->\n<title>R\u00e8glements Cotisations - ECOLE de DANSE CLASSIQUE de JUVIGNAC<\/title>\n<meta name=\"robots\" content=\"index, follow, max-snippet:-1, max-image-preview:large, max-video-preview:-1\" \/>\n<link rel=\"canonical\" href=\"https:\/\/danse-classique.com\/index.php\/inscription-danse-classique-juvignac\/reglements_cotisations\/\" \/>\n<meta property=\"og:locale\" content=\"fr_FR\" \/>\n<meta property=\"og:type\" content=\"article\" \/>\n<meta property=\"og:title\" content=\"R\u00e8glements Cotisations - ECOLE de DANSE CLASSIQUE de JUVIGNAC\" \/>\n<meta property=\"og:url\" content=\"https:\/\/danse-classique.com\/index.php\/inscription-danse-classique-juvignac\/reglements_cotisations\/\" \/>\n<meta property=\"og:site_name\" content=\"ECOLE de DANSE CLASSIQUE de JUVIGNAC\" \/>\n<meta property=\"article:publisher\" content=\"https:\/\/www.facebook.com\/profile.php?id=100014698264275\" \/>\n<meta property=\"article:modified_time\" content=\"2025-07-27T17:26:39+00:00\" \/>\n<meta name=\"twitter:card\" content=\"summary_large_image\" \/>\n<meta name=\"twitter:label1\" content=\"Dur\u00e9e de lecture estim\u00e9e\" \/>\n\t<meta name=\"twitter:data1\" content=\"4 minutes\" \/>\n<script type=\"application\/ld+json\" class=\"yoast-schema-graph\">{\"@context\":\"https:\\\/\\\/schema.org\",\"@graph\":[{\"@type\":\"WebPage\",\"@id\":\"https:\\\/\\\/danse-classique.com\\\/index.php\\\/inscription-danse-classique-juvignac\\\/reglements_cotisations\\\/\",\"url\":\"https:\\\/\\\/danse-classique.com\\\/index.php\\\/inscription-danse-classique-juvignac\\\/reglements_cotisations\\\/\",\"name\":\"R\u00e8glements Cotisations - ECOLE de DANSE CLASSIQUE de JUVIGNAC\",\"isPartOf\":{\"@id\":\"https:\\\/\\\/danse-classique.com\\\/#website\"},\"datePublished\":\"2018-01-25T10:47:36+00:00\",\"dateModified\":\"2025-07-27T17:26:39+00:00\",\"breadcrumb\":{\"@id\":\"https:\\\/\\\/danse-classique.com\\\/index.php\\\/inscription-danse-classique-juvignac\\\/reglements_cotisations\\\/#breadcrumb\"},\"inLanguage\":\"fr-FR\",\"potentialAction\":[{\"@type\":\"ReadAction\",\"target\":[\"https:\\\/\\\/danse-classique.com\\\/index.php\\\/inscription-danse-classique-juvignac\\\/reglements_cotisations\\\/\"]}]},{\"@type\":\"BreadcrumbList\",\"@id\":\"https:\\\/\\\/danse-classique.com\\\/index.php\\\/inscription-danse-classique-juvignac\\\/reglements_cotisations\\\/#breadcrumb\",\"itemListElement\":[{\"@type\":\"ListItem\",\"position\":1,\"name\":\"Accueil\",\"item\":\"https:\\\/\\\/danse-classique.com\\\/\"},{\"@type\":\"ListItem\",\"position\":2,\"name\":\"Inscription\",\"item\":\"https:\\\/\\\/danse-classique.com\\\/index.php\\\/inscription-danse-classique-juvignac\\\/\"},{\"@type\":\"ListItem\",\"position\":3,\"name\":\"R\u00e8glements Cotisations\"}]},{\"@type\":\"WebSite\",\"@id\":\"https:\\\/\\\/danse-classique.com\\\/#website\",\"url\":\"https:\\\/\\\/danse-classique.com\\\/\",\"name\":\"ECOLE de DANSE CLASSIQUE de JUVIGNAC\",\"description\":\"\",\"publisher\":{\"@id\":\"https:\\\/\\\/danse-classique.com\\\/#organization\"},\"potentialAction\":[{\"@type\":\"SearchAction\",\"target\":{\"@type\":\"EntryPoint\",\"urlTemplate\":\"https:\\\/\\\/danse-classique.com\\\/?s={search_term_string}\"},\"query-input\":{\"@type\":\"PropertyValueSpecification\",\"valueRequired\":true,\"valueName\":\"search_term_string\"}}],\"inLanguage\":\"fr-FR\"},{\"@type\":\"Organization\",\"@id\":\"https:\\\/\\\/danse-classique.com\\\/#organization\",\"name\":\"ECOLE DE DANSE CLASSQIUE DE JUVIGNAC\",\"url\":\"https:\\\/\\\/danse-classique.com\\\/\",\"logo\":{\"@type\":\"ImageObject\",\"inLanguage\":\"fr-FR\",\"@id\":\"https:\\\/\\\/danse-classique.com\\\/#\\\/schema\\\/logo\\\/image\\\/\",\"url\":\"https:\\\/\\\/danse-classique.com\\\/wp-content\\\/uploads\\\/Photos_Galas\\\/Gala_2015\\\/Aladdin\\\/PL1679.jpg\",\"contentUrl\":\"https:\\\/\\\/danse-classique.com\\\/wp-content\\\/uploads\\\/Photos_Galas\\\/Gala_2015\\\/Aladdin\\\/PL1679.jpg\",\"width\":1632,\"height\":2448,\"caption\":\"ECOLE DE DANSE CLASSQIUE DE JUVIGNAC\"},\"image\":{\"@id\":\"https:\\\/\\\/danse-classique.com\\\/#\\\/schema\\\/logo\\\/image\\\/\"},\"sameAs\":[\"https:\\\/\\\/www.facebook.com\\\/profile.php?id=100014698264275\"]}]}<\/script>\n<!-- \/ Yoast SEO plugin. -->","yoast_head_json":{"title":"R\u00e8glements Cotisations - ECOLE de DANSE CLASSIQUE de JUVIGNAC","robots":{"index":"index","follow":"follow","max-snippet":"max-snippet:-1","max-image-preview":"max-image-preview:large","max-video-preview":"max-video-preview:-1"},"canonical":"https:\/\/danse-classique.com\/index.php\/inscription-danse-classique-juvignac\/reglements_cotisations\/","og_locale":"fr_FR","og_type":"article","og_title":"R\u00e8glements Cotisations - ECOLE de DANSE CLASSIQUE de JUVIGNAC","og_url":"https:\/\/danse-classique.com\/index.php\/inscription-danse-classique-juvignac\/reglements_cotisations\/","og_site_name":"ECOLE de DANSE CLASSIQUE de JUVIGNAC","article_publisher":"https:\/\/www.facebook.com\/profile.php?id=100014698264275","article_modified_time":"2025-07-27T17:26:39+00:00","twitter_card":"summary_large_image","twitter_misc":{"Dur\u00e9e de lecture estim\u00e9e":"4 minutes"},"schema":{"@context":"https:\/\/schema.org","@graph":[{"@type":"WebPage","@id":"https:\/\/danse-classique.com\/index.php\/inscription-danse-classique-juvignac\/reglements_cotisations\/","url":"https:\/\/danse-classique.com\/index.php\/inscription-danse-classique-juvignac\/reglements_cotisations\/","name":"R\u00e8glements Cotisations - ECOLE de DANSE CLASSIQUE de JUVIGNAC","isPartOf":{"@id":"https:\/\/danse-classique.com\/#website"},"datePublished":"2018-01-25T10:47:36+00:00","dateModified":"2025-07-27T17:26:39+00:00","breadcrumb":{"@id":"https:\/\/danse-classique.com\/index.php\/inscription-danse-classique-juvignac\/reglements_cotisations\/#breadcrumb"},"inLanguage":"fr-FR","potentialAction":[{"@type":"ReadAction","target":["https:\/\/danse-classique.com\/index.php\/inscription-danse-classique-juvignac\/reglements_cotisations\/"]}]},{"@type":"BreadcrumbList","@id":"https:\/\/danse-classique.com\/index.php\/inscription-danse-classique-juvignac\/reglements_cotisations\/#breadcrumb","itemListElement":[{"@type":"ListItem","position":1,"name":"Accueil","item":"https:\/\/danse-classique.com\/"},{"@type":"ListItem","position":2,"name":"Inscription","item":"https:\/\/danse-classique.com\/index.php\/inscription-danse-classique-juvignac\/"},{"@type":"ListItem","position":3,"name":"R\u00e8glements Cotisations"}]},{"@type":"WebSite","@id":"https:\/\/danse-classique.com\/#website","url":"https:\/\/danse-classique.com\/","name":"ECOLE de DANSE CLASSIQUE de JUVIGNAC","description":"","publisher":{"@id":"https:\/\/danse-classique.com\/#organization"},"potentialAction":[{"@type":"SearchAction","target":{"@type":"EntryPoint","urlTemplate":"https:\/\/danse-classique.com\/?s={search_term_string}"},"query-input":{"@type":"PropertyValueSpecification","valueRequired":true,"valueName":"search_term_string"}}],"inLanguage":"fr-FR"},{"@type":"Organization","@id":"https:\/\/danse-classique.com\/#organization","name":"ECOLE DE DANSE CLASSQIUE DE JUVIGNAC","url":"https:\/\/danse-classique.com\/","logo":{"@type":"ImageObject","inLanguage":"fr-FR","@id":"https:\/\/danse-classique.com\/#\/schema\/logo\/image\/","url":"https:\/\/danse-classique.com\/wp-content\/uploads\/Photos_Galas\/Gala_2015\/Aladdin\/PL1679.jpg","contentUrl":"https:\/\/danse-classique.com\/wp-content\/uploads\/Photos_Galas\/Gala_2015\/Aladdin\/PL1679.jpg","width":1632,"height":2448,"caption":"ECOLE DE DANSE CLASSQIUE DE JUVIGNAC"},"image":{"@id":"https:\/\/danse-classique.com\/#\/schema\/logo\/image\/"},"sameAs":["https:\/\/www.facebook.com\/profile.php?id=100014698264275"]}]}},"_links":{"self":[{"href":"https:\/\/danse-classique.com\/index.php\/wp-json\/wp\/v2\/pages\/2535","targetHints":{"allow":["GET"]}}],"collection":[{"href":"https:\/\/danse-classique.com\/index.php\/wp-json\/wp\/v2\/pages"}],"about":[{"href":"https:\/\/danse-classique.com\/index.php\/wp-json\/wp\/v2\/types\/page"}],"author":[{"embeddable":true,"href":"https:\/\/danse-classique.com\/index.php\/wp-json\/wp\/v2\/users\/1"}],"replies":[{"embeddable":true,"href":"https:\/\/danse-classique.com\/index.php\/wp-json\/wp\/v2\/comments?post=2535"}],"version-history":[{"count":41,"href":"https:\/\/danse-classique.com\/index.php\/wp-json\/wp\/v2\/pages\/2535\/revisions"}],"predecessor-version":[{"id":62159,"href":"https:\/\/danse-classique.com\/index.php\/wp-json\/wp\/v2\/pages\/2535\/revisions\/62159"}],"up":[{"embeddable":true,"href":"https:\/\/danse-classique.com\/index.php\/wp-json\/wp\/v2\/pages\/124"}],"wp:attachment":[{"href":"https:\/\/danse-classique.com\/index.php\/wp-json\/wp\/v2\/media?parent=2535"}],"curies":[{"name":"wp","href":"https:\/\/api.w.org\/{rel}","templated":true}]}}