{"id":5448,"date":"2018-08-18T19:41:01","date_gmt":"2018-08-18T17:41:01","guid":{"rendered":"http:\/\/danse-classique.com\/?page_id=5448"},"modified":"2020-04-18T17:58:10","modified_gmt":"2020-04-18T15:58:10","slug":"photos_gala_2018","status":"publish","type":"page","link":"https:\/\/danse-classique.com\/index.php\/galerie-photos\/photos_galas\/photos_gala_2018\/","title":{"rendered":"Photos_gala_2018"},"content":{"rendered":"<p><div class=\"et_d4_element et_pb_section et_pb_section_0  et_pb_css_mix_blend_mode et_section_regular et_block_section\" >\n\t\t\t\t\n\t\t\t\t\n\t\t\t\t\n\t\t\t\t\n\t\t\t\t\n\t\t\t\t\n\t\t\t\t<div class=\"et_d4_element et_pb_row et_pb_row_0  et_pb_css_mix_blend_mode et_block_row\">\n\t\t\t\t<div class=\"et_d4_element et_pb_column_4_4 et_pb_column et_pb_column_0  et_pb_css_mix_blend_mode et-last-child et_block_column\">\n\t\t\t\t\n\t\t\t\t\n\t\t\t\t\n\t\t\t\t\n\t\t\t\t<div class=\"et_pb_module et_d4_element et_pb_code et_pb_code_0\">\n\t\t\t\t\n\t\t\t\t\n\t\t\t\t\n\t\t\t\t\n\t\t\t\t<div class=\"et_pb_code_inner\"><span><span><a href=\"https:\/\/danse-classique.com\/\">Accueil<\/a><\/span><\/span>\n<\/div>\n\t\t\t<\/div>\n\t\t\t<\/div>\n\t\t\t\t\n\t\t\t\t\n\t\t\t\t\n\t\t\t\t\n\t\t\t<\/div>\n\t\t\t\t\n\t\t\t\t\n\t\t\t<\/div><div class=\"et_d4_element et_pb_section et_pb_section_1  et_pb_css_mix_blend_mode et_section_regular et_block_section\" >\n\t\t\t\t\n\t\t\t\t\n\t\t\t\t\n\t\t\t\t\n\t\t\t\t\n\t\t\t\t\n\t\t\t\t<div class=\"et_d4_element et_pb_row et_pb_row_1  et_pb_css_mix_blend_mode et_block_row\">\n\t\t\t\t<div class=\"et_d4_element et_pb_column_4_4 et_pb_column et_pb_column_1  et_pb_css_mix_blend_mode et-last-child et_block_column\">\n\t\t\t\t\n\t\t\t\t\n\t\t\t\t\n\t\t\t\t\n\t\t\t\t<div class=\"et_pb_module et_d4_element et_pb_text et_pb_text_0  et_pb_text_align_left et_pb_bg_layout_light\">\n\t\t\t\t\n\t\t\t\t\n\t\t\t\t\n\t\t\t\t\n\t\t\t\t<div class=\"et_pb_text_inner\"><h2 style=\"text-align: center;\"><span style=\"color: #000080;\"><strong>GALA ZENITH 2018<\/strong><\/span><\/h2><\/div>\n\t\t\t<\/div>\n\t\t\t<\/div>\n\t\t\t\t\n\t\t\t\t\n\t\t\t\t\n\t\t\t\t\n\t\t\t<\/div><div class=\"et_d4_element et_pb_row et_pb_row_2  et_pb_css_mix_blend_mode et_block_row\">\n\t\t\t\t<div class=\"et_d4_element et_pb_column_1_3 et_pb_column et_pb_column_2  et_pb_css_mix_blend_mode et_block_column\">\n\t\t\t\t\n\t\t\t\t\n\t\t\t\t\n\t\t\t\t\n\t\t\t\t<div class=\"et_pb_module et_d4_element et_pb_image et_pb_image_0\">\n\t\t\t\t\n\t\t\t\t\n\t\t\t\t\n\t\t\t\t\n\t\t\t\t<span class=\"et_pb_image_wrap has-box-shadow-overlay\"><div class=\"box-shadow-overlay\"><\/div><img decoding=\"async\" src=\"https:\/\/danse-classique.com\/wp-content\/uploads\/Photos_Galas\/Gala_2018\/D\u00e9fil\u00e9\/P1023.jpg\" alt=\"\" title=\"\" \/><\/span>\n\t\t\t<\/div><div class=\"et_pb_button_module_wrapper et_pb_button_0_wrapper et_pb_button_alignment_center et_pb_module \">\n\t\t\t\t<a class=\"et_pb_button et_d4_element et_pb_button_0 et_pb_bg_layout_light et_block_module\" href=\"https:\/\/danse-classique.com\/index.php\/galerie-photos\/photos_galas\/photos_gala_2018\/photos_gala_2018_partie1\/gala_2018_defile\/\">D\u00e9fil\u00e9 de l&#039;\u00e9cole<\/a>\n\t\t\t<\/div>\n\t\t\t<\/div><div class=\"et_d4_element et_pb_column_1_3 et_pb_column et_pb_column_3  et_pb_css_mix_blend_mode et_block_column\">\n\t\t\t\t\n\t\t\t\t\n\t\t\t\t\n\t\t\t\t\n\t\t\t\t<div class=\"et_pb_module et_d4_element et_pb_image et_pb_image_1\">\n\t\t\t\t\n\t\t\t\t\n\t\t\t\t\n\t\t\t\t\n\t\t\t\t<span class=\"et_pb_image_wrap has-box-shadow-overlay\"><div class=\"box-shadow-overlay\"><\/div><img loading=\"lazy\" decoding=\"async\" width=\"2448\" height=\"1632\" src=\"https:\/\/danse-classique.com\/wp-content\/uploads\/Photos_Galas\/Gala_2018\/Courtisanes\/P1823.jpg\" alt=\"\" title=\"\" srcset=\"https:\/\/danse-classique.com\/wp-content\/uploads\/Photos_Galas\/Gala_2018\/Courtisanes\/P1823.jpg 2448w, https:\/\/danse-classique.com\/wp-content\/uploads\/Photos_Galas\/Gala_2018\/Courtisanes\/P1823-300x200.jpg 300w, https:\/\/danse-classique.com\/wp-content\/uploads\/Photos_Galas\/Gala_2018\/Courtisanes\/P1823-768x512.jpg 768w, https:\/\/danse-classique.com\/wp-content\/uploads\/Photos_Galas\/Gala_2018\/Courtisanes\/P1823-1024x683.jpg 1024w, https:\/\/danse-classique.com\/wp-content\/uploads\/Photos_Galas\/Gala_2018\/Courtisanes\/P1823-150x100.jpg 150w, https:\/\/danse-classique.com\/wp-content\/uploads\/Photos_Galas\/Gala_2018\/Courtisanes\/P1823-200x133.jpg 200w, https:\/\/danse-classique.com\/wp-content\/uploads\/Photos_Galas\/Gala_2018\/Courtisanes\/P1823-250x166.jpg 250w, https:\/\/danse-classique.com\/wp-content\/uploads\/Photos_Galas\/Gala_2018\/Courtisanes\/P1823-1080x720.jpg 1080w, https:\/\/danse-classique.com\/wp-content\/uploads\/Photos_Galas\/Gala_2018\/Courtisanes\/P1823-610x407.jpg 610w, https:\/\/danse-classique.com\/wp-content\/uploads\/Photos_Galas\/Gala_2018\/Courtisanes\/P1823-1320x880.jpg 1320w\" sizes=\"(max-width: 2448px) 100vw, 2448px\" class=\"wp-image-4391\" \/><\/span>\n\t\t\t<\/div><div class=\"et_pb_button_module_wrapper et_pb_button_1_wrapper et_pb_button_alignment_center et_pb_module \">\n\t\t\t\t<a class=\"et_pb_button et_d4_element et_pb_button_1 et_pb_bg_layout_light et_block_module\" href=\"https:\/\/danse-classique.com\/index.php\/galerie-photos\/photos_galas\/photos_gala_2018_partie1\/\">1\u00e8re partie : ROMEO &amp; JULIETTE<\/a>\n\t\t\t<\/div>\n\t\t\t<\/div><div class=\"et_d4_element et_pb_column_1_3 et_pb_column et_pb_column_4  et_pb_css_mix_blend_mode et-last-child et_block_column\">\n\t\t\t\t\n\t\t\t\t\n\t\t\t\t\n\t\t\t\t\n\t\t\t\t<div class=\"et_pb_module et_d4_element et_pb_image et_pb_image_2\">\n\t\t\t\t\n\t\t\t\t\n\t\t\t\t\n\t\t\t\t\n\t\t\t\t<span class=\"et_pb_image_wrap has-box-shadow-overlay\"><div class=\"box-shadow-overlay\"><\/div><img loading=\"lazy\" decoding=\"async\" width=\"2448\" height=\"1632\" src=\"https:\/\/danse-classique.com\/wp-content\/uploads\/Photos_Galas\/Gala_2018\/Pays_imaginaire\/P3497.jpg\" alt=\"\" title=\"\" srcset=\"https:\/\/danse-classique.com\/wp-content\/uploads\/Photos_Galas\/Gala_2018\/Pays_imaginaire\/P3497.jpg 2448w, https:\/\/danse-classique.com\/wp-content\/uploads\/Photos_Galas\/Gala_2018\/Pays_imaginaire\/P3497-300x200.jpg 300w, https:\/\/danse-classique.com\/wp-content\/uploads\/Photos_Galas\/Gala_2018\/Pays_imaginaire\/P3497-768x512.jpg 768w, https:\/\/danse-classique.com\/wp-content\/uploads\/Photos_Galas\/Gala_2018\/Pays_imaginaire\/P3497-1024x683.jpg 1024w, https:\/\/danse-classique.com\/wp-content\/uploads\/Photos_Galas\/Gala_2018\/Pays_imaginaire\/P3497-150x100.jpg 150w, https:\/\/danse-classique.com\/wp-content\/uploads\/Photos_Galas\/Gala_2018\/Pays_imaginaire\/P3497-200x133.jpg 200w, https:\/\/danse-classique.com\/wp-content\/uploads\/Photos_Galas\/Gala_2018\/Pays_imaginaire\/P3497-250x166.jpg 250w, https:\/\/danse-classique.com\/wp-content\/uploads\/Photos_Galas\/Gala_2018\/Pays_imaginaire\/P3497-1080x720.jpg 1080w, https:\/\/danse-classique.com\/wp-content\/uploads\/Photos_Galas\/Gala_2018\/Pays_imaginaire\/P3497-610x407.jpg 610w, https:\/\/danse-classique.com\/wp-content\/uploads\/Photos_Galas\/Gala_2018\/Pays_imaginaire\/P3497-1320x880.jpg 1320w\" sizes=\"(max-width: 2448px) 100vw, 2448px\" class=\"wp-image-5115\" \/><\/span>\n\t\t\t<\/div><div class=\"et_pb_button_module_wrapper et_pb_button_2_wrapper et_pb_button_alignment_center et_pb_module \">\n\t\t\t\t<a class=\"et_pb_button et_d4_element et_pb_button_2 et_pb_bg_layout_light et_block_module\" href=\"https:\/\/danse-classique.com\/index.php\/galerie-photos\/photos_galas\/photos_gala_2018\/photos_gala_2018_partie2\/\">2i\u00e8me partie : Le Pays Imaginaire<\/a>\n\t\t\t<\/div>\n\t\t\t<\/div>\n\t\t\t\t\n\t\t\t\t\n\t\t\t\t\n\t\t\t\t\n\t\t\t<\/div>\n\t\t\t\t\n\t\t\t\t\n\t\t\t<\/div><div class=\"et_d4_element et_pb_section et_pb_section_2  et_pb_css_mix_blend_mode et_section_regular et_block_section\" >\n\t\t\t\t\n\t\t\t\t\n\t\t\t\t\n\t\t\t\t\n\t\t\t\t\n\t\t\t\t\n\t\t\t\t<div class=\"et_d4_element et_pb_row et_pb_row_3  et_pb_css_mix_blend_mode et_block_row\">\n\t\t\t\t<div class=\"et_d4_element et_pb_column_2_3 et_pb_column et_pb_column_5  et_pb_css_mix_blend_mode et_block_column\">\n\t\t\t\t\n\t\t\t\t\n\t\t\t\t\n\t\t\t\t\n\t\t\t\t<div class=\"et_pb_module et_d4_element et_pb_text et_pb_text_1  et_pb_text_align_left et_pb_bg_layout_light\">\n\t\t\t\t\n\t\t\t\t\n\t\t\t\t\n\t\t\t\t\n\t\t\t\t<div class=\"et_pb_text_inner\"><p style=\"text-align: center;\"><strong>Les photos du Gala seront toujours disponibles au tirage papier :<\/strong><br \/>\n<strong>prendre contact avec le photographe :<\/strong><br \/>\n<strong>ESPOSITO SYLVAIN - Mas de la vierge 34130 Mauguio<\/strong><br \/>\n<strong>T\u00e9l : 06 09 91 09 60 Email : sylmano@wanadoo.fr<\/strong><\/p><\/div>\n\t\t\t<\/div>\n\t\t\t<\/div><div class=\"et_d4_element et_pb_column_1_3 et_pb_column et_pb_column_6  et_pb_css_mix_blend_mode et-last-child et_block_column\">\n\t\t\t\t\n\t\t\t\t\n\t\t\t\t\n\t\t\t\t\n\t\t\t\t<div class=\"et_pb_module et_d4_element et_pb_image et_pb_image_3\">\n\t\t\t\t\n\t\t\t\t\n\t\t\t\t\n\t\t\t\t\n\t\t\t\t<span class=\"et_pb_image_wrap \"><img loading=\"lazy\" decoding=\"async\" width=\"460\" height=\"316\" src=\"https:\/\/danse-classique.com\/wp-content\/uploads\/Images\/photo.jpg\" alt=\"\" title=\"\" srcset=\"https:\/\/danse-classique.com\/wp-content\/uploads\/Images\/photo.jpg 460w, https:\/\/danse-classique.com\/wp-content\/uploads\/Images\/photo-300x206.jpg 300w\" sizes=\"(max-width: 460px) 100vw, 460px\" class=\"wp-image-6326\" \/><\/span>\n\t\t\t<\/div>\n\t\t\t<\/div>\n\t\t\t\t\n\t\t\t\t\n\t\t\t\t\n\t\t\t\t\n\t\t\t<\/div>\n\t\t\t\t\n\t\t\t\t\n\t\t\t<\/div><\/p>\n","protected":false},"excerpt":{"rendered":"","protected":false},"author":1,"featured_media":0,"parent":128,"menu_order":0,"comment_status":"closed","ping_status":"closed","template":"","meta":{"_et_pb_use_builder":"on","_et_pb_old_content":"","_et_gb_content_width":"","footnotes":""},"class_list":["post-5448","page","type-page","status-publish","hentry"],"yoast_head":"<!-- This site is optimized with the Yoast SEO plugin v28.3 - https:\/\/yoast.com\/product\/yoast-seo-wordpress\/ -->\n<title>Photos_gala_2018 - ECOLE de DANSE CLASSIQUE de JUVIGNAC<\/title>\n<meta name=\"robots\" content=\"index, follow, max-snippet:-1, max-image-preview:large, max-video-preview:-1\" \/>\n<link rel=\"canonical\" href=\"https:\/\/danse-classique.com\/index.php\/galerie-photos\/photos_galas\/photos_gala_2018\/\" \/>\n<meta property=\"og:locale\" content=\"fr_FR\" \/>\n<meta property=\"og:type\" content=\"article\" \/>\n<meta property=\"og:title\" content=\"Photos_gala_2018 - ECOLE de DANSE CLASSIQUE de JUVIGNAC\" \/>\n<meta property=\"og:url\" content=\"https:\/\/danse-classique.com\/index.php\/galerie-photos\/photos_galas\/photos_gala_2018\/\" \/>\n<meta property=\"og:site_name\" content=\"ECOLE de DANSE CLASSIQUE de JUVIGNAC\" \/>\n<meta property=\"article:publisher\" content=\"https:\/\/www.facebook.com\/profile.php?id=100014698264275\" \/>\n<meta property=\"article:modified_time\" content=\"2020-04-18T15:58:10+00:00\" \/>\n<meta name=\"twitter:card\" content=\"summary_large_image\" \/>\n<meta name=\"twitter:label1\" content=\"Dur\u00e9e de lecture estim\u00e9e\" \/>\n\t<meta name=\"twitter:data1\" content=\"5 minutes\" \/>\n<script type=\"application\/ld+json\" class=\"yoast-schema-graph\">{\"@context\":\"https:\\\/\\\/schema.org\",\"@graph\":[{\"@type\":\"WebPage\",\"@id\":\"https:\\\/\\\/danse-classique.com\\\/index.php\\\/galerie-photos\\\/photos_galas\\\/photos_gala_2018\\\/\",\"url\":\"https:\\\/\\\/danse-classique.com\\\/index.php\\\/galerie-photos\\\/photos_galas\\\/photos_gala_2018\\\/\",\"name\":\"Photos_gala_2018 - ECOLE de DANSE CLASSIQUE de JUVIGNAC\",\"isPartOf\":{\"@id\":\"https:\\\/\\\/danse-classique.com\\\/#website\"},\"datePublished\":\"2018-08-18T17:41:01+00:00\",\"dateModified\":\"2020-04-18T15:58:10+00:00\",\"breadcrumb\":{\"@id\":\"https:\\\/\\\/danse-classique.com\\\/index.php\\\/galerie-photos\\\/photos_galas\\\/photos_gala_2018\\\/#breadcrumb\"},\"inLanguage\":\"fr-FR\",\"potentialAction\":[{\"@type\":\"ReadAction\",\"target\":[\"https:\\\/\\\/danse-classique.com\\\/index.php\\\/galerie-photos\\\/photos_galas\\\/photos_gala_2018\\\/\"]}]},{\"@type\":\"BreadcrumbList\",\"@id\":\"https:\\\/\\\/danse-classique.com\\\/index.php\\\/galerie-photos\\\/photos_galas\\\/photos_gala_2018\\\/#breadcrumb\",\"itemListElement\":[{\"@type\":\"ListItem\",\"position\":1,\"name\":\"Accueil\",\"item\":\"https:\\\/\\\/danse-classique.com\\\/\"},{\"@type\":\"ListItem\",\"position\":2,\"name\":\"Galerie Photos\",\"item\":\"https:\\\/\\\/danse-classique.com\\\/index.php\\\/galerie-photos\\\/\"},{\"@type\":\"ListItem\",\"position\":3,\"name\":\"Photos_Galas\",\"item\":\"https:\\\/\\\/danse-classique.com\\\/index.php\\\/galerie-photos\\\/photos_galas\\\/\"},{\"@type\":\"ListItem\",\"position\":4,\"name\":\"Photos Gala 2018\"}]},{\"@type\":\"WebSite\",\"@id\":\"https:\\\/\\\/danse-classique.com\\\/#website\",\"url\":\"https:\\\/\\\/danse-classique.com\\\/\",\"name\":\"ECOLE de DANSE CLASSIQUE de JUVIGNAC\",\"description\":\"\",\"publisher\":{\"@id\":\"https:\\\/\\\/danse-classique.com\\\/#organization\"},\"potentialAction\":[{\"@type\":\"SearchAction\",\"target\":{\"@type\":\"EntryPoint\",\"urlTemplate\":\"https:\\\/\\\/danse-classique.com\\\/?s={search_term_string}\"},\"query-input\":{\"@type\":\"PropertyValueSpecification\",\"valueRequired\":true,\"valueName\":\"search_term_string\"}}],\"inLanguage\":\"fr-FR\"},{\"@type\":\"Organization\",\"@id\":\"https:\\\/\\\/danse-classique.com\\\/#organization\",\"name\":\"ECOLE DE DANSE CLASSQIUE DE JUVIGNAC\",\"url\":\"https:\\\/\\\/danse-classique.com\\\/\",\"logo\":{\"@type\":\"ImageObject\",\"inLanguage\":\"fr-FR\",\"@id\":\"https:\\\/\\\/danse-classique.com\\\/#\\\/schema\\\/logo\\\/image\\\/\",\"url\":\"https:\\\/\\\/danse-classique.com\\\/wp-content\\\/uploads\\\/Photos_Galas\\\/Gala_2015\\\/Aladdin\\\/PL1679.jpg\",\"contentUrl\":\"https:\\\/\\\/danse-classique.com\\\/wp-content\\\/uploads\\\/Photos_Galas\\\/Gala_2015\\\/Aladdin\\\/PL1679.jpg\",\"width\":1632,\"height\":2448,\"caption\":\"ECOLE DE DANSE CLASSQIUE DE JUVIGNAC\"},\"image\":{\"@id\":\"https:\\\/\\\/danse-classique.com\\\/#\\\/schema\\\/logo\\\/image\\\/\"},\"sameAs\":[\"https:\\\/\\\/www.facebook.com\\\/profile.php?id=100014698264275\"]}]}<\/script>\n<!-- \/ Yoast SEO plugin. -->","yoast_head_json":{"title":"Photos_gala_2018 - ECOLE de DANSE CLASSIQUE de JUVIGNAC","robots":{"index":"index","follow":"follow","max-snippet":"max-snippet:-1","max-image-preview":"max-image-preview:large","max-video-preview":"max-video-preview:-1"},"canonical":"https:\/\/danse-classique.com\/index.php\/galerie-photos\/photos_galas\/photos_gala_2018\/","og_locale":"fr_FR","og_type":"article","og_title":"Photos_gala_2018 - ECOLE de DANSE CLASSIQUE de JUVIGNAC","og_url":"https:\/\/danse-classique.com\/index.php\/galerie-photos\/photos_galas\/photos_gala_2018\/","og_site_name":"ECOLE de DANSE CLASSIQUE de JUVIGNAC","article_publisher":"https:\/\/www.facebook.com\/profile.php?id=100014698264275","article_modified_time":"2020-04-18T15:58:10+00:00","twitter_card":"summary_large_image","twitter_misc":{"Dur\u00e9e de lecture estim\u00e9e":"5 minutes"},"schema":{"@context":"https:\/\/schema.org","@graph":[{"@type":"WebPage","@id":"https:\/\/danse-classique.com\/index.php\/galerie-photos\/photos_galas\/photos_gala_2018\/","url":"https:\/\/danse-classique.com\/index.php\/galerie-photos\/photos_galas\/photos_gala_2018\/","name":"Photos_gala_2018 - ECOLE de DANSE CLASSIQUE de JUVIGNAC","isPartOf":{"@id":"https:\/\/danse-classique.com\/#website"},"datePublished":"2018-08-18T17:41:01+00:00","dateModified":"2020-04-18T15:58:10+00:00","breadcrumb":{"@id":"https:\/\/danse-classique.com\/index.php\/galerie-photos\/photos_galas\/photos_gala_2018\/#breadcrumb"},"inLanguage":"fr-FR","potentialAction":[{"@type":"ReadAction","target":["https:\/\/danse-classique.com\/index.php\/galerie-photos\/photos_galas\/photos_gala_2018\/"]}]},{"@type":"BreadcrumbList","@id":"https:\/\/danse-classique.com\/index.php\/galerie-photos\/photos_galas\/photos_gala_2018\/#breadcrumb","itemListElement":[{"@type":"ListItem","position":1,"name":"Accueil","item":"https:\/\/danse-classique.com\/"},{"@type":"ListItem","position":2,"name":"Galerie Photos","item":"https:\/\/danse-classique.com\/index.php\/galerie-photos\/"},{"@type":"ListItem","position":3,"name":"Photos_Galas","item":"https:\/\/danse-classique.com\/index.php\/galerie-photos\/photos_galas\/"},{"@type":"ListItem","position":4,"name":"Photos Gala 2018"}]},{"@type":"WebSite","@id":"https:\/\/danse-classique.com\/#website","url":"https:\/\/danse-classique.com\/","name":"ECOLE de DANSE CLASSIQUE de JUVIGNAC","description":"","publisher":{"@id":"https:\/\/danse-classique.com\/#organization"},"potentialAction":[{"@type":"SearchAction","target":{"@type":"EntryPoint","urlTemplate":"https:\/\/danse-classique.com\/?s={search_term_string}"},"query-input":{"@type":"PropertyValueSpecification","valueRequired":true,"valueName":"search_term_string"}}],"inLanguage":"fr-FR"},{"@type":"Organization","@id":"https:\/\/danse-classique.com\/#organization","name":"ECOLE DE DANSE CLASSQIUE DE JUVIGNAC","url":"https:\/\/danse-classique.com\/","logo":{"@type":"ImageObject","inLanguage":"fr-FR","@id":"https:\/\/danse-classique.com\/#\/schema\/logo\/image\/","url":"https:\/\/danse-classique.com\/wp-content\/uploads\/Photos_Galas\/Gala_2015\/Aladdin\/PL1679.jpg","contentUrl":"https:\/\/danse-classique.com\/wp-content\/uploads\/Photos_Galas\/Gala_2015\/Aladdin\/PL1679.jpg","width":1632,"height":2448,"caption":"ECOLE DE DANSE CLASSQIUE DE JUVIGNAC"},"image":{"@id":"https:\/\/danse-classique.com\/#\/schema\/logo\/image\/"},"sameAs":["https:\/\/www.facebook.com\/profile.php?id=100014698264275"]}]}},"_links":{"self":[{"href":"https:\/\/danse-classique.com\/index.php\/wp-json\/wp\/v2\/pages\/5448","targetHints":{"allow":["GET"]}}],"collection":[{"href":"https:\/\/danse-classique.com\/index.php\/wp-json\/wp\/v2\/pages"}],"about":[{"href":"https:\/\/danse-classique.com\/index.php\/wp-json\/wp\/v2\/types\/page"}],"author":[{"embeddable":true,"href":"https:\/\/danse-classique.com\/index.php\/wp-json\/wp\/v2\/users\/1"}],"replies":[{"embeddable":true,"href":"https:\/\/danse-classique.com\/index.php\/wp-json\/wp\/v2\/comments?post=5448"}],"version-history":[{"count":15,"href":"https:\/\/danse-classique.com\/index.php\/wp-json\/wp\/v2\/pages\/5448\/revisions"}],"predecessor-version":[{"id":10763,"href":"https:\/\/danse-classique.com\/index.php\/wp-json\/wp\/v2\/pages\/5448\/revisions\/10763"}],"up":[{"embeddable":true,"href":"https:\/\/danse-classique.com\/index.php\/wp-json\/wp\/v2\/pages\/128"}],"wp:attachment":[{"href":"https:\/\/danse-classique.com\/index.php\/wp-json\/wp\/v2\/media?parent=5448"}],"curies":[{"name":"wp","href":"https:\/\/api.w.org\/{rel}","templated":true}]}}