{"id":8301,"date":"2020-04-14T16:23:54","date_gmt":"2020-04-14T14:23:54","guid":{"rendered":"https:\/\/danse-classique.com\/?page_id=8301"},"modified":"2020-04-16T17:41:47","modified_gmt":"2020-04-16T15:41:47","slug":"photos_gala_2019_partie2","status":"publish","type":"page","link":"https:\/\/danse-classique.com\/index.php\/galerie-photos\/photos_galas\/photos_gala_2019\/photos_gala_2019_partie2\/","title":{"rendered":"Photos_gala_2019_partie2"},"content":{"rendered":"<p><div class=\"et_d4_element et_pb_section et_pb_section_0  et_pb_css_mix_blend_mode et_section_regular et_block_section\" >\n\t\t\t\t\n\t\t\t\t\n\t\t\t\t\n\t\t\t\t\n\t\t\t\t\n\t\t\t\t\n\t\t\t\t<div class=\"et_d4_element et_pb_row et_pb_row_0  et_pb_css_mix_blend_mode et_block_row\">\n\t\t\t\t<div class=\"et_d4_element et_pb_column_4_4 et_pb_column et_pb_column_0  et_pb_css_mix_blend_mode et-last-child et_block_column\">\n\t\t\t\t\n\t\t\t\t\n\t\t\t\t\n\t\t\t\t\n\t\t\t\t<div class=\"et_pb_module et_d4_element et_pb_code et_pb_code_0\">\n\t\t\t\t\n\t\t\t\t\n\t\t\t\t\n\t\t\t\t\n\t\t\t\t<div class=\"et_pb_code_inner\"><span><span><a href=\"https:\/\/danse-classique.com\/\">Accueil<\/a><\/span><\/span>\n<\/div>\n\t\t\t<\/div>\n\t\t\t<\/div>\n\t\t\t\t\n\t\t\t\t\n\t\t\t\t\n\t\t\t\t\n\t\t\t<\/div>\n\t\t\t\t\n\t\t\t\t\n\t\t\t<\/div><div class=\"et_d4_element et_pb_section et_pb_section_1  et_pb_css_mix_blend_mode et_section_regular et_block_section\" >\n\t\t\t\t\n\t\t\t\t\n\t\t\t\t\n\t\t\t\t\n\t\t\t\t\n\t\t\t\t\n\t\t\t\t<div class=\"et_d4_element et_pb_row et_pb_row_1 et_pb_row_fullwidth  et_pb_css_mix_blend_mode et_block_row\">\n\t\t\t\t<div class=\"et_d4_element et_pb_column_1_4 et_pb_column et_pb_column_1  et_pb_css_mix_blend_mode et_block_column\">\n\t\t\t\t\n\t\t\t\t\n\t\t\t\t\n\t\t\t\t\n\t\t\t\t<div class=\"et_pb_module et_d4_element et_pb_image et_pb_image_0\">\n\t\t\t\t\n\t\t\t\t\n\t\t\t\t\n\t\t\t\t\n\t\t\t\t<span class=\"et_pb_image_wrap \"><img loading=\"lazy\" decoding=\"async\" width=\"300\" height=\"200\" src=\"https:\/\/danse-classique.com\/wp-content\/uploads\/2020\/04\/P5020-300x200.jpg\" alt=\"\" title=\"\" class=\"wp-image-8310\" \/><\/span>\n\t\t\t<\/div><div class=\"et_pb_button_module_wrapper et_pb_button_0_wrapper et_pb_button_alignment_center et_pb_module \">\n\t\t\t\t<a class=\"et_pb_button et_d4_element et_pb_button_0 et_pb_bg_layout_light et_block_module\" href=\"https:\/\/danse-classique.com\/index.php\/galerie-photos\/photos_galas\/photos_gala_2019\/photos_gala_2019_partie2\/gala_2019_jourchance\/\">C&#039;est votre jour de chance<\/a>\n\t\t\t<\/div>\n\t\t\t<\/div><div class=\"et_d4_element et_pb_column_1_4 et_pb_column et_pb_column_2  et_pb_css_mix_blend_mode et_block_column\">\n\t\t\t\t\n\t\t\t\t\n\t\t\t\t\n\t\t\t\t\n\t\t\t\t<div class=\"et_pb_module et_d4_element et_pb_image et_pb_image_1\">\n\t\t\t\t\n\t\t\t\t\n\t\t\t\t\n\t\t\t\t\n\t\t\t\t<span class=\"et_pb_image_wrap \"><img loading=\"lazy\" decoding=\"async\" width=\"300\" height=\"200\" src=\"https:\/\/danse-classique.com\/wp-content\/uploads\/2020\/04\/P5022-300x200.jpg\" alt=\"\" title=\"\" class=\"wp-image-8311\" \/><\/span>\n\t\t\t<\/div><div class=\"et_pb_button_module_wrapper et_pb_button_1_wrapper et_pb_button_alignment_center et_pb_module \">\n\t\t\t\t<a class=\"et_pb_button et_d4_element et_pb_button_1 et_pb_bg_layout_light et_block_module\" href=\"https:\/\/danse-classique.com\/index.php\/galerie-photos\/photos_galas\/photos_gala_2019\/photos_gala_2019_partie2\/gala_2019_mickaelbanks\/\">Mickael Banks et ses enfants<\/a>\n\t\t\t<\/div>\n\t\t\t<\/div><div class=\"et_d4_element et_pb_column_1_4 et_pb_column et_pb_column_3  et_pb_css_mix_blend_mode et_block_column\">\n\t\t\t\t\n\t\t\t\t\n\t\t\t\t\n\t\t\t\t\n\t\t\t\t<div class=\"et_pb_module et_d4_element et_pb_image et_pb_image_2\">\n\t\t\t\t\n\t\t\t\t\n\t\t\t\t\n\t\t\t\t\n\t\t\t\t<span class=\"et_pb_image_wrap \"><img loading=\"lazy\" decoding=\"async\" width=\"300\" height=\"258\" src=\"https:\/\/danse-classique.com\/wp-content\/uploads\/2020\/04\/P5047-300x258.jpg\" alt=\"\" title=\"\" class=\"wp-image-8312\" \/><\/span>\n\t\t\t<\/div><div class=\"et_pb_button_module_wrapper et_pb_button_2_wrapper et_pb_button_alignment_center et_pb_module \">\n\t\t\t\t<a class=\"et_pb_button et_d4_element et_pb_button_2 et_pb_bg_layout_light et_block_module\" href=\"\">Arriv\u00e9e de Mary<\/a>\n\t\t\t<\/div>\n\t\t\t<\/div><div class=\"et_d4_element et_pb_column_1_4 et_pb_column et_pb_column_4  et_pb_css_mix_blend_mode et-last-child et_block_column\">\n\t\t\t\t\n\t\t\t\t\n\t\t\t\t\n\t\t\t\t\n\t\t\t\t<div class=\"et_pb_module et_d4_element et_pb_image et_pb_image_3\">\n\t\t\t\t\n\t\t\t\t\n\t\t\t\t\n\t\t\t\t\n\t\t\t\t<span class=\"et_pb_image_wrap \"><img loading=\"lazy\" decoding=\"async\" width=\"300\" height=\"200\" src=\"https:\/\/danse-classique.com\/wp-content\/uploads\/2020\/04\/P5058-300x200.jpg\" alt=\"\" title=\"\" class=\"wp-image-8313\" \/><\/span>\n\t\t\t<\/div><div class=\"et_pb_button_module_wrapper et_pb_button_3_wrapper et_pb_button_alignment_center et_pb_module \">\n\t\t\t\t<a class=\"et_pb_button et_d4_element et_pb_button_3 et_pb_bg_layout_light et_block_module\" href=\"https:\/\/danse-classique.com\/index.php\/galerie-photos\/photos_galas\/photos_gala_2019\/photos_gala_2019_partie2\/gala_2019_lebain\/\">Le bain<\/a>\n\t\t\t<\/div>\n\t\t\t<\/div>\n\t\t\t\t\n\t\t\t\t\n\t\t\t\t\n\t\t\t\t\n\t\t\t<\/div><div class=\"et_d4_element et_pb_row et_pb_row_2 et_pb_row_fullwidth  et_pb_css_mix_blend_mode et_block_row\">\n\t\t\t\t<div class=\"et_d4_element et_pb_column_1_4 et_pb_column et_pb_column_5  et_pb_css_mix_blend_mode et_block_column\">\n\t\t\t\t\n\t\t\t\t\n\t\t\t\t\n\t\t\t\t\n\t\t\t\t<div class=\"et_pb_module et_d4_element et_pb_image et_pb_image_4\">\n\t\t\t\t\n\t\t\t\t\n\t\t\t\t\n\t\t\t\t\n\t\t\t\t<span class=\"et_pb_image_wrap \"><img loading=\"lazy\" decoding=\"async\" width=\"300\" height=\"200\" src=\"https:\/\/danse-classique.com\/wp-content\/uploads\/2020\/04\/P5069-300x200.jpg\" alt=\"\" title=\"\" class=\"wp-image-8314\" \/><\/span>\n\t\t\t<\/div><div class=\"et_pb_button_module_wrapper et_pb_button_4_wrapper et_pb_button_alignment_center et_pb_module \">\n\t\t\t\t<a class=\"et_pb_button et_d4_element et_pb_button_4 et_pb_bg_layout_light et_block_module\" href=\"https:\/\/danse-classique.com\/index.php\/galerie-photos\/photos_galas\/photos_gala_2019\/photos_gala_2019_partie2\/gala_2019_baigneuses\/\">Danse des Baigneuses<\/a>\n\t\t\t<\/div>\n\t\t\t<\/div><div class=\"et_d4_element et_pb_column_1_4 et_pb_column et_pb_column_6  et_pb_css_mix_blend_mode et_block_column\">\n\t\t\t\t\n\t\t\t\t\n\t\t\t\t\n\t\t\t\t\n\t\t\t\t<div class=\"et_pb_module et_d4_element et_pb_image et_pb_image_5\">\n\t\t\t\t\n\t\t\t\t\n\t\t\t\t\n\t\t\t\t\n\t\t\t\t<span class=\"et_pb_image_wrap \"><img loading=\"lazy\" decoding=\"async\" width=\"300\" height=\"200\" src=\"https:\/\/danse-classique.com\/wp-content\/uploads\/2020\/04\/P5095-300x200.jpg\" alt=\"\" title=\"\" class=\"wp-image-8315\" \/><\/span>\n\t\t\t<\/div><div class=\"et_pb_button_module_wrapper et_pb_button_5_wrapper et_pb_button_alignment_center et_pb_module \">\n\t\t\t\t<a class=\"et_pb_button et_d4_element et_pb_button_5 et_pb_bg_layout_light et_block_module\" href=\"https:\/\/danse-classique.com\/index.php\/galerie-photos\/photos_galas\/photos_gala_2019\/photos_gala_2019_partie2\/gala_2019_lecirque\/\">Arriv\u00e9e au Cirque<\/a>\n\t\t\t<\/div>\n\t\t\t<\/div><div class=\"et_d4_element et_pb_column_1_4 et_pb_column et_pb_column_7  et_pb_css_mix_blend_mode et_block_column\">\n\t\t\t\t\n\t\t\t\t\n\t\t\t\t\n\t\t\t\t\n\t\t\t\t<div class=\"et_pb_module et_d4_element et_pb_image et_pb_image_6\">\n\t\t\t\t\n\t\t\t\t\n\t\t\t\t\n\t\t\t\t\n\t\t\t\t<span class=\"et_pb_image_wrap \"><img loading=\"lazy\" decoding=\"async\" width=\"300\" height=\"200\" src=\"https:\/\/danse-classique.com\/wp-content\/uploads\/2020\/04\/P5144-300x200.jpg\" alt=\"\" title=\"\" class=\"wp-image-8316\" \/><\/span>\n\t\t\t<\/div><div class=\"et_pb_button_module_wrapper et_pb_button_6_wrapper et_pb_button_alignment_center et_pb_module \">\n\t\t\t\t<a class=\"et_pb_button et_d4_element et_pb_button_6 et_pb_bg_layout_light et_block_module\" href=\"https:\/\/danse-classique.com\/index.php\/galerie-photos\/photos_galas\/photos_gala_2019\/photos_gala_2019_partie2\/gala_2019_maitres\/\">Les petits ma\u00eetres de C\u00e9r\u00e9monie<\/a>\n\t\t\t<\/div>\n\t\t\t<\/div><div class=\"et_d4_element et_pb_column_1_4 et_pb_column et_pb_column_8  et_pb_css_mix_blend_mode et-last-child et_block_column\">\n\t\t\t\t\n\t\t\t\t\n\t\t\t\t\n\t\t\t\t\n\t\t\t\t<div class=\"et_pb_module et_d4_element et_pb_image et_pb_image_7\">\n\t\t\t\t\n\t\t\t\t\n\t\t\t\t\n\t\t\t\t\n\t\t\t\t<span class=\"et_pb_image_wrap \"><img loading=\"lazy\" decoding=\"async\" width=\"300\" height=\"200\" src=\"https:\/\/danse-classique.com\/wp-content\/uploads\/2020\/04\/P5197-300x200.jpg\" alt=\"\" title=\"\" class=\"wp-image-8318\" \/><\/span>\n\t\t\t<\/div><div class=\"et_pb_button_module_wrapper et_pb_button_7_wrapper et_pb_button_alignment_center et_pb_module \">\n\t\t\t\t<a class=\"et_pb_button et_d4_element et_pb_button_7 et_pb_bg_layout_light et_block_module\" href=\"https:\/\/danse-classique.com\/index.php\/galerie-photos\/photos_galas\/photos_gala_2019\/photos_gala_2019_partie2\/gala_2019_ballons\/\">Danse des Ballons<\/a>\n\t\t\t<\/div>\n\t\t\t<\/div>\n\t\t\t\t\n\t\t\t\t\n\t\t\t\t\n\t\t\t\t\n\t\t\t<\/div><div class=\"et_d4_element et_pb_row et_pb_row_3 et_pb_row_fullwidth  et_pb_css_mix_blend_mode et_block_row\">\n\t\t\t\t<div class=\"et_d4_element et_pb_column_1_4 et_pb_column et_pb_column_9  et_pb_css_mix_blend_mode et_block_column\">\n\t\t\t\t\n\t\t\t\t\n\t\t\t\t\n\t\t\t\t\n\t\t\t\t<div class=\"et_pb_module et_d4_element et_pb_image et_pb_image_8\">\n\t\t\t\t\n\t\t\t\t\n\t\t\t\t\n\t\t\t\t\n\t\t\t\t<span class=\"et_pb_image_wrap \"><img loading=\"lazy\" decoding=\"async\" width=\"300\" height=\"200\" src=\"https:\/\/danse-classique.com\/wp-content\/uploads\/2020\/04\/P5269-300x200.jpg\" alt=\"\" title=\"\" class=\"wp-image-8319\" \/><\/span>\n\t\t\t<\/div><div class=\"et_pb_button_module_wrapper et_pb_button_8_wrapper et_pb_button_alignment_center et_pb_module \">\n\t\t\t\t<a class=\"et_pb_button et_d4_element et_pb_button_8 et_pb_bg_layout_light et_block_module\" href=\"https:\/\/danse-classique.com\/index.php\/galerie-photos\/photos_galas\/photos_gala_2019\/photos_gala_2019_partie2\/gala_2019_supercali\/\">Supercalfragili<\/a>\n\t\t\t<\/div>\n\t\t\t<\/div><div class=\"et_d4_element et_pb_column_1_4 et_pb_column et_pb_column_10  et_pb_css_mix_blend_mode et_block_column\">\n\t\t\t\t\n\t\t\t\t\n\t\t\t\t\n\t\t\t\t\n\t\t\t\t<div class=\"et_pb_module et_d4_element et_pb_image et_pb_image_9\">\n\t\t\t\t\n\t\t\t\t\n\t\t\t\t\n\t\t\t\t\n\t\t\t\t<span class=\"et_pb_image_wrap \"><img loading=\"lazy\" decoding=\"async\" width=\"300\" height=\"200\" src=\"https:\/\/danse-classique.com\/wp-content\/uploads\/2020\/04\/P5360-300x200.jpg\" alt=\"\" title=\"\" class=\"wp-image-8320\" \/><\/span>\n\t\t\t<\/div><div class=\"et_pb_button_module_wrapper et_pb_button_9_wrapper et_pb_button_alignment_center et_pb_module \">\n\t\t\t\t<a class=\"et_pb_button et_d4_element et_pb_button_9 et_pb_bg_layout_light et_block_module\" href=\"https:\/\/danse-classique.com\/index.php\/galerie-photos\/photos_galas\/photos_gala_2019\/photos_gala_2019_partie2\/gala_2019_greatestshowman\/\">The Greatest Showman<\/a>\n\t\t\t<\/div>\n\t\t\t<\/div><div class=\"et_d4_element et_pb_column_1_4 et_pb_column et_pb_column_11  et_pb_css_mix_blend_mode et_block_column\">\n\t\t\t\t\n\t\t\t\t\n\t\t\t\t\n\t\t\t\t\n\t\t\t\t<div class=\"et_pb_module et_d4_element et_pb_image et_pb_image_10\">\n\t\t\t\t\n\t\t\t\t\n\t\t\t\t\n\t\t\t\t\n\t\t\t\t<span class=\"et_pb_image_wrap \"><img loading=\"lazy\" decoding=\"async\" width=\"300\" height=\"200\" src=\"https:\/\/danse-classique.com\/wp-content\/uploads\/2020\/04\/P5373-300x200.jpg\" alt=\"\" title=\"\" class=\"wp-image-8321\" \/><\/span>\n\t\t\t<\/div><div class=\"et_pb_button_module_wrapper et_pb_button_10_wrapper et_pb_button_alignment_center et_pb_module \">\n\t\t\t\t<a class=\"et_pb_button et_d4_element et_pb_button_10 et_pb_bg_layout_light et_block_module\" href=\"\">Pas de 3 funambules<\/a>\n\t\t\t<\/div>\n\t\t\t<\/div><div class=\"et_d4_element et_pb_column_1_4 et_pb_column et_pb_column_12  et_pb_css_mix_blend_mode et-last-child et_block_column\">\n\t\t\t\t\n\t\t\t\t\n\t\t\t\t\n\t\t\t\t\n\t\t\t\t<div class=\"et_pb_module et_d4_element et_pb_image et_pb_image_11\">\n\t\t\t\t\n\t\t\t\t\n\t\t\t\t\n\t\t\t\t\n\t\t\t\t<span class=\"et_pb_image_wrap \"><img loading=\"lazy\" decoding=\"async\" width=\"300\" height=\"200\" src=\"https:\/\/danse-classique.com\/wp-content\/uploads\/2020\/04\/P5398-300x200.jpg\" alt=\"\" title=\"\" class=\"wp-image-8322\" \/><\/span>\n\t\t\t<\/div><div class=\"et_pb_button_module_wrapper et_pb_button_11_wrapper et_pb_button_alignment_center et_pb_module \">\n\t\t\t\t<a class=\"et_pb_button et_d4_element et_pb_button_11 et_pb_bg_layout_light et_block_module\" href=\"https:\/\/danse-classique.com\/index.php\/galerie-photos\/photos_galas\/photos_gala_2019\/photos_gala_2019_partie2\/gala_2019_apparitionmere\/\">Apparition de la M\u00e8re<\/a>\n\t\t\t<\/div>\n\t\t\t<\/div>\n\t\t\t\t\n\t\t\t\t\n\t\t\t\t\n\t\t\t\t\n\t\t\t<\/div><div class=\"et_d4_element et_pb_row et_pb_row_4 et_pb_row_fullwidth  et_pb_css_mix_blend_mode et_block_row\">\n\t\t\t\t<div class=\"et_d4_element et_pb_column_1_4 et_pb_column et_pb_column_13  et_pb_css_mix_blend_mode et_block_column\">\n\t\t\t\t\n\t\t\t\t\n\t\t\t\t\n\t\t\t\t\n\t\t\t\t<div class=\"et_pb_module et_d4_element et_pb_image et_pb_image_12\">\n\t\t\t\t\n\t\t\t\t\n\t\t\t\t\n\t\t\t\t\n\t\t\t\t<span class=\"et_pb_image_wrap \"><img loading=\"lazy\" decoding=\"async\" width=\"2448\" height=\"1632\" src=\"https:\/\/danse-classique.com\/wp-content\/uploads\/2020\/04\/P5410.jpg\" alt=\"\" title=\"\" srcset=\"https:\/\/danse-classique.com\/wp-content\/uploads\/2020\/04\/P5410.jpg 2448w, https:\/\/danse-classique.com\/wp-content\/uploads\/2020\/04\/P5410-1280x853.jpg 1280w, https:\/\/danse-classique.com\/wp-content\/uploads\/2020\/04\/P5410-980x653.jpg 980w, https:\/\/danse-classique.com\/wp-content\/uploads\/2020\/04\/P5410-480x320.jpg 480w\" sizes=\"(min-width: 0px) and (max-width: 480px) 480px, (min-width: 481px) and (max-width: 980px) 980px, (min-width: 981px) and (max-width: 1280px) 1280px, (min-width: 1281px) 2448px, 100vw\" class=\"wp-image-8323\" \/><\/span>\n\t\t\t<\/div><div class=\"et_pb_button_module_wrapper et_pb_button_12_wrapper et_pb_button_alignment_center et_pb_module \">\n\t\t\t\t<a class=\"et_pb_button et_d4_element et_pb_button_12 et_pb_bg_layout_light et_block_module\" href=\"https:\/\/danse-classique.com\/index.php\/galerie-photos\/photos_galas\/photos_gala_2019\/photos_gala_2019_partie2\/gala_2019_cerfsvolants\/\">Ballet des Cerfs Volants<\/a>\n\t\t\t<\/div>\n\t\t\t<\/div><div class=\"et_d4_element et_pb_column_1_4 et_pb_column et_pb_column_14  et_pb_css_mix_blend_mode et_block_column\">\n\t\t\t\t\n\t\t\t\t\n\t\t\t\t\n\t\t\t\t\n\t\t\t\t<div class=\"et_pb_module et_d4_element et_pb_image et_pb_image_13\">\n\t\t\t\t\n\t\t\t\t\n\t\t\t\t\n\t\t\t\t\n\t\t\t\t<span class=\"et_pb_image_wrap \"><img loading=\"lazy\" decoding=\"async\" width=\"2448\" height=\"1632\" src=\"https:\/\/danse-classique.com\/wp-content\/uploads\/2020\/04\/P5449.jpg\" alt=\"\" title=\"\" srcset=\"https:\/\/danse-classique.com\/wp-content\/uploads\/2020\/04\/P5449.jpg 2448w, https:\/\/danse-classique.com\/wp-content\/uploads\/2020\/04\/P5449-1280x853.jpg 1280w, https:\/\/danse-classique.com\/wp-content\/uploads\/2020\/04\/P5449-980x653.jpg 980w, https:\/\/danse-classique.com\/wp-content\/uploads\/2020\/04\/P5449-480x320.jpg 480w\" sizes=\"(min-width: 0px) and (max-width: 480px) 480px, (min-width: 481px) and (max-width: 980px) 980px, (min-width: 981px) and (max-width: 1280px) 1280px, (min-width: 1281px) 2448px, 100vw\" class=\"wp-image-8324\" \/><\/span>\n\t\t\t<\/div><div class=\"et_pb_button_module_wrapper et_pb_button_13_wrapper et_pb_button_alignment_center et_pb_module \">\n\t\t\t\t<a class=\"et_pb_button et_d4_element et_pb_button_13 et_pb_bg_layout_light et_block_module\" href=\"https:\/\/danse-classique.com\/index.php\/galerie-photos\/photos_galas\/photos_gala_2019\/photos_gala_2019_partie2\/gala_2019_oiseaux\/\">Danse des Oiseaux<\/a>\n\t\t\t<\/div>\n\t\t\t<\/div><div class=\"et_d4_element et_pb_column_1_4 et_pb_column et_pb_column_15  et_pb_css_mix_blend_mode et_block_column\">\n\t\t\t\t\n\t\t\t\t\n\t\t\t\t\n\t\t\t\t\n\t\t\t\t<div class=\"et_pb_module et_d4_element et_pb_image et_pb_image_14\">\n\t\t\t\t\n\t\t\t\t\n\t\t\t\t\n\t\t\t\t\n\t\t\t\t<span class=\"et_pb_image_wrap \"><img loading=\"lazy\" decoding=\"async\" width=\"2448\" height=\"1632\" src=\"https:\/\/danse-classique.com\/wp-content\/uploads\/2020\/04\/P5500.jpg\" alt=\"\" title=\"\" srcset=\"https:\/\/danse-classique.com\/wp-content\/uploads\/2020\/04\/P5500.jpg 2448w, https:\/\/danse-classique.com\/wp-content\/uploads\/2020\/04\/P5500-1280x853.jpg 1280w, https:\/\/danse-classique.com\/wp-content\/uploads\/2020\/04\/P5500-980x653.jpg 980w, https:\/\/danse-classique.com\/wp-content\/uploads\/2020\/04\/P5500-480x320.jpg 480w\" sizes=\"(min-width: 0px) and (max-width: 480px) 480px, (min-width: 481px) and (max-width: 980px) 980px, (min-width: 981px) and (max-width: 1280px) 1280px, (min-width: 1281px) 2448px, 100vw\" class=\"wp-image-8325\" \/><\/span>\n\t\t\t<\/div><div class=\"et_pb_button_module_wrapper et_pb_button_14_wrapper et_pb_button_alignment_center et_pb_module \">\n\t\t\t\t<a class=\"et_pb_button et_d4_element et_pb_button_14 et_pb_bg_layout_light et_block_module\" href=\"https:\/\/danse-classique.com\/index.php\/galerie-photos\/photos_galas\/photos_gala_2019\/photos_gala_2019_partie2\/gala_2019_ramoneuses\/\">Danse des Ramoneuses<\/a>\n\t\t\t<\/div>\n\t\t\t<\/div><div class=\"et_d4_element et_pb_column_1_4 et_pb_column et_pb_column_16  et_pb_css_mix_blend_mode et-last-child et_block_column\">\n\t\t\t\t\n\t\t\t\t\n\t\t\t\t\n\t\t\t\t\n\t\t\t\t<div class=\"et_pb_module et_d4_element et_pb_image et_pb_image_15\">\n\t\t\t\t\n\t\t\t\t\n\t\t\t\t\n\t\t\t\t\n\t\t\t\t<span class=\"et_pb_image_wrap \"><img loading=\"lazy\" decoding=\"async\" width=\"2448\" height=\"1632\" src=\"https:\/\/danse-classique.com\/wp-content\/uploads\/2020\/04\/P5510.jpg\" alt=\"\" title=\"\" srcset=\"https:\/\/danse-classique.com\/wp-content\/uploads\/2020\/04\/P5510.jpg 2448w, https:\/\/danse-classique.com\/wp-content\/uploads\/2020\/04\/P5510-1280x853.jpg 1280w, https:\/\/danse-classique.com\/wp-content\/uploads\/2020\/04\/P5510-980x653.jpg 980w, https:\/\/danse-classique.com\/wp-content\/uploads\/2020\/04\/P5510-480x320.jpg 480w\" sizes=\"(min-width: 0px) and (max-width: 480px) 480px, (min-width: 481px) and (max-width: 980px) 980px, (min-width: 981px) and (max-width: 1280px) 1280px, (min-width: 1281px) 2448px, 100vw\" class=\"wp-image-8326\" \/><\/span>\n\t\t\t<\/div><div class=\"et_pb_button_module_wrapper et_pb_button_15_wrapper et_pb_button_alignment_center et_pb_module \">\n\t\t\t\t<a class=\"et_pb_button et_d4_element et_pb_button_15 et_pb_bg_layout_light et_block_module\" href=\"https:\/\/danse-classique.com\/index.php\/galerie-photos\/photos_galas\/photos_gala_2019\/photos_gala_2019_partie2\/gala_2019_falotiers\/\">Danse des Falotiers<\/a>\n\t\t\t<\/div>\n\t\t\t<\/div>\n\t\t\t\t\n\t\t\t\t\n\t\t\t\t\n\t\t\t\t\n\t\t\t<\/div><div class=\"et_d4_element et_pb_row et_pb_row_5 et_pb_row_fullwidth  et_pb_css_mix_blend_mode et_block_row\">\n\t\t\t\t<div class=\"et_d4_element et_pb_column_1_4 et_pb_column et_pb_column_17  et_pb_css_mix_blend_mode et_block_column et_pb_column_empty\">\n\t\t\t\t\n\t\t\t\t\n\t\t\t\t\n\t\t\t\t\n\t\t\t\t\n\t\t\t<\/div><div class=\"et_d4_element et_pb_column_1_4 et_pb_column et_pb_column_18  et_pb_css_mix_blend_mode et_block_column\">\n\t\t\t\t\n\t\t\t\t\n\t\t\t\t\n\t\t\t\t\n\t\t\t\t<div class=\"et_pb_module et_d4_element et_pb_image et_pb_image_16\">\n\t\t\t\t\n\t\t\t\t\n\t\t\t\t\n\t\t\t\t\n\t\t\t\t<span class=\"et_pb_image_wrap \"><img loading=\"lazy\" decoding=\"async\" width=\"2448\" height=\"1632\" src=\"https:\/\/danse-classique.com\/wp-content\/uploads\/2020\/04\/P5637.jpg\" alt=\"\" title=\"\" srcset=\"https:\/\/danse-classique.com\/wp-content\/uploads\/2020\/04\/P5637.jpg 2448w, https:\/\/danse-classique.com\/wp-content\/uploads\/2020\/04\/P5637-1280x853.jpg 1280w, https:\/\/danse-classique.com\/wp-content\/uploads\/2020\/04\/P5637-980x653.jpg 980w, https:\/\/danse-classique.com\/wp-content\/uploads\/2020\/04\/P5637-480x320.jpg 480w\" sizes=\"(min-width: 0px) and (max-width: 480px) 480px, (min-width: 481px) and (max-width: 980px) 980px, (min-width: 981px) and (max-width: 1280px) 1280px, (min-width: 1281px) 2448px, 100vw\" class=\"wp-image-8327\" \/><\/span>\n\t\t\t<\/div><div class=\"et_pb_button_module_wrapper et_pb_button_16_wrapper et_pb_button_alignment_center et_pb_module \">\n\t\t\t\t<a class=\"et_pb_button et_d4_element et_pb_button_16 et_pb_bg_layout_light et_block_module\" href=\"https:\/\/danse-classique.com\/index.php\/galerie-photos\/photos_galas\/photos_gala_2019\/photos_gala_2019_partie2\/gala_2019_speed-2\/\">Ballet &quot;SPEED&quot;<\/a>\n\t\t\t<\/div>\n\t\t\t<\/div><div class=\"et_d4_element et_pb_column_1_4 et_pb_column et_pb_column_19  et_pb_css_mix_blend_mode et_block_column\">\n\t\t\t\t\n\t\t\t\t\n\t\t\t\t\n\t\t\t\t\n\t\t\t\t<div class=\"et_pb_module et_d4_element et_pb_image et_pb_image_17\">\n\t\t\t\t\n\t\t\t\t\n\t\t\t\t\n\t\t\t\t\n\t\t\t\t<span class=\"et_pb_image_wrap \"><img loading=\"lazy\" decoding=\"async\" width=\"2448\" height=\"1632\" src=\"https:\/\/danse-classique.com\/wp-content\/uploads\/2020\/04\/P5802.jpg\" alt=\"\" title=\"\" srcset=\"https:\/\/danse-classique.com\/wp-content\/uploads\/2020\/04\/P5802.jpg 2448w, https:\/\/danse-classique.com\/wp-content\/uploads\/2020\/04\/P5802-1280x853.jpg 1280w, https:\/\/danse-classique.com\/wp-content\/uploads\/2020\/04\/P5802-980x653.jpg 980w, https:\/\/danse-classique.com\/wp-content\/uploads\/2020\/04\/P5802-480x320.jpg 480w\" sizes=\"(min-width: 0px) and (max-width: 480px) 480px, (min-width: 481px) and (max-width: 980px) 980px, (min-width: 981px) and (max-width: 1280px) 1280px, (min-width: 1281px) 2448px, 100vw\" class=\"wp-image-8328\" \/><\/span>\n\t\t\t<\/div><div class=\"et_pb_button_module_wrapper et_pb_button_17_wrapper et_pb_button_alignment_center et_pb_module \">\n\t\t\t\t<a class=\"et_pb_button et_d4_element et_pb_button_17 et_pb_bg_layout_light et_block_module\" href=\"https:\/\/danse-classique.com\/index.php\/galerie-photos\/photos_galas\/photos_gala_2019\/photos_gala_2019_partie2\/gala_2019_saluts\/\">La dame aux ballons - Final<\/a>\n\t\t\t<\/div>\n\t\t\t<\/div><div class=\"et_d4_element et_pb_column_1_4 et_pb_column et_pb_column_20  et_pb_css_mix_blend_mode et-last-child et_block_column et_pb_column_empty\">\n\t\t\t\t\n\t\t\t\t\n\t\t\t\t\n\t\t\t\t\n\t\t\t\t\n\t\t\t<\/div>\n\t\t\t\t\n\t\t\t\t\n\t\t\t\t\n\t\t\t\t\n\t\t\t<\/div>\n\t\t\t\t\n\t\t\t\t\n\t\t\t<\/div><\/p>\n","protected":false},"excerpt":{"rendered":"","protected":false},"author":1,"featured_media":0,"parent":8259,"menu_order":0,"comment_status":"closed","ping_status":"closed","template":"","meta":{"_et_pb_use_builder":"on","_et_pb_old_content":"","_et_gb_content_width":"","footnotes":""},"class_list":["post-8301","page","type-page","status-publish","hentry"],"yoast_head":"<!-- This site is optimized with the Yoast SEO plugin v28.3 - https:\/\/yoast.com\/product\/yoast-seo-wordpress\/ -->\n<title>Photos_gala_2019_partie2 - ECOLE de DANSE CLASSIQUE de JUVIGNAC<\/title>\n<meta name=\"robots\" content=\"index, follow, max-snippet:-1, max-image-preview:large, max-video-preview:-1\" \/>\n<link rel=\"canonical\" href=\"https:\/\/danse-classique.com\/index.php\/galerie-photos\/photos_galas\/photos_gala_2019\/photos_gala_2019_partie2\/\" \/>\n<meta property=\"og:locale\" content=\"fr_FR\" \/>\n<meta property=\"og:type\" content=\"article\" \/>\n<meta property=\"og:title\" content=\"Photos_gala_2019_partie2 - ECOLE de DANSE CLASSIQUE de JUVIGNAC\" \/>\n<meta property=\"og:url\" content=\"https:\/\/danse-classique.com\/index.php\/galerie-photos\/photos_galas\/photos_gala_2019\/photos_gala_2019_partie2\/\" \/>\n<meta property=\"og:site_name\" content=\"ECOLE de DANSE CLASSIQUE de JUVIGNAC\" \/>\n<meta property=\"article:publisher\" content=\"https:\/\/www.facebook.com\/profile.php?id=100014698264275\" \/>\n<meta property=\"article:modified_time\" content=\"2020-04-16T15:41:47+00:00\" \/>\n<meta name=\"twitter:card\" content=\"summary_large_image\" \/>\n<meta name=\"twitter:label1\" content=\"Dur\u00e9e de lecture estim\u00e9e\" \/>\n\t<meta name=\"twitter:data1\" content=\"26 minutes\" \/>\n<script type=\"application\/ld+json\" class=\"yoast-schema-graph\">{\"@context\":\"https:\\\/\\\/schema.org\",\"@graph\":[{\"@type\":\"WebPage\",\"@id\":\"https:\\\/\\\/danse-classique.com\\\/index.php\\\/galerie-photos\\\/photos_galas\\\/photos_gala_2019\\\/photos_gala_2019_partie2\\\/\",\"url\":\"https:\\\/\\\/danse-classique.com\\\/index.php\\\/galerie-photos\\\/photos_galas\\\/photos_gala_2019\\\/photos_gala_2019_partie2\\\/\",\"name\":\"Photos_gala_2019_partie2 - ECOLE de DANSE CLASSIQUE de JUVIGNAC\",\"isPartOf\":{\"@id\":\"https:\\\/\\\/danse-classique.com\\\/#website\"},\"datePublished\":\"2020-04-14T14:23:54+00:00\",\"dateModified\":\"2020-04-16T15:41:47+00:00\",\"breadcrumb\":{\"@id\":\"https:\\\/\\\/danse-classique.com\\\/index.php\\\/galerie-photos\\\/photos_galas\\\/photos_gala_2019\\\/photos_gala_2019_partie2\\\/#breadcrumb\"},\"inLanguage\":\"fr-FR\",\"potentialAction\":[{\"@type\":\"ReadAction\",\"target\":[\"https:\\\/\\\/danse-classique.com\\\/index.php\\\/galerie-photos\\\/photos_galas\\\/photos_gala_2019\\\/photos_gala_2019_partie2\\\/\"]}]},{\"@type\":\"BreadcrumbList\",\"@id\":\"https:\\\/\\\/danse-classique.com\\\/index.php\\\/galerie-photos\\\/photos_galas\\\/photos_gala_2019\\\/photos_gala_2019_partie2\\\/#breadcrumb\",\"itemListElement\":[{\"@type\":\"ListItem\",\"position\":1,\"name\":\"Accueil\",\"item\":\"https:\\\/\\\/danse-classique.com\\\/\"},{\"@type\":\"ListItem\",\"position\":2,\"name\":\"Galerie Photos\",\"item\":\"https:\\\/\\\/danse-classique.com\\\/index.php\\\/galerie-photos\\\/\"},{\"@type\":\"ListItem\",\"position\":3,\"name\":\"Photos_Galas\",\"item\":\"https:\\\/\\\/danse-classique.com\\\/index.php\\\/galerie-photos\\\/photos_galas\\\/\"},{\"@type\":\"ListItem\",\"position\":4,\"name\":\"Photos Gala 2019\",\"item\":\"https:\\\/\\\/danse-classique.com\\\/index.php\\\/galerie-photos\\\/photos_galas\\\/photos_gala_2019\\\/\"},{\"@type\":\"ListItem\",\"position\":5,\"name\":\"Photos_gala_2019_partie2\"}]},{\"@type\":\"WebSite\",\"@id\":\"https:\\\/\\\/danse-classique.com\\\/#website\",\"url\":\"https:\\\/\\\/danse-classique.com\\\/\",\"name\":\"ECOLE de DANSE CLASSIQUE de JUVIGNAC\",\"description\":\"\",\"publisher\":{\"@id\":\"https:\\\/\\\/danse-classique.com\\\/#organization\"},\"potentialAction\":[{\"@type\":\"SearchAction\",\"target\":{\"@type\":\"EntryPoint\",\"urlTemplate\":\"https:\\\/\\\/danse-classique.com\\\/?s={search_term_string}\"},\"query-input\":{\"@type\":\"PropertyValueSpecification\",\"valueRequired\":true,\"valueName\":\"search_term_string\"}}],\"inLanguage\":\"fr-FR\"},{\"@type\":\"Organization\",\"@id\":\"https:\\\/\\\/danse-classique.com\\\/#organization\",\"name\":\"ECOLE DE DANSE CLASSQIUE DE JUVIGNAC\",\"url\":\"https:\\\/\\\/danse-classique.com\\\/\",\"logo\":{\"@type\":\"ImageObject\",\"inLanguage\":\"fr-FR\",\"@id\":\"https:\\\/\\\/danse-classique.com\\\/#\\\/schema\\\/logo\\\/image\\\/\",\"url\":\"https:\\\/\\\/danse-classique.com\\\/wp-content\\\/uploads\\\/Photos_Galas\\\/Gala_2015\\\/Aladdin\\\/PL1679.jpg\",\"contentUrl\":\"https:\\\/\\\/danse-classique.com\\\/wp-content\\\/uploads\\\/Photos_Galas\\\/Gala_2015\\\/Aladdin\\\/PL1679.jpg\",\"width\":1632,\"height\":2448,\"caption\":\"ECOLE DE DANSE CLASSQIUE DE JUVIGNAC\"},\"image\":{\"@id\":\"https:\\\/\\\/danse-classique.com\\\/#\\\/schema\\\/logo\\\/image\\\/\"},\"sameAs\":[\"https:\\\/\\\/www.facebook.com\\\/profile.php?id=100014698264275\"]}]}<\/script>\n<!-- \/ Yoast SEO plugin. -->","yoast_head_json":{"title":"Photos_gala_2019_partie2 - ECOLE de DANSE CLASSIQUE de JUVIGNAC","robots":{"index":"index","follow":"follow","max-snippet":"max-snippet:-1","max-image-preview":"max-image-preview:large","max-video-preview":"max-video-preview:-1"},"canonical":"https:\/\/danse-classique.com\/index.php\/galerie-photos\/photos_galas\/photos_gala_2019\/photos_gala_2019_partie2\/","og_locale":"fr_FR","og_type":"article","og_title":"Photos_gala_2019_partie2 - ECOLE de DANSE CLASSIQUE de JUVIGNAC","og_url":"https:\/\/danse-classique.com\/index.php\/galerie-photos\/photos_galas\/photos_gala_2019\/photos_gala_2019_partie2\/","og_site_name":"ECOLE de DANSE CLASSIQUE de JUVIGNAC","article_publisher":"https:\/\/www.facebook.com\/profile.php?id=100014698264275","article_modified_time":"2020-04-16T15:41:47+00:00","twitter_card":"summary_large_image","twitter_misc":{"Dur\u00e9e de lecture estim\u00e9e":"26 minutes"},"schema":{"@context":"https:\/\/schema.org","@graph":[{"@type":"WebPage","@id":"https:\/\/danse-classique.com\/index.php\/galerie-photos\/photos_galas\/photos_gala_2019\/photos_gala_2019_partie2\/","url":"https:\/\/danse-classique.com\/index.php\/galerie-photos\/photos_galas\/photos_gala_2019\/photos_gala_2019_partie2\/","name":"Photos_gala_2019_partie2 - ECOLE de DANSE CLASSIQUE de JUVIGNAC","isPartOf":{"@id":"https:\/\/danse-classique.com\/#website"},"datePublished":"2020-04-14T14:23:54+00:00","dateModified":"2020-04-16T15:41:47+00:00","breadcrumb":{"@id":"https:\/\/danse-classique.com\/index.php\/galerie-photos\/photos_galas\/photos_gala_2019\/photos_gala_2019_partie2\/#breadcrumb"},"inLanguage":"fr-FR","potentialAction":[{"@type":"ReadAction","target":["https:\/\/danse-classique.com\/index.php\/galerie-photos\/photos_galas\/photos_gala_2019\/photos_gala_2019_partie2\/"]}]},{"@type":"BreadcrumbList","@id":"https:\/\/danse-classique.com\/index.php\/galerie-photos\/photos_galas\/photos_gala_2019\/photos_gala_2019_partie2\/#breadcrumb","itemListElement":[{"@type":"ListItem","position":1,"name":"Accueil","item":"https:\/\/danse-classique.com\/"},{"@type":"ListItem","position":2,"name":"Galerie Photos","item":"https:\/\/danse-classique.com\/index.php\/galerie-photos\/"},{"@type":"ListItem","position":3,"name":"Photos_Galas","item":"https:\/\/danse-classique.com\/index.php\/galerie-photos\/photos_galas\/"},{"@type":"ListItem","position":4,"name":"Photos Gala 2019","item":"https:\/\/danse-classique.com\/index.php\/galerie-photos\/photos_galas\/photos_gala_2019\/"},{"@type":"ListItem","position":5,"name":"Photos_gala_2019_partie2"}]},{"@type":"WebSite","@id":"https:\/\/danse-classique.com\/#website","url":"https:\/\/danse-classique.com\/","name":"ECOLE de DANSE CLASSIQUE de JUVIGNAC","description":"","publisher":{"@id":"https:\/\/danse-classique.com\/#organization"},"potentialAction":[{"@type":"SearchAction","target":{"@type":"EntryPoint","urlTemplate":"https:\/\/danse-classique.com\/?s={search_term_string}"},"query-input":{"@type":"PropertyValueSpecification","valueRequired":true,"valueName":"search_term_string"}}],"inLanguage":"fr-FR"},{"@type":"Organization","@id":"https:\/\/danse-classique.com\/#organization","name":"ECOLE DE DANSE CLASSQIUE DE JUVIGNAC","url":"https:\/\/danse-classique.com\/","logo":{"@type":"ImageObject","inLanguage":"fr-FR","@id":"https:\/\/danse-classique.com\/#\/schema\/logo\/image\/","url":"https:\/\/danse-classique.com\/wp-content\/uploads\/Photos_Galas\/Gala_2015\/Aladdin\/PL1679.jpg","contentUrl":"https:\/\/danse-classique.com\/wp-content\/uploads\/Photos_Galas\/Gala_2015\/Aladdin\/PL1679.jpg","width":1632,"height":2448,"caption":"ECOLE DE DANSE CLASSQIUE DE JUVIGNAC"},"image":{"@id":"https:\/\/danse-classique.com\/#\/schema\/logo\/image\/"},"sameAs":["https:\/\/www.facebook.com\/profile.php?id=100014698264275"]}]}},"_links":{"self":[{"href":"https:\/\/danse-classique.com\/index.php\/wp-json\/wp\/v2\/pages\/8301","targetHints":{"allow":["GET"]}}],"collection":[{"href":"https:\/\/danse-classique.com\/index.php\/wp-json\/wp\/v2\/pages"}],"about":[{"href":"https:\/\/danse-classique.com\/index.php\/wp-json\/wp\/v2\/types\/page"}],"author":[{"embeddable":true,"href":"https:\/\/danse-classique.com\/index.php\/wp-json\/wp\/v2\/users\/1"}],"replies":[{"embeddable":true,"href":"https:\/\/danse-classique.com\/index.php\/wp-json\/wp\/v2\/comments?post=8301"}],"version-history":[{"count":14,"href":"https:\/\/danse-classique.com\/index.php\/wp-json\/wp\/v2\/pages\/8301\/revisions"}],"predecessor-version":[{"id":9321,"href":"https:\/\/danse-classique.com\/index.php\/wp-json\/wp\/v2\/pages\/8301\/revisions\/9321"}],"up":[{"embeddable":true,"href":"https:\/\/danse-classique.com\/index.php\/wp-json\/wp\/v2\/pages\/8259"}],"wp:attachment":[{"href":"https:\/\/danse-classique.com\/index.php\/wp-json\/wp\/v2\/media?parent=8301"}],"curies":[{"name":"wp","href":"https:\/\/api.w.org\/{rel}","templated":true}]}}